{"id":49417,"date":"2022-03-16T10:32:44","date_gmt":"2022-03-16T09:32:44","guid":{"rendered":"https:\/\/www.blackfridaydeals.ch\/?page_id=49417"},"modified":"2023-09-25T11:12:36","modified_gmt":"2023-09-25T09:12:36","slug":"black-friday-trattamenti-viso","status":"publish","type":"page","link":"https:\/\/www.blackfridaydeals.ch\/it\/black-friday-trattamenti-viso\/","title":{"rendered":"Le migliori offerte del Black Friday per i trattamenti viso"},"content":{"rendered":"<p>[vc_row][vc_column]\n[vc_column_text]<span><img decoding=\"async\" class=\"alignright size-medium wp-image-38819\" src=\"https:\/\/www.blackfridaydeals.ch\/wp-content\/uploads\/2021\/11\/toner-g736848a7b_1920-300x208.jpg\" alt=\"\" width=\"300\" height=\"208\" srcset=\"https:\/\/www.blackfridaydeals.ch\/wp-content\/uploads\/2021\/11\/toner-g736848a7b_1920-300x208.jpg 300w, https:\/\/www.blackfridaydeals.ch\/wp-content\/uploads\/2021\/11\/toner-g736848a7b_1920-1024x711.jpg 1024w, https:\/\/www.blackfridaydeals.ch\/wp-content\/uploads\/2021\/11\/toner-g736848a7b_1920-768x533.jpg 768w, https:\/\/www.blackfridaydeals.ch\/wp-content\/uploads\/2021\/11\/toner-g736848a7b_1920-1536x1066.jpg 1536w, https:\/\/www.blackfridaydeals.ch\/wp-content\/uploads\/2021\/11\/toner-g736848a7b_1920-2048x1422.jpg 2048w, https:\/\/www.blackfridaydeals.ch\/wp-content\/uploads\/2021\/11\/toner-g736848a7b_1920-788x547.jpg 788w, https:\/\/www.blackfridaydeals.ch\/wp-content\/uploads\/2021\/11\/toner-g736848a7b_1920-150x104.jpg 150w, https:\/\/www.blackfridaydeals.ch\/wp-content\/uploads\/2021\/11\/toner-g736848a7b_1920.jpg 1920w\" sizes=\"(max-width: 300px) 100vw, 300px\" \/><\/span><\/p>\n<p style=\"text-align: center;\"><a href=\"https:\/\/www.blackfridaydeals.ch\/it\/bellezza-salute\/\" target=\"_blank\" style=\"border-radius:5px\" class=\"wpsm-button btncolor medium rehub_btn_color\"><i class=\"rhicon rhi-none\"><\/i>Mostra tutte le offerte di bellezza e salute<\/a><\/p>\n<p><span>Il nostro viso merita le giuste attenzioni, soprattutto perch\u00e9 \u00e8 la prima linea di difesa contro le varie aggressioni esterne che possono indebolirlo. Ma scrub, maschere, creme e altri prodotti sono piuttosto cari. Quindi, come si pu\u00f2 risolvere dilemma? Beh, se puoi aspettare un po&#8217; per fare scorta o provare nuovi prodotti, il <a href=\"https:\/\/www.blackfridaydeals.ch\/it\/\">Black Friday<\/a> \u00e8 l&#8217;occasione perfetta per acquistare trattamenti per il viso di qualit\u00e0. Infatti, molti rivenditori del settore programmano sconti interessanti per questa occasione. Questo significa che puoi acquistare i migliori prodotti per la cura della pelle a prezzi interessanti dai grandi intermediari o direttamente dai produttori.<\/span><\/p>\n<h2>Uno sguardo alle grandi farmacie al Black Friday 2026<\/h2>\n<p><span>Generalmente, se vuoi cercare diversi prodotti per la cura del viso o provare nuove marche, puoi rivolgerti a una grande farmacia come Marionnaud. Troverai un&#8217;ampia scelta per tutte le tasche e per tutti i tipi di pelle.<\/span><\/p>\n<p><span>Inoltre, quasi tutte le farmacie festeggeranno sicuramente il <a href=\"https:\/\/www.blackfridaydeals.ch\/it\/black-friday-2026\/\">Black Friday 2026<\/a> allo stesso modo. Di solito propongono uno sconto forfettario su tutto. Questo di solito si aggira intorno al 30%. Ma a volte puoi risparmiare anche di pi\u00f9. Questo \u00e8 soprattutto il caso quando le farmacie decidono di scontare una parte della selezione. Per esempio, possono offrire uno sconto valido solo per i prodotti per la cura della pelle, o uno sconto esclusivo sugli articoli di una <\/span>determinata<span> marca.<\/span><\/p>\n<h2>Acquista i trattamenti per il viso direttamente dal produttore<\/h2>\n<p><span>Chi ha gi\u00e0 avvistato i propri prodotti preferiti pu\u00f2 acquistarli direttamente dal produttore per supportare ancora di pi\u00f9 il marchio. Anche in questo caso, puoi aspettarti degli sconti al Black Friday 2026. E puoi prevedere una partecipazione importante di tutti i tipi di produttori: da La Mer a Elemis ai marchi economici, puoi trovare offerte praticamente ovunque alla fine di novembre.<\/span><\/p>\n<p><span>Negli ultimi anni i produttori hanno sempre sorpreso con le loro promozioni. Le campagne promozionali erano diverse e numerose. Ci sono stati saldi, sconti di categoria, sconti forfettari su tutto. Si potrebbe immaginare, per esempio, che alcune creme e maschere potrebbero essere scontate fino all&#8217;80%. Tuttavia \u00e8 altrettanto probabile, secondo noi, che ci sar\u00e0 uno sconto fisso del 40% che si applicher\u00e0 a tutti i prodotti di una determinata categoria. Ma se i negozi vogliono accontentare tutti, allora offriranno uno sconto fisso di circa il 30% su tutto, e quindi potresti anche risparmiare un po&#8217; di pi\u00f9. Il Black Friday porta con s\u00e9 sempre delle belle sorprese.<\/span><\/p>\n<h2>Acquista prodotti per il viso in farmacia o al supermercato<\/h2>\n<p><span>Molte farmacie hanno sviluppato una selezione di prodotti per la cura del viso negli ultimi anni e anche i supermercati possono spesso vantare uno scaffale ben fornito di creme e schiume detergenti. \u00c8 quindi chiaro che questi rivenditori annoverano una farmacia nella loro offerta.<\/span><\/p>\n<p><span>Qui solitamente non ci sono sconti generali su tutto. Piuttosto, troverai dei saldi o uno sconto per categoria. Per esempio, i supermercati possono offrire tutto ci\u00f2 che riguarda la cura della pelle con uno sconto del 20%. Tuttavia, \u00e8 anche possibile che la promozione si applichi ad un particolare marchio. Per esempio, puoi acquistare tre prodotti di una certa marca al prezzo di due.<\/span><\/p>\n<p>A proposito, mentre molte farmacie e produttori di prodotti per la cura del viso celebrano anche il <a href=\"https:\/\/www.blackfridaydeals.ch\/it\/cyber-monday\/\">Cyber Monday<\/a> e il <a href=\"https:\/\/www.blackfridaydeals.ch\/it\/singles-day\/\">Singles Day<\/a>, il fenomeno \u00e8 appena iniziato in alcune farmacie e supermercati. In futuro, tuttavia, sar\u00e0 probabile che ci siano buone offerte per entrambi questi eventi di shopping.<\/p>\n<p>&nbsp;<\/p>\n<h3>Altri articoli interessanti<\/h3>\n<ul>\n<li><a href=\"https:\/\/www.blackfridaydeals.ch\/it\/black-friday-foto-video\/\">Le migliori occasioni del Black Friday per le foto e i video<\/a><\/li>\n<li><a href=\"https:\/\/www.blackfridaydeals.ch\/it\/fotocamere-black-friday\/\">Le migliori occasioni per le fotocamere durante il Black Friday<\/a><\/li>\n<li><a href=\"https:\/\/www.blackfridaydeals.ch\/it\/articoli-ufficio-black-friday\/\">Le migliori offerte per gli articoli da ufficio del Black Friday<\/a><\/li>\n<li><a href=\"https:\/\/www.blackfridaydeals.ch\/it\/smartwatch-black-friday\/\">Le migliori offerte sugli smartwatch del Black Friday<\/a><\/li>\n<li><a href=\"https:\/\/www.blackfridaydeals.ch\/it\/black-friday-giocattoli\/\">Le migliori offerte del Black Friday sui giocattoli<\/a><\/li>\n<li><a href=\"https:\/\/www.blackfridaydeals.ch\/it\/black-friday-orologi\/\">Le migliori offerte del Black Friday sugli orologi<\/a><\/li>\n<li><a href=\"\/?page_id=49443\">Le migliori offerte nel mondo della bellezza del Black Friday<\/a><\/li>\n<li><a href=\"https:\/\/www.blackfridaydeals.ch\/it\/black-friday-sistemi-audio\/\">Le migliori offerte del Black Friday dei sistemi audio<\/a><\/li>\n<li><a href=\"https:\/\/www.blackfridaydeals.ch\/it\/black-friday-computer-portatili\/\">Le migliori offerte del Black Friday per i computer portatili<\/a><\/li>\n<li><a href=\"https:\/\/www.blackfridaydeals.ch\/it\/cucina-black-friday\/\">Una nuova cucina ad un prezzo vantaggioso per il Black Friday<\/a><\/li>\n<li><a href=\"https:\/\/www.blackfridaydeals.ch\/it\/profumi-black-friday\/\">Come trovare profumi delicati ad un prezzo scontato durante il Black Friday<\/a><\/li>\n<li><a href=\"https:\/\/www.blackfridaydeals.ch\/it\/scarpe-black-friday\/\">Scarpe di alta qualit\u00e0 a prezzi abbordabili \u2013 Black Friday<\/a><\/li>\n<li><a href=\"https:\/\/www.blackfridaydeals.ch\/it\/black-friday-home-cinema\/\">Le migliori offerte del Black Friday sull\u2019home cinema<\/a><\/li>\n<li><a href=\"https:\/\/www.blackfridaydeals.ch\/it\/black-friday-alimentari\/\">Le migliori occasioni del Black Friday per i prodotti alimentari<\/a><\/li>\n<li><a href=\"https:\/\/www.blackfridaydeals.ch\/it\/black-friday-mobili\/\">Le migliori offerte del Black Friday per i mobili<\/a><\/li>\n<li><a href=\"https:\/\/www.blackfridaydeals.ch\/it\/offerte-black-friday-fitness\/\">Le migliori offerte del Black Friday per il fitness<\/a><\/li>\n<li><a href=\"https:\/\/www.blackfridaydeals.ch\/it\/casa-black-friday\/\">Tutto ci\u00f2 che ti serve per la casa per il Black Friday<\/a><\/li>\n<li><a href=\"https:\/\/www.blackfridaydeals.ch\/it\/viaggi-voli-hotel-black-friday\/\">Viaggi, voli e hotel del Black Friday<\/a><\/li>\n<\/ul>\n<p>[\/vc_column_text][\/vc_column][\/vc_row]<\/p>\n","protected":false},"excerpt":{"rendered":"<p>[vc_row][vc_column][vc_column_text] Il nostro viso merita le giuste attenzioni, soprattutto perch\u00e9 \u00e8 la prima linea di difesa contro le varie aggressioni esterne che possono indebolirlo. Ma scrub, maschere, creme e altri prodotti sono piuttosto cari. Quindi, come si pu\u00f2 risolvere dilemma? Beh, se puoi aspettare un po&#8217; per fare scorta o provare nuovi prodotti, il Black [&hellip;]<\/p>\n","protected":false},"author":40,"featured_media":38819,"parent":0,"menu_order":0,"comment_status":"closed","ping_status":"closed","template":"","meta":[],"yoast_head":"<!-- This site is optimized with the Yoast SEO plugin v20.5 - https:\/\/yoast.com\/wordpress\/plugins\/seo\/ -->\n<title>Le migliori offerte del Black Friday per i trattamenti viso<\/title>\n<meta name=\"description\" content=\"Cura del viso: offerte del Black Friday 2026 Qui troverai tutte le offerte del Black Friday nel mondo della cura del viso.\" \/>\n<meta name=\"robots\" content=\"index, follow, max-snippet:-1, max-image-preview:large, max-video-preview:-1\" \/>\n<link rel=\"canonical\" href=\"https:\/\/www.blackfridaydeals.ch\/it\/black-friday-trattamenti-viso\/\" \/>\n<meta property=\"og:locale\" content=\"it_IT\" \/>\n<meta property=\"og:type\" content=\"article\" \/>\n<meta property=\"og:title\" content=\"Le migliori offerte del Black Friday per i trattamenti viso\" \/>\n<meta property=\"og:description\" content=\"Cura del viso: offerte del Black Friday 2026 Qui troverai tutte le offerte del Black Friday nel mondo della cura del viso.\" \/>\n<meta property=\"og:url\" content=\"https:\/\/www.blackfridaydeals.ch\/it\/black-friday-trattamenti-viso\/\" \/>\n<meta property=\"og:site_name\" content=\"blackfridaydeals.ch\" \/>\n<meta property=\"article:publisher\" content=\"https:\/\/www.facebook.com\/blackfridaydealsch\/\" \/>\n<meta property=\"article:modified_time\" content=\"2023-09-25T09:12:36+00:00\" \/>\n<meta property=\"og:image\" content=\"https:\/\/www.blackfridaydeals.ch\/wp-content\/uploads\/2021\/11\/toner-g736848a7b_1920.jpg\" \/>\n\t<meta property=\"og:image:width\" content=\"1920\" \/>\n\t<meta property=\"og:image:height\" content=\"1333\" \/>\n\t<meta property=\"og:image:type\" content=\"image\/jpeg\" \/>\n<meta name=\"twitter:card\" content=\"summary_large_image\" \/>\n<meta name=\"twitter:site\" content=\"@blackfridaych\" \/>\n<meta name=\"twitter:label1\" content=\"Est. reading time\" \/>\n\t<meta name=\"twitter:data1\" content=\"5 minutes\" \/>\n<script type=\"application\/ld+json\" class=\"yoast-schema-graph\">{\"@context\":\"https:\/\/schema.org\",\"@graph\":[{\"@type\":\"WebPage\",\"@id\":\"https:\/\/www.blackfridaydeals.ch\/it\/black-friday-trattamenti-viso\/\",\"url\":\"https:\/\/www.blackfridaydeals.ch\/it\/black-friday-trattamenti-viso\/\",\"name\":\"Le migliori offerte del Black Friday per i trattamenti viso\",\"isPartOf\":{\"@id\":\"https:\/\/www.blackfridaydeals.ch\/it\/#website\"},\"datePublished\":\"2022-03-16T09:32:44+00:00\",\"dateModified\":\"2023-09-25T09:12:36+00:00\",\"description\":\"Cura del viso: offerte del Black Friday 2026 Qui troverai tutte le offerte del Black Friday nel mondo della cura del viso.\",\"breadcrumb\":{\"@id\":\"https:\/\/www.blackfridaydeals.ch\/it\/black-friday-trattamenti-viso\/#breadcrumb\"},\"inLanguage\":\"it-CH\",\"potentialAction\":[{\"@type\":\"ReadAction\",\"target\":[\"https:\/\/www.blackfridaydeals.ch\/it\/black-friday-trattamenti-viso\/\"]}]},{\"@type\":\"BreadcrumbList\",\"@id\":\"https:\/\/www.blackfridaydeals.ch\/it\/black-friday-trattamenti-viso\/#breadcrumb\",\"itemListElement\":[{\"@type\":\"ListItem\",\"position\":1,\"name\":\"Startseite\",\"item\":\"https:\/\/www.blackfridaydeals.ch\/it\/\"},{\"@type\":\"ListItem\",\"position\":2,\"name\":\"Le migliori offerte del Black Friday per i trattamenti viso\"}]},{\"@type\":\"WebSite\",\"@id\":\"https:\/\/www.blackfridaydeals.ch\/it\/#website\",\"url\":\"https:\/\/www.blackfridaydeals.ch\/it\/\",\"name\":\"blackfridaydeals.ch\",\"description\":\"Tutte le offerte del Black Friday 2025 in Svizzera\",\"publisher\":{\"@id\":\"https:\/\/www.blackfridaydeals.ch\/it\/#organization\"},\"alternateName\":\"Black Friday Deals\",\"potentialAction\":[{\"@type\":\"SearchAction\",\"target\":{\"@type\":\"EntryPoint\",\"urlTemplate\":\"https:\/\/www.blackfridaydeals.ch\/it\/?s={search_term_string}\"},\"query-input\":\"required name=search_term_string\"}],\"inLanguage\":\"it-CH\"},{\"@type\":\"Organization\",\"@id\":\"https:\/\/www.blackfridaydeals.ch\/it\/#organization\",\"name\":\"blackfridaydeals.ch\",\"alternateName\":\"Black Friday Deals\",\"url\":\"https:\/\/www.blackfridaydeals.ch\/it\/\",\"logo\":{\"@type\":\"ImageObject\",\"inLanguage\":\"it-CH\",\"@id\":\"https:\/\/www.blackfridaydeals.ch\/it\/#\/schema\/logo\/image\/\",\"url\":\"https:\/\/www.blackfridaydeals.ch\/wp-content\/uploads\/2023\/03\/app-icon-white-bg-jpg.jpg\",\"contentUrl\":\"https:\/\/www.blackfridaydeals.ch\/wp-content\/uploads\/2023\/03\/app-icon-white-bg-jpg.jpg\",\"width\":512,\"height\":512,\"caption\":\"blackfridaydeals.ch\"},\"image\":{\"@id\":\"https:\/\/www.blackfridaydeals.ch\/it\/#\/schema\/logo\/image\/\"},\"sameAs\":[\"https:\/\/www.facebook.com\/blackfridaydealsch\/\",\"https:\/\/twitter.com\/blackfridaych\",\"https:\/\/www.youtube.com\/channel\/UCNKXHacMw8AS34mBgzVx3FQ\",\"https:\/\/www.instagram.com\/blackfridaydeals.ch\/\"]}]}<\/script>\n<!-- \/ Yoast SEO plugin. -->","yoast_head_json":{"title":"Le migliori offerte del Black Friday per i trattamenti viso","description":"Cura del viso: offerte del Black Friday 2026 Qui troverai tutte le offerte del Black Friday nel mondo della cura del viso.","robots":{"index":"index","follow":"follow","max-snippet":"max-snippet:-1","max-image-preview":"max-image-preview:large","max-video-preview":"max-video-preview:-1"},"canonical":"https:\/\/www.blackfridaydeals.ch\/it\/black-friday-trattamenti-viso\/","og_locale":"it_IT","og_type":"article","og_title":"Le migliori offerte del Black Friday per i trattamenti viso","og_description":"Cura del viso: offerte del Black Friday 2026 Qui troverai tutte le offerte del Black Friday nel mondo della cura del viso.","og_url":"https:\/\/www.blackfridaydeals.ch\/it\/black-friday-trattamenti-viso\/","og_site_name":"blackfridaydeals.ch","article_publisher":"https:\/\/www.facebook.com\/blackfridaydealsch\/","article_modified_time":"2023-09-25T09:12:36+00:00","og_image":[{"width":1920,"height":1333,"url":"https:\/\/www.blackfridaydeals.ch\/wp-content\/uploads\/2021\/11\/toner-g736848a7b_1920.jpg","type":"image\/jpeg"}],"twitter_card":"summary_large_image","twitter_site":"@blackfridaych","twitter_misc":{"Est. reading time":"5 minutes"},"schema":{"@context":"https:\/\/schema.org","@graph":[{"@type":"WebPage","@id":"https:\/\/www.blackfridaydeals.ch\/it\/black-friday-trattamenti-viso\/","url":"https:\/\/www.blackfridaydeals.ch\/it\/black-friday-trattamenti-viso\/","name":"Le migliori offerte del Black Friday per i trattamenti viso","isPartOf":{"@id":"https:\/\/www.blackfridaydeals.ch\/it\/#website"},"datePublished":"2022-03-16T09:32:44+00:00","dateModified":"2023-09-25T09:12:36+00:00","description":"Cura del viso: offerte del Black Friday 2026 Qui troverai tutte le offerte del Black Friday nel mondo della cura del viso.","breadcrumb":{"@id":"https:\/\/www.blackfridaydeals.ch\/it\/black-friday-trattamenti-viso\/#breadcrumb"},"inLanguage":"it-CH","potentialAction":[{"@type":"ReadAction","target":["https:\/\/www.blackfridaydeals.ch\/it\/black-friday-trattamenti-viso\/"]}]},{"@type":"BreadcrumbList","@id":"https:\/\/www.blackfridaydeals.ch\/it\/black-friday-trattamenti-viso\/#breadcrumb","itemListElement":[{"@type":"ListItem","position":1,"name":"Startseite","item":"https:\/\/www.blackfridaydeals.ch\/it\/"},{"@type":"ListItem","position":2,"name":"Le migliori offerte del Black Friday per i trattamenti viso"}]},{"@type":"WebSite","@id":"https:\/\/www.blackfridaydeals.ch\/it\/#website","url":"https:\/\/www.blackfridaydeals.ch\/it\/","name":"blackfridaydeals.ch","description":"Tutte le offerte del Black Friday 2025 in Svizzera","publisher":{"@id":"https:\/\/www.blackfridaydeals.ch\/it\/#organization"},"alternateName":"Black Friday Deals","potentialAction":[{"@type":"SearchAction","target":{"@type":"EntryPoint","urlTemplate":"https:\/\/www.blackfridaydeals.ch\/it\/?s={search_term_string}"},"query-input":"required name=search_term_string"}],"inLanguage":"it-CH"},{"@type":"Organization","@id":"https:\/\/www.blackfridaydeals.ch\/it\/#organization","name":"blackfridaydeals.ch","alternateName":"Black Friday Deals","url":"https:\/\/www.blackfridaydeals.ch\/it\/","logo":{"@type":"ImageObject","inLanguage":"it-CH","@id":"https:\/\/www.blackfridaydeals.ch\/it\/#\/schema\/logo\/image\/","url":"https:\/\/www.blackfridaydeals.ch\/wp-content\/uploads\/2023\/03\/app-icon-white-bg-jpg.jpg","contentUrl":"https:\/\/www.blackfridaydeals.ch\/wp-content\/uploads\/2023\/03\/app-icon-white-bg-jpg.jpg","width":512,"height":512,"caption":"blackfridaydeals.ch"},"image":{"@id":"https:\/\/www.blackfridaydeals.ch\/it\/#\/schema\/logo\/image\/"},"sameAs":["https:\/\/www.facebook.com\/blackfridaydealsch\/","https:\/\/twitter.com\/blackfridaych","https:\/\/www.youtube.com\/channel\/UCNKXHacMw8AS34mBgzVx3FQ","https:\/\/www.instagram.com\/blackfridaydeals.ch\/"]}]}},"_links":{"self":[{"href":"https:\/\/www.blackfridaydeals.ch\/it\/wp-json\/wp\/v2\/pages\/49417"}],"collection":[{"href":"https:\/\/www.blackfridaydeals.ch\/it\/wp-json\/wp\/v2\/pages"}],"about":[{"href":"https:\/\/www.blackfridaydeals.ch\/it\/wp-json\/wp\/v2\/types\/page"}],"author":[{"embeddable":true,"href":"https:\/\/www.blackfridaydeals.ch\/it\/wp-json\/wp\/v2\/users\/40"}],"replies":[{"embeddable":true,"href":"https:\/\/www.blackfridaydeals.ch\/it\/wp-json\/wp\/v2\/comments?post=49417"}],"version-history":[{"count":7,"href":"https:\/\/www.blackfridaydeals.ch\/it\/wp-json\/wp\/v2\/pages\/49417\/revisions"}],"predecessor-version":[{"id":64805,"href":"https:\/\/www.blackfridaydeals.ch\/it\/wp-json\/wp\/v2\/pages\/49417\/revisions\/64805"}],"wp:featuredmedia":[{"embeddable":true,"href":"https:\/\/www.blackfridaydeals.ch\/it\/wp-json\/wp\/v2\/media\/38819"}],"wp:attachment":[{"href":"https:\/\/www.blackfridaydeals.ch\/it\/wp-json\/wp\/v2\/media?parent=49417"}],"curies":[{"name":"wp","href":"https:\/\/api.w.org\/{rel}","templated":true}]}}