{"id":51020,"date":"2022-09-30T09:19:06","date_gmt":"2022-09-30T07:19:06","guid":{"rendered":"https:\/\/www.blackfridaydeals.ch\/?page_id=51020"},"modified":"2026-02-26T15:58:37","modified_gmt":"2026-02-26T14:58:37","slug":"chiffres-black-friday-suisse","status":"publish","type":"page","link":"https:\/\/www.blackfridaydeals.ch\/fr\/chiffres-black-friday-suisse\/","title":{"rendered":"Chiffres, donn\u00e9es, statistiques, sondages et faits concernant le Black Friday en Suisse"},"content":{"rendered":"<p>[vc_row][vc_column][vc_column_text]<\/p>\n<h1>Chiffres, analyses, statistiques, sondages et faits sur le Black Friday en Suisse<\/h1>\n<p>Les principaux chiffres et faits concernant le Black Friday 2026 en Suisse dans une grande vue d&#8217;ensemble. Nous avons rassembl\u00e9 les informations, chiffres, statistiques et r\u00e9sultats de sondages les plus importants sur le Black Friday, le Singles Day et le Cyber Monday.<\/p>\n<div class=\"mb30 wpsm_box info_type nonefloat_box\" style=\"text-align:left; width:100%\"><i><\/i><div>\n\t\t\t\n<p><strong>Table des mati\u00e8res<\/strong><\/p>\n<ol>\n<li><span><a href=\"#Zahlen\">Chiffres sur le Black Friday<\/a><\/span><\/li>\n<li><span><a href=\"#Umfragen\">R\u00e9sultats de sondages sur le Black Friday<\/a><\/span><\/li>\n<li><span><a href=\"#Fakten\">Faits sur le Black Friday<\/a><\/span><\/li>\n<li><span><a href=\"#Shoppingtage\">Infos sur d&#8217;autres journ\u00e9es de shopping<\/a><\/span><\/li>\n<li><span><a href=\"#presse\">Communiqu\u00e9s de presse de l&#8217;ann\u00e9e en cours<\/a><\/span><\/li>\n<\/ol>\n<p>\n\t\t\t<\/div><\/div>[\/vc_column_text][vc_column_text]<\/p>\n<div id=\"presse\"><\/div>\n<p>[\/vc_column_text][vc_row_inner bwd_show_when_type=&#8221;after&#8221; bwd_show_when_date=&#8221;11\/07\/2026 00:00&#8243; bwd_tbc4vd_show_weekday=&#8221;&#8221;][vc_column_inner][vc_empty_space][vc_column_text]<\/p>\n<h2>Communiqu\u00e9s de presse blackfridaydeals.ch 2026<\/h2>\n<p>[\/vc_column_text]\t\n\n[vc_column_text]<\/p>\n<p>[\/vc_column_text][\/vc_column_inner][\/vc_row_inner][vc_empty_space height=&#8221;66px&#8221;][\/vc_column][\/vc_row][vc_row][vc_column][vc_empty_space height=&#8221;1px&#8221;][vc_column_text]<\/p>\n<div class=\"wpsm-numhead wpsm-style4\">\n<p><span>1<\/span><\/p>\n<\/div>\n<h2 id=\"Zahlen\" style=\"padding-top: 0px; margin-top: -100px; padding-left: 50px;\">450 millions de CHF de chiffre d&#8217;affaires lors du Black Friday 2025 en Suisse<\/h2>\n<p>Jusqu&#8217;en 2020, le chiffre d&#8217;affaires du commerce de d\u00e9tail lors du Black Friday en Suisse a fortement augment\u00e9 chaque ann\u00e9e. En 2021, la tendance s&#8217;est invers\u00e9e. Le chiffre d&#8217;affaires a stagn\u00e9 \u00e0 500 millions de CHF en raison de probl\u00e8mes d&#8217;approvisionnement et des s\u00e9quelles de la pand\u00e9mie de Corona. En 2022, on a m\u00eame enregistr\u00e9 la premi\u00e8re baisse du chiffre d&#8217;affaires \u00e0 480 millions de CHF. Cela \u00e9tait principalement d\u00fb au moral morose des consommateurs et \u00e0 l&#8217;augmentation du co\u00fbt de la vie. La Coupe du monde de football qui se d\u00e9roulait en m\u00eame temps, ainsi que la tendance des commer\u00e7ants \u00e0 proposer davantage d&#8217;offres attractives les jours environnants, ont \u00e9galement contribu\u00e9 \u00e0 ce recul. Les ann\u00e9es suivantes, le chiffre d&#8217;affaires du Black Friday est tomb\u00e9 \u00e0 450 millions de CHF. Cela s&#8217;explique principalement par le fait que le chiffre d&#8217;affaires se r\u00e9partit davantage sur toute la semaine et que les 24 heures du Black Friday sont moins cruciales.<\/p>\n<p><img decoding=\"async\" class=\"aligncenter wp-image-109045 size-large\" src=\"https:\/\/www.blackfridaydeals.ch\/wp-content\/uploads\/2025\/11\/Chiffre-daffaires-Black-Friday-realise-1024x679.jpg\" alt=\"\" width=\"840\" height=\"557\" srcset=\"https:\/\/www.blackfridaydeals.ch\/wp-content\/uploads\/2025\/11\/Chiffre-daffaires-Black-Friday-realise-1024x679.jpg 1024w, https:\/\/www.blackfridaydeals.ch\/wp-content\/uploads\/2025\/11\/Chiffre-daffaires-Black-Friday-realise-300x199.jpg 300w, https:\/\/www.blackfridaydeals.ch\/wp-content\/uploads\/2025\/11\/Chiffre-daffaires-Black-Friday-realise-767x509.jpg 767w, https:\/\/www.blackfridaydeals.ch\/wp-content\/uploads\/2025\/11\/Chiffre-daffaires-Black-Friday-realise-1536x1019.jpg 1536w, https:\/\/www.blackfridaydeals.ch\/wp-content\/uploads\/2025\/11\/Chiffre-daffaires-Black-Friday-realise-2048x1359.jpg 2048w, https:\/\/www.blackfridaydeals.ch\/wp-content\/uploads\/2025\/11\/Chiffre-daffaires-Black-Friday-realise-226x150.jpg 226w, https:\/\/www.blackfridaydeals.ch\/wp-content\/uploads\/2025\/11\/Chiffre-daffaires-Black-Friday-realise-100x66.jpg 100w, https:\/\/www.blackfridaydeals.ch\/wp-content\/uploads\/2025\/11\/Chiffre-daffaires-Black-Friday-realise-528x350.jpg 528w, https:\/\/www.blackfridaydeals.ch\/wp-content\/uploads\/2025\/11\/Chiffre-daffaires-Black-Friday-realise-788x522.jpg 788w, https:\/\/www.blackfridaydeals.ch\/wp-content\/uploads\/2025\/11\/Chiffre-daffaires-Black-Friday-realise.jpg 1123w\" sizes=\"(max-width: 840px) 100vw, 840px\" \/><\/p>\n<div class=\"wpsm-numhead wpsm-style4\"><span>2<\/span><h2>Pr\u00e8s d&#8217;un million de colis par jour distribu\u00e9s par la Poste Suisse pendant les jours de promotions<\/h2><\/div>\n<p>Pendant la p\u00e9riode entre le Black Friday et No\u00ebl, la Poste Suisse distribue chaque jour pr\u00e8s d&#8217;un million de colis. <a href=\"https:\/\/medien.post.ch\/fr\/davantage-de-colis-pour-noel-par-rapport-a-l-an-passe-la-poste-remercie-ses-postieres-et-ses-postiers-pour-leur-engagement-sans-faille\">En 2025, ce sont au total 23 millions de colis qui ont \u00e9t\u00e9 livr\u00e9s entre le Black Friday et No\u00ebl,<\/a> ce qui constitue un nouveau record. Pour faire face \u00e0 cet afflux, environ 14 500 livreurs et livreuses travaillent \u00e0 la Poste durant cette p\u00e9riode cl\u00e9. Le jour avec le plus grand nombre de colis a \u00e9t\u00e9 le 2 d\u00e9cembre (le lendemain du Cyber Monday) : 1,3 million de colis ont \u00e9t\u00e9 trait\u00e9s ce jour-l\u00e0.<\/p>\n<p>Cette augmentation du volume de colis entra\u00eene automatiquement plus d&#8217;heures suppl\u00e9mentaires et de stress pour les employ\u00e9s. Selon un <a href=\"https:\/\/www.blackfridaydeals.ch\/fr\/news\/attractivite-black-friday\/\">sondage repr\u00e9sentatif de 2023<\/a>, 65 % des Suisses trouvent probl\u00e9matiques les heures suppl\u00e9mentaires g\u00e9n\u00e9r\u00e9es par le Black Friday.<\/p>\n<p><img decoding=\"async\" class=\"aligncenter wp-image-71280 size-large\" src=\"https:\/\/www.blackfridaydeals.ch\/wp-content\/uploads\/2023\/11\/heures-supplementaires-tous-1024x576.png\" alt=\"\" width=\"840\" height=\"473\" srcset=\"https:\/\/www.blackfridaydeals.ch\/wp-content\/uploads\/2023\/11\/heures-supplementaires-tous-1024x576.png 1024w, https:\/\/www.blackfridaydeals.ch\/wp-content\/uploads\/2023\/11\/heures-supplementaires-tous-300x169.png 300w, https:\/\/www.blackfridaydeals.ch\/wp-content\/uploads\/2023\/11\/heures-supplementaires-tous-767x431.png 767w, https:\/\/www.blackfridaydeals.ch\/wp-content\/uploads\/2023\/11\/heures-supplementaires-tous-1536x863.png 1536w, https:\/\/www.blackfridaydeals.ch\/wp-content\/uploads\/2023\/11\/heures-supplementaires-tous-2048x1151.png 2048w, https:\/\/www.blackfridaydeals.ch\/wp-content\/uploads\/2023\/11\/heures-supplementaires-tous-267x150.png 267w, https:\/\/www.blackfridaydeals.ch\/wp-content\/uploads\/2023\/11\/heures-supplementaires-tous-100x56.png 100w, https:\/\/www.blackfridaydeals.ch\/wp-content\/uploads\/2023\/11\/heures-supplementaires-tous-623x350.png 623w, https:\/\/www.blackfridaydeals.ch\/wp-content\/uploads\/2023\/11\/heures-supplementaires-tous.png 1914w\" sizes=\"(max-width: 840px) 100vw, 840px\" \/><\/p>\n<div class=\"wpsm-numhead wpsm-style4\"><span>3<\/span><h2>Le Black Friday se d\u00e9roule principalement hors ligne<\/h2><\/div>\n<p>Le commerce physique repr\u00e9sente toujours la part du lion du Black Friday avec environ trois quarts des ventes. <a href=\"https:\/\/www.blackfridaydeals.ch\/wp-content\/uploads\/2023\/03\/Umfrageresultate_Einkauf_waehrend_Arbeit_2022.pdf\">Lors de l&#8217;ann\u00e9e pand\u00e9mique 2020, le chiffre d&#8217;affaires en ligne \u00e9tait au plus haut avec 125 millions de CHF.<\/a> Apr\u00e8s le Corona, la part en ligne est tomb\u00e9e \u00e0 110 millions de CHF, pour remonter \u00e0 120 millions de CHF ces derni\u00e8res ann\u00e9es. Un <a href=\"https:\/\/www.swiss-retail.ch\/news\/black-friday-und-singles-day-steigende-konsumlust-vor-allem-bei-den-juengeren\/\">sondage<\/a> r\u00e9alis\u00e9 en 2024 par l&#8217;application de shopping Profital aupr\u00e8s d&#8217;environ 2 800 utilisateurs concernant le canal d&#8217;achat a r\u00e9v\u00e9l\u00e9 que 33 % des participants pr\u00e9voyaient de faire leurs achats exclusivement en ligne. Environ 32 % voulaient acheter exclusivement hors ligne et le reste via une forme mixte. Contrairement au Black Friday, le Singles Day et le Cyber Monday se d\u00e9roulent principalement en ligne.<\/p>\n<p><img decoding=\"async\" class=\"aligncenter wp-image-109048 size-large\" src=\"https:\/\/www.blackfridaydeals.ch\/wp-content\/uploads\/2025\/11\/Chiffre-daffaires-Black-Friday-realise-online-et-offline-1024x638.jpg\" alt=\"\" width=\"840\" height=\"523\" srcset=\"https:\/\/www.blackfridaydeals.ch\/wp-content\/uploads\/2025\/11\/Chiffre-daffaires-Black-Friday-realise-online-et-offline-1024x638.jpg 1024w, https:\/\/www.blackfridaydeals.ch\/wp-content\/uploads\/2025\/11\/Chiffre-daffaires-Black-Friday-realise-online-et-offline-300x187.jpg 300w, https:\/\/www.blackfridaydeals.ch\/wp-content\/uploads\/2025\/11\/Chiffre-daffaires-Black-Friday-realise-online-et-offline-767x478.jpg 767w, https:\/\/www.blackfridaydeals.ch\/wp-content\/uploads\/2025\/11\/Chiffre-daffaires-Black-Friday-realise-online-et-offline-1536x957.jpg 1536w, https:\/\/www.blackfridaydeals.ch\/wp-content\/uploads\/2025\/11\/Chiffre-daffaires-Black-Friday-realise-online-et-offline-2048x1276.jpg 2048w, https:\/\/www.blackfridaydeals.ch\/wp-content\/uploads\/2025\/11\/Chiffre-daffaires-Black-Friday-realise-online-et-offline-241x150.jpg 241w, https:\/\/www.blackfridaydeals.ch\/wp-content\/uploads\/2025\/11\/Chiffre-daffaires-Black-Friday-realise-online-et-offline-100x62.jpg 100w, https:\/\/www.blackfridaydeals.ch\/wp-content\/uploads\/2025\/11\/Chiffre-daffaires-Black-Friday-realise-online-et-offline-562x350.jpg 562w, https:\/\/www.blackfridaydeals.ch\/wp-content\/uploads\/2025\/11\/Chiffre-daffaires-Black-Friday-realise-online-et-offline-788x490.jpg 788w, https:\/\/www.blackfridaydeals.ch\/wp-content\/uploads\/2025\/11\/Chiffre-daffaires-Black-Friday-realise-online-et-offline.jpg 1305w\" sizes=\"(max-width: 840px) 100vw, 840px\" \/><\/p>\n<p>Malgr\u00e9 ces chiffres, selon une <a href=\"https:\/\/www.blackfridaydeals.ch\/fr\/news\/le-commerce-de-detail-local-est-il-en-train-de-perdre-du-terrain\/\">\u00e9tude repr\u00e9sentative de DemoSCOPE pour le compte de blackfridaydeals.ch<\/a>, 62 % des personnes interrog\u00e9es estiment que le commerce en ligne profite le plus du Black Friday et menace ainsi le commerce de d\u00e9tail local.<\/p>\n<p><img decoding=\"async\" class=\"aligncenter wp-image-87669 size-large\" src=\"https:\/\/www.blackfridaydeals.ch\/wp-content\/uploads\/2024\/11\/sondage_menance_commerce-1024x611.jpg\" alt=\"\" width=\"840\" height=\"501\" srcset=\"https:\/\/www.blackfridaydeals.ch\/wp-content\/uploads\/2024\/11\/sondage_menance_commerce-1024x611.jpg 1024w, https:\/\/www.blackfridaydeals.ch\/wp-content\/uploads\/2024\/11\/sondage_menance_commerce-300x179.jpg 300w, https:\/\/www.blackfridaydeals.ch\/wp-content\/uploads\/2024\/11\/sondage_menance_commerce-768x458.jpg 768w, https:\/\/www.blackfridaydeals.ch\/wp-content\/uploads\/2024\/11\/sondage_menance_commerce-1536x916.jpg 1536w, https:\/\/www.blackfridaydeals.ch\/wp-content\/uploads\/2024\/11\/sondage_menance_commerce-2048x1221.jpg 2048w, https:\/\/www.blackfridaydeals.ch\/wp-content\/uploads\/2024\/11\/sondage_menance_commerce-252x150.jpg 252w, https:\/\/www.blackfridaydeals.ch\/wp-content\/uploads\/2024\/11\/sondage_menance_commerce-100x60.jpg 100w, https:\/\/www.blackfridaydeals.ch\/wp-content\/uploads\/2024\/11\/sondage_menance_commerce-587x350.jpg 587w, https:\/\/www.blackfridaydeals.ch\/wp-content\/uploads\/2024\/11\/sondage_menance_commerce-788x469.jpg 788w\" sizes=\"(max-width: 840px) 100vw, 840px\" \/><\/p>\n<div class=\"wpsm-numhead wpsm-style4\"><span>4<\/span><h2>Nouveau record de chiffre d&#8217;affaires aux \u00c9tats-Unis lors du Black Friday 2025<\/h2><\/div>\n<p>Au total, les consommateurs aux \u00c9tats-Unis ont <a href=\"https:\/\/retail-news.de\/black-friday-online-rekord-usa-2025\/\">d\u00e9pens\u00e9 12 milliards de USD pour des achats en ligne lors du Black Friday 2025, selon une analyse d&#8217;Adobe<\/a>. Cette valeur \u00e9tait environ 1 milliard de USD plus \u00e9lev\u00e9e que l&#8217;ann\u00e9e pr\u00e9c\u00e9dente. Fait int\u00e9ressant, plus de la moiti\u00e9 des achats ont \u00e9t\u00e9 effectu\u00e9s via des terminaux mobiles. Les articles les plus achet\u00e9s \u00e9taient les produits \u00e9lectroniques comme les montres connect\u00e9es et les t\u00e9l\u00e9viseurs, les jouets et les articles de gaming. <a href=\"https:\/\/www.mastercard.com\/news\/press\/2024\/november\/mastercard-spendingpulse-us-black-friday-retail-sales-up-3-4-vs-last-year\/\">Selon une \u00e9tude de Mastercard<\/a>, les ventes en ligne ont augment\u00e9 de pas moins de 14,6 %. Il est important de noter qu&#8217;une partie de cette hausse pourrait \u00eatre due \u00e0 l&#8217;inflation toujours \u00e9lev\u00e9e aux \u00c9tats-Unis.<\/p>\n<div class=\"wpsm-numhead wpsm-style4\"><span>5<\/span><h2>5,8 milliards d&#8217;EUR de chiffre d&#8217;affaires en Allemagne<\/h2><\/div>\n<p>La F\u00e9d\u00e9ration allemande du commerce (HDE) pr\u00e9voyait avant le Black Friday 2025 un <a href=\"https:\/\/einzelhandel.de\/presse\/aktuellemeldungen\/14999-black-friday-und-cyber-monday-hde-rechnet-zu-aktionstagen-mit-umsatz-von-5-8-milliarden-euro\">chiffre d&#8217;affaires de 5,8 milliards d&#8217;EUR pour l&#8217;ensemble des journ\u00e9es d&#8217;action<\/a>. Ainsi, le chiffre d&#8217;affaires a l\u00e9g\u00e8rement diminu\u00e9 par rapport \u00e0 l&#8217;ann\u00e9e pr\u00e9c\u00e9dente, malgr\u00e9 un taux d&#8217;inflation moyen de 2,2 % (ann\u00e9e pr\u00e9c\u00e9dente : 5,9 milliards d&#8217;EUR).<\/p>\n<div class=\"wpsm-numhead wpsm-style4\"><span>6<\/span><h2>La consommation a l\u00e9g\u00e8rement augment\u00e9 au Royaume-Uni pour le Black Friday 2025<\/h2><\/div>\n<p><a href=\"https:\/\/www.finder.com\/uk\/black-friday-statistics#:~:text=Latest%20statistics%20suggest%20that%20Black,%C2%A34%20billion%20in%202022.&amp;text=In%202022%2C%20Black%20Friday%20falls%20on%2025%20November.\">Selon une \u00e9tude<\/a>, les Britanniques voulaient d\u00e9penser 3,9 milliards de livres pendant le Black Friday et le Cyber Monday 2025. C&#8217;est environ 100 millions de livres de plus que l&#8217;ann\u00e9e pr\u00e9c\u00e9dente. Au total, 58 % des Britanniques pr\u00e9voyaient de participer aux \u00e9v\u00e9nements de shopping et de d\u00e9penser en moyenne 124 livres. Ainsi, tant le nombre de personnes souhaitant faire des achats que le panier moyen sont rest\u00e9s \u00e0 peu pr\u00e8s stables.<\/p>\n<div class=\"wpsm-numhead wpsm-style4\"><span>7<\/span><h2>En moyenne, il y a 11% de rabais sur les offres Black Friday annonc\u00e9es en Suisse<\/h2><\/div>\n<p>Le portail de bonnes affaires <a href=\"https:\/\/www.preispirat.ch\">preispirat.ch<\/a> a analys\u00e9 la qualit\u00e9 des offres du Black Friday. <a href=\"https:\/\/www.preispirat.ch\/wp-content\/uploads\/2023\/03\/Medienmitteilung_StudieBF2019.pdf\">L&#8217;\u00e9tude portant sur 120 des produits les plus populaires, explicitement pr\u00e9sent\u00e9s comme des offres Black Friday, a r\u00e9v\u00e9l\u00e9 une \u00e9conomie moyenne de 11%<\/a> (par rapport au prix le plus bas constat\u00e9 dans toute la Suisse la semaine pr\u00e9c\u00e9dente). <a href=\"https:\/\/www.presseportal.de\/pm\/22312\/5637691\">Une analyse en Allemagne portant sur pr\u00e8s de 10 000 produits<\/a> pour le Black Friday 2022 a montr\u00e9 une \u00e9conomie moyenne de 6%, avec un rabais constat\u00e9 sur 63% des produits. Cette \u00e9tude inclut toutes les offres et pas seulement celles explicitement signal\u00e9es comme &#8220;offre Black Friday&#8221;.<\/p>\n<p>Le point le plus important pour les consommateurs lors de leurs achats du Black Friday reste le montant du rabais (<a href=\"https:\/\/www.blackfridaydeals.ch\/fr\/news\/pour-lanniversaire-le-black-friday-perd-son-caractere-unique\/\">sondage d&#8217;octobre 2025<\/a>).<\/p>\n<p><img decoding=\"async\" class=\"aligncenter wp-image-106539 size-large\" src=\"https:\/\/www.blackfridaydeals.ch\/wp-content\/uploads\/2025\/11\/sondage-criter-plus-important-1024x579.jpg\" alt=\"\" width=\"840\" height=\"475\" srcset=\"https:\/\/www.blackfridaydeals.ch\/wp-content\/uploads\/2025\/11\/sondage-criter-plus-important-1024x579.jpg 1024w, https:\/\/www.blackfridaydeals.ch\/wp-content\/uploads\/2025\/11\/sondage-criter-plus-important-300x170.jpg 300w, https:\/\/www.blackfridaydeals.ch\/wp-content\/uploads\/2025\/11\/sondage-criter-plus-important-768x434.jpg 768w, https:\/\/www.blackfridaydeals.ch\/wp-content\/uploads\/2025\/11\/sondage-criter-plus-important-1536x869.jpg 1536w, https:\/\/www.blackfridaydeals.ch\/wp-content\/uploads\/2025\/11\/sondage-criter-plus-important-2048x1158.jpg 2048w, https:\/\/www.blackfridaydeals.ch\/wp-content\/uploads\/2025\/11\/sondage-criter-plus-important-265x150.jpg 265w, https:\/\/www.blackfridaydeals.ch\/wp-content\/uploads\/2025\/11\/sondage-criter-plus-important-100x57.jpg 100w, https:\/\/www.blackfridaydeals.ch\/wp-content\/uploads\/2025\/11\/sondage-criter-plus-important-619x350.jpg 619w, https:\/\/www.blackfridaydeals.ch\/wp-content\/uploads\/2025\/11\/sondage-criter-plus-important-788x445.jpg 788w, https:\/\/www.blackfridaydeals.ch\/wp-content\/uploads\/2025\/11\/sondage-criter-plus-important.jpg 1673w\" sizes=\"(max-width: 840px) 100vw, 840px\" \/><\/p>\n<p>Toutefois, de nombreux acheteurs ne parviennent plus \u00e0 distinguer les offres du Black Friday des promotions et rabais habituels.<\/p>\n<p><img decoding=\"async\" class=\"aligncenter wp-image-108143 size-large\" src=\"https:\/\/www.blackfridaydeals.ch\/wp-content\/uploads\/2025\/11\/sondage-distinguer-Black-Friday-1-1024x579.jpg\" alt=\"\" width=\"840\" height=\"475\" srcset=\"https:\/\/www.blackfridaydeals.ch\/wp-content\/uploads\/2025\/11\/sondage-distinguer-Black-Friday-1-1024x579.jpg 1024w, https:\/\/www.blackfridaydeals.ch\/wp-content\/uploads\/2025\/11\/sondage-distinguer-Black-Friday-1-300x170.jpg 300w, https:\/\/www.blackfridaydeals.ch\/wp-content\/uploads\/2025\/11\/sondage-distinguer-Black-Friday-1-768x434.jpg 768w, https:\/\/www.blackfridaydeals.ch\/wp-content\/uploads\/2025\/11\/sondage-distinguer-Black-Friday-1-1536x869.jpg 1536w, https:\/\/www.blackfridaydeals.ch\/wp-content\/uploads\/2025\/11\/sondage-distinguer-Black-Friday-1-2048x1158.jpg 2048w, https:\/\/www.blackfridaydeals.ch\/wp-content\/uploads\/2025\/11\/sondage-distinguer-Black-Friday-1-265x150.jpg 265w, https:\/\/www.blackfridaydeals.ch\/wp-content\/uploads\/2025\/11\/sondage-distinguer-Black-Friday-1-100x57.jpg 100w, https:\/\/www.blackfridaydeals.ch\/wp-content\/uploads\/2025\/11\/sondage-distinguer-Black-Friday-1-619x350.jpg 619w, https:\/\/www.blackfridaydeals.ch\/wp-content\/uploads\/2025\/11\/sondage-distinguer-Black-Friday-1-788x445.jpg 788w, https:\/\/www.blackfridaydeals.ch\/wp-content\/uploads\/2025\/11\/sondage-distinguer-Black-Friday-1.jpg 1673w\" sizes=\"(max-width: 840px) 100vw, 840px\" \/><\/p>\n<div class=\"wpsm-numhead wpsm-style4\"><span>8<\/span><h2>Un Suisse sur quatre utilise l&#8217;IA lors de ses achats<\/h2><\/div>\n<p>Pendant le Black Friday, les commer\u00e7ants rivalisent d&#8217;offres promotionnelles. On peut vite perdre la vue d&#8217;ensemble. L&#8217;intelligence artificielle (IA) comme ChatGPT et d&#8217;autres outils bas\u00e9s sur l&#8217;IA peuvent \u00eatre utilis\u00e9s pour soutenir les achats. Selon un <a href=\"https:\/\/www.blackfridaydeals.ch\/fr\/news\/black-friday-un-suisse-sur-quatre-utilise-lia-pour-ses-achats\/\">sondage repr\u00e9sentatif de DemoSCOPE d&#8217;octobre 2025 pour le compte de blackfridaydeals.ch<\/a>, 25 % des Suisses utilisent d\u00e9j\u00e0 l&#8217;IA lors de leurs achats.<\/p>\n<p><img decoding=\"async\" class=\"aligncenter wp-image-102474 size-large\" src=\"https:\/\/www.blackfridaydeals.ch\/wp-content\/uploads\/2025\/11\/sondage-IA-pendent-Black-Friday-1024x603.jpg\" alt=\"\" width=\"840\" height=\"495\" srcset=\"https:\/\/www.blackfridaydeals.ch\/wp-content\/uploads\/2025\/11\/sondage-IA-pendent-Black-Friday-1024x603.jpg 1024w, https:\/\/www.blackfridaydeals.ch\/wp-content\/uploads\/2025\/11\/sondage-IA-pendent-Black-Friday-300x177.jpg 300w, https:\/\/www.blackfridaydeals.ch\/wp-content\/uploads\/2025\/11\/sondage-IA-pendent-Black-Friday-767x452.jpg 767w, https:\/\/www.blackfridaydeals.ch\/wp-content\/uploads\/2025\/11\/sondage-IA-pendent-Black-Friday-1536x905.jpg 1536w, https:\/\/www.blackfridaydeals.ch\/wp-content\/uploads\/2025\/11\/sondage-IA-pendent-Black-Friday-2048x1206.jpg 2048w, https:\/\/www.blackfridaydeals.ch\/wp-content\/uploads\/2025\/11\/sondage-IA-pendent-Black-Friday-255x150.jpg 255w, https:\/\/www.blackfridaydeals.ch\/wp-content\/uploads\/2025\/11\/sondage-IA-pendent-Black-Friday-100x59.jpg 100w, https:\/\/www.blackfridaydeals.ch\/wp-content\/uploads\/2025\/11\/sondage-IA-pendent-Black-Friday-594x350.jpg 594w, https:\/\/www.blackfridaydeals.ch\/wp-content\/uploads\/2025\/11\/sondage-IA-pendent-Black-Friday-788x464.jpg 788w\" sizes=\"(max-width: 840px) 100vw, 840px\" \/><\/p>\n<div class=\"wpsm-numhead wpsm-style4\">\n<p><span>9<\/span><\/p>\n<\/div>\n<h2 id=\"Umfragen\" style=\"padding-top: 100px; margin-top: -100px; padding-left: 50px;\">97% des Suisses connaissent le Black Friday &#8211; seuls 31% font des achats<\/h2>\n<p>Bien que la notori\u00e9t\u00e9 du Black Friday en Suisse soit tr\u00e8s \u00e9lev\u00e9e avec 97% (<a href=\"https:\/\/www.blackfridaydeals.ch\/wp-content\/uploads\/2022\/05\/2019-Rohdaten-Demoscope.pdf\">selon un sondage repr\u00e9sentatif de DemoSCOPE<\/a>), peu de clients font r\u00e9ellement des achats ce jour-l\u00e0. Selon notre <a href=\"https:\/\/www.blackfridaydeals.ch\/news\/black-friday-verliert-einzigartigkeit\/\">sondage DemoSCOPE 2025<\/a>, seuls 31% des participants interrog\u00e9s ont indiqu\u00e9 vouloir faire des achats lors du Black Friday.<\/p>\n<p><img decoding=\"async\" class=\"aligncenter wp-image-108134 size-large\" src=\"https:\/\/www.blackfridaydeals.ch\/wp-content\/uploads\/2025\/11\/Umfrage-Einkaufsverhalten-1-1024x579.jpg\" alt=\"Sondage sur le comportement d'achat\" width=\"840\" height=\"475\" srcset=\"https:\/\/www.blackfridaydeals.ch\/wp-content\/uploads\/2025\/11\/Umfrage-Einkaufsverhalten-1-1024x579.jpg 1024w, https:\/\/www.blackfridaydeals.ch\/wp-content\/uploads\/2025\/11\/Umfrage-Einkaufsverhalten-1-300x170.jpg 300w, https:\/\/www.blackfridaydeals.ch\/wp-content\/uploads\/2025\/11\/Umfrage-Einkaufsverhalten-1-768x434.jpg 768w, https:\/\/www.blackfridaydeals.ch\/wp-content\/uploads\/2025\/11\/Umfrage-Einkaufsverhalten-1-1536x869.jpg 1536w, https:\/\/www.blackfridaydeals.ch\/wp-content\/uploads\/2025\/11\/Umfrage-Einkaufsverhalten-1-2048x1158.jpg 2048w, https:\/\/www.blackfridaydeals.ch\/wp-content\/uploads\/2025\/11\/Umfrage-Einkaufsverhalten-1-265x150.jpg 265w, https:\/\/www.blackfridaydeals.ch\/wp-content\/uploads\/2025\/11\/Umfrage-Einkaufsverhalten-1-100x57.jpg 100w, https:\/\/www.blackfridaydeals.ch\/wp-content\/uploads\/2025\/11\/Umfrage-Einkaufsverhalten-1-619x350.jpg 619w, https:\/\/www.blackfridaydeals.ch\/wp-content\/uploads\/2025\/11\/Umfrage-Einkaufsverhalten-1-788x445.jpg 788w, https:\/\/www.blackfridaydeals.ch\/wp-content\/uploads\/2025\/11\/Umfrage-Einkaufsverhalten-1.jpg 1673w\" sizes=\"(max-width: 840px) 100vw, 840px\" \/><\/p>\n<div class=\"wpsm-numhead wpsm-style4\"><span>10<\/span><h2>Ces astuces de vente fonctionnent le mieux lors du Black Friday<\/h2><\/div>\n<p>Les commer\u00e7ants utilisent toutes sortes de ruses psychologiques autour du Black Friday pour convaincre les consommateurs de faire un achat. Une <a href=\"https:\/\/www.blackfridaydeals.ch\/fr\/news\/le-commerce-de-detail-local-est-il-en-train-de-perdre-du-terrain\/\">\u00e9tude repr\u00e9sentative montre<\/a> que les consommateurs suisses sont le plus influenc\u00e9s par les prix artificiellement r\u00e9duits.<\/p>\n<p><img decoding=\"async\" class=\"aligncenter wp-image-87672 size-large\" src=\"https:\/\/www.blackfridaydeals.ch\/wp-content\/uploads\/2024\/11\/sondage_astuces_BF-1024x602.jpg\" alt=\"\" width=\"840\" height=\"494\" srcset=\"https:\/\/www.blackfridaydeals.ch\/wp-content\/uploads\/2024\/11\/sondage_astuces_BF-1024x602.jpg 1024w, https:\/\/www.blackfridaydeals.ch\/wp-content\/uploads\/2024\/11\/sondage_astuces_BF-300x176.jpg 300w, https:\/\/www.blackfridaydeals.ch\/wp-content\/uploads\/2024\/11\/sondage_astuces_BF-767x451.jpg 767w, https:\/\/www.blackfridaydeals.ch\/wp-content\/uploads\/2024\/11\/sondage_astuces_BF-1536x903.jpg 1536w, https:\/\/www.blackfridaydeals.ch\/wp-content\/uploads\/2024\/11\/sondage_astuces_BF-2048x1203.jpg 2048w, https:\/\/www.blackfridaydeals.ch\/wp-content\/uploads\/2024\/11\/sondage_astuces_BF-255x150.jpg 255w, https:\/\/www.blackfridaydeals.ch\/wp-content\/uploads\/2024\/11\/sondage_astuces_BF-100x59.jpg 100w, https:\/\/www.blackfridaydeals.ch\/wp-content\/uploads\/2024\/11\/sondage_astuces_BF-596x350.jpg 596w, https:\/\/www.blackfridaydeals.ch\/wp-content\/uploads\/2024\/11\/sondage_astuces_BF-788x463.jpg 788w\" sizes=\"(max-width: 840px) 100vw, 840px\" \/><\/p>\n<p>Avec des astuces simples, comme l&#8217;\u00e9tablissement d&#8217;une liste de courses ou une comparaison de prix, les consommateurs peuvent contourner bon nombre des pi\u00e8ges psychologiques des commer\u00e7ants.<\/p>\n<div class=\"wpsm-numhead wpsm-style4\"><span>11<\/span><h2>Seul 1\/3 ne pr\u00eate pas attention \u00e0 la durabilit\u00e9 lors du Black Friday<\/h2><\/div>\n<p>Deux tiers de tous les Suisses ont d\u00e9clar\u00e9 en octobre 2024 qu&#8217;ils pr\u00eataient attention \u00e0 la durabilit\u00e9, m\u00eame lors du Black Friday. Seulement 11 % ont indiqu\u00e9 dans le <a href=\"https:\/\/www.blackfridaydeals.ch\/fr\/news\/le-black-friday-decoit\/\">sondage repr\u00e9sentatif<\/a> ne pas inclure du tout de consid\u00e9rations \u00e9thiques dans leur d\u00e9cision d&#8217;achat.<\/p>\n<p><img decoding=\"async\" class=\"aligncenter wp-image-94435 size-large\" src=\"https:\/\/www.blackfridaydeals.ch\/wp-content\/uploads\/2024\/11\/sondage-BF-ethiques-1024x602.jpg\" alt=\"\" width=\"840\" height=\"494\" srcset=\"https:\/\/www.blackfridaydeals.ch\/wp-content\/uploads\/2024\/11\/sondage-BF-ethiques-1024x602.jpg 1024w, https:\/\/www.blackfridaydeals.ch\/wp-content\/uploads\/2024\/11\/sondage-BF-ethiques-300x176.jpg 300w, https:\/\/www.blackfridaydeals.ch\/wp-content\/uploads\/2024\/11\/sondage-BF-ethiques-767x451.jpg 767w, https:\/\/www.blackfridaydeals.ch\/wp-content\/uploads\/2024\/11\/sondage-BF-ethiques-1536x903.jpg 1536w, https:\/\/www.blackfridaydeals.ch\/wp-content\/uploads\/2024\/11\/sondage-BF-ethiques-2048x1203.jpg 2048w, https:\/\/www.blackfridaydeals.ch\/wp-content\/uploads\/2024\/11\/sondage-BF-ethiques-255x150.jpg 255w, https:\/\/www.blackfridaydeals.ch\/wp-content\/uploads\/2024\/11\/sondage-BF-ethiques-100x59.jpg 100w, https:\/\/www.blackfridaydeals.ch\/wp-content\/uploads\/2024\/11\/sondage-BF-ethiques-596x350.jpg 596w, https:\/\/www.blackfridaydeals.ch\/wp-content\/uploads\/2024\/11\/sondage-BF-ethiques-788x463.jpg 788w\" sizes=\"(max-width: 840px) 100vw, 840px\" \/><div class=\"wpsm-numhead wpsm-style4\"><span>12<\/span><h2>Deux tiers des achats du Black Friday sont planifi\u00e9s \u00e0 l&#8217;avance<\/h2><\/div>\n<p>Dans une <a href=\"https:\/\/www.blackfridaydeals.ch\/fr\/news\/commercants-perdent-credibilite\/\">enqu\u00eate repr\u00e9sentative de DemoSCOPE<\/a> de 2023, deux tiers des personnes interrog\u00e9es ont d\u00e9clar\u00e9 planifier leurs achats du Black Friday \u00e0 l&#8217;avance. Seulement 11% pr\u00e9voyaient de se laisser inspirer spontan\u00e9ment.<\/p>\n<p><img decoding=\"async\" class=\"aligncenter wp-image-69329 size-large\" src=\"https:\/\/www.blackfridaydeals.ch\/wp-content\/uploads\/2023\/11\/achats-spontanes-tous-1024x575.png\" alt=\"\" width=\"840\" height=\"472\" srcset=\"https:\/\/www.blackfridaydeals.ch\/wp-content\/uploads\/2023\/11\/achats-spontanes-tous-1024x575.png 1024w, https:\/\/www.blackfridaydeals.ch\/wp-content\/uploads\/2023\/11\/achats-spontanes-tous-300x168.png 300w, https:\/\/www.blackfridaydeals.ch\/wp-content\/uploads\/2023\/11\/achats-spontanes-tous-768x431.png 768w, https:\/\/www.blackfridaydeals.ch\/wp-content\/uploads\/2023\/11\/achats-spontanes-tous-1536x862.png 1536w, https:\/\/www.blackfridaydeals.ch\/wp-content\/uploads\/2023\/11\/achats-spontanes-tous-2048x1150.png 2048w, https:\/\/www.blackfridaydeals.ch\/wp-content\/uploads\/2023\/11\/achats-spontanes-tous-267x150.png 267w, https:\/\/www.blackfridaydeals.ch\/wp-content\/uploads\/2023\/11\/achats-spontanes-tous-100x56.png 100w, https:\/\/www.blackfridaydeals.ch\/wp-content\/uploads\/2023\/11\/achats-spontanes-tous-623x350.png 623w, https:\/\/www.blackfridaydeals.ch\/wp-content\/uploads\/2023\/11\/achats-spontanes-tous-788x442.png 788w, https:\/\/www.blackfridaydeals.ch\/wp-content\/uploads\/2023\/11\/achats-spontanes-tous.png 1915w\" sizes=\"(max-width: 840px) 100vw, 840px\" \/><\/p>\n<div class=\"wpsm-numhead wpsm-style4\"><span>13<\/span><h2>Le sondage montre : la plupart n&#8217;ach\u00e8tent pas le jour m\u00eame du Black Friday<\/h2><\/div>\n<p>Les offres du Black Friday durent de plus en plus longtemps, la plupart des commer\u00e7ants proposant une semaine enti\u00e8re de Black Friday ou m\u00eame un &#8220;Black November&#8221;. Selon <a href=\"https:\/\/de.statista.com\/statistik\/daten\/studie\/1190200\/umfrage\/bevorzugte-einkaufstage-in-der-black-friday-woche-in-der-schweiz\/\">Statista<\/a>, 39% font leurs bonnes affaires du lundi au jeudi avant le Black Friday, 60% le jour m\u00eame du Black Friday et 28% le week-end suivant. (Plusieurs r\u00e9ponses possibles)<\/p>\n<div class=\"wpsm-numhead wpsm-style4\"><span>14<\/span><h2>Une personne sur trois ach\u00e8te ses cadeaux de No\u00ebl lors du Black Friday<\/h2><\/div>\n<p><a href=\"https:\/\/www.blackfridaydeals.ch\/wp-content\/uploads\/2024\/02\/Shopping-Days-Umfrage-2023_Profital-Swiss-Retail-Federation.pdf\">Un sondage<\/a> de 2023 montre que la proportion de Suisses utilisant le Black Friday pour acheter des cadeaux de No\u00ebl stagne \u00e0 environ un tiers (36%). La majorit\u00e9 (54%) ach\u00e8te pour elle-m\u00eame.<\/p>\n<div class=\"wpsm-numhead wpsm-style4\"><span>15<\/span><h2>15% des acheteurs suisses du Black Friday ach\u00e8tent \u00e0 cause des gros rabais, pas parce qu&#8217;ils ont r\u00e9ellement besoin de l&#8217;article<\/h2><\/div>\n<p>Dans un <a href=\"https:\/\/www.blackfridaydeals.ch\/wp-content\/uploads\/2022\/05\/DemoSCOPE-Umfrage-Resultate.pdf\">sondage repr\u00e9sentatif de fin 2021<\/a>, 15% des personnes interrog\u00e9es ont d\u00e9clar\u00e9 avoir achet\u00e9 lors du Black Friday uniquement \u00e0 cause des rabais \u00e9lev\u00e9s. La surconsommation est un point de critique majeur du Black Friday. 47% ont d\u00e9clar\u00e9 avoir achet\u00e9 des articles \u00e0 bas prix lors du Black Friday qu&#8217;ils auraient achet\u00e9s t\u00f4t ou tard, m\u00eame sans rabais. Le reste des participants n&#8217;a pas souhait\u00e9 se prononcer sur cette question.<\/p>\n<div class=\"wpsm-numhead wpsm-style4\"><span>16<\/span><h2>Deux tiers estiment que le Black Friday n&#8217;en vaut pas la peine<\/h2><\/div>\n<p>Dans un sondage de 2021, seulement 21% des participants ont d\u00e9clar\u00e9 que le Black Friday en valait la peine pour eux. La grande majorit\u00e9 des personnes interrog\u00e9es estime que le Black Friday n&#8217;est pas rentable. Si l&#8217;on ne consid\u00e8re que les participants ayant fait des achats lors du Black Friday de l&#8217;ann\u00e9e pr\u00e9c\u00e9dente, la proportion de ceux qui trouvent que cela en vaut la peine grimpe toutefois \u00e0 72%.<\/p>\n<div id=\"attachment_49961\" style=\"width: 850px\" class=\"wp-caption aligncenter\"><img aria-describedby=\"caption-attachment-49961\" decoding=\"async\" class=\"wp-image-49961 size-large\" src=\"https:\/\/www.blackfridaydeals.ch\/wp-content\/uploads\/2022\/05\/Lohnt-sich-Black-Friday-1024x450.png\" alt=\"Le Black Friday en vaut-il la peine ?\" width=\"840\" height=\"369\" srcset=\"https:\/\/www.blackfridaydeals.ch\/wp-content\/uploads\/2022\/05\/Lohnt-sich-Black-Friday-1024x450.png 1024w, https:\/\/www.blackfridaydeals.ch\/wp-content\/uploads\/2022\/05\/Lohnt-sich-Black-Friday-300x132.png 300w, https:\/\/www.blackfridaydeals.ch\/wp-content\/uploads\/2022\/05\/Lohnt-sich-Black-Friday-767x337.png 767w, https:\/\/www.blackfridaydeals.ch\/wp-content\/uploads\/2022\/05\/Lohnt-sich-Black-Friday-1536x675.png 1536w, https:\/\/www.blackfridaydeals.ch\/wp-content\/uploads\/2022\/05\/Lohnt-sich-Black-Friday-2048x900.png 2048w, https:\/\/www.blackfridaydeals.ch\/wp-content\/uploads\/2022\/05\/Lohnt-sich-Black-Friday-788x346.png 788w, https:\/\/www.blackfridaydeals.ch\/wp-content\/uploads\/2022\/05\/Lohnt-sich-Black-Friday-150x66.png 150w, https:\/\/www.blackfridaydeals.ch\/wp-content\/uploads\/2022\/05\/Lohnt-sich-Black-Friday.png 1334w\" sizes=\"(max-width: 840px) 100vw, 840px\" \/><p id=\"caption-attachment-49961\" class=\"wp-caption-text\">Source : Sondage repr\u00e9sentatif DemoSCOPE 2021, pour le compte de blackfridaydeals.ch (marge d&#8217;erreur : 5%)<\/p><\/div>\n<p>En corr\u00e9lation avec cela, en 2024, seuls 7% des personnes interrog\u00e9es se disaient totalement satisfaites des offres du Black Friday. Un tiers des consommateurs voit au moins quelques offres attractives, tandis qu&#8217;un autre tiers estime qu&#8217;il n&#8217;y a aucune bonne offre Black Friday. La partie restante exprime de la nostalgie : il y aurait eu de meilleures affaires par le pass\u00e9, qu&#8217;on ne trouve plus aujourd&#8217;hui. Mais les offres sont-elles r\u00e9ellement devenues moins bonnes ?<\/p>\n<p>\u00ab On ne peut pas dire de mani\u00e8re g\u00e9n\u00e9rale que les offres du Black Friday ont empir\u00e9. Par le pass\u00e9, il y avait toutefois quelques offres irr\u00e9fl\u00e9chies o\u00f9 les commer\u00e7ants acceptaient de vendre \u00e0 perte. Ce sont pr\u00e9cis\u00e9ment ces actions qui restent grav\u00e9es dans la m\u00e9moire des gens \u00bb, explique Julian Zrotz, expert en commerce de d\u00e9tail chez blackfridaydeals.ch.<\/p>\n<p><img decoding=\"async\" class=\"aligncenter size-large wp-image-94389\" src=\"https:\/\/www.blackfridaydeals.ch\/wp-content\/uploads\/2024\/11\/Umfrage_schlechte_Black_Friday_Angebote-1024x611.jpg\" alt=\"Sondage sur les mauvaises offres Black Friday\" width=\"840\" height=\"501\" srcset=\"https:\/\/www.blackfridaydeals.ch\/wp-content\/uploads\/2024\/11\/Umfrage_schlechte_Black_Friday_Angebote-1024x611.jpg 1024w, https:\/\/www.blackfridaydeals.ch\/wp-content\/uploads\/2024\/11\/Umfrage_schlechte_Black_Friday_Angebote-300x179.jpg 300w, https:\/\/www.blackfridaydeals.ch\/wp-content\/uploads\/2024\/11\/Umfrage_schlechte_Black_Friday_Angebote-768x458.jpg 768w, https:\/\/www.blackfridaydeals.ch\/wp-content\/uploads\/2024\/11\/Umfrage_schlechte_Black_Friday_Angebote-1536x916.jpg 1536w, https:\/\/www.blackfridaydeals.ch\/wp-content\/uploads\/2024\/11\/Umfrage_schlechte_Black_Friday_Angebote-2048x1221.jpg 2048w, https:\/\/www.blackfridaydeals.ch\/wp-content\/uploads\/2024\/11\/Umfrage_schlechte_Black_Friday_Angebote-252x150.jpg 252w, https:\/\/www.blackfridaydeals.ch\/wp-content\/uploads\/2024\/11\/Umfrage_schlechte_Black_Friday_Angebote-100x60.jpg 100w, https:\/\/www.blackfridaydeals.ch\/wp-content\/uploads\/2024\/11\/Umfrage_schlechte_Black_Friday_Angebote-587x350.jpg 587w, https:\/\/www.blackfridaydeals.ch\/wp-content\/uploads\/2024\/11\/Umfrage_schlechte_Black_Friday_Angebote-788x469.jpg 788w\" sizes=\"(max-width: 840px) 100vw, 840px\" \/><div class=\"wpsm-numhead wpsm-style4\"><span>17<\/span><h2>403 francs : C&#8217;est ce que les Suisses d\u00e9pensent lors du Black Friday<\/h2><\/div>\n<p>Selon une <a href=\"https:\/\/www.swiss-retail.ch\/wp-content\/uploads\/2024\/10\/P_Shopping-Days_24-FINAL-SMALL-1.pdf\">enqu\u00eate sur le Black Friday 2024 aupr\u00e8s de 2 800 utilisateurs de l&#8217;application Profital<\/a>, les participants pr\u00e9voient de d\u00e9penser en moyenne 403 CHF lors du Black Friday. La moyenne est nettement plus \u00e9lev\u00e9e chez les hommes (524 CHF) que chez les femmes (324 CHF). En revanche, si l&#8217;on regarde la valeur m\u00e9diane, il n&#8217;y a aucune diff\u00e9rence entre les sexes. La valeur m\u00e9diane des achats pr\u00e9vus est de 200 CHF, comme l&#8217;ann\u00e9e pr\u00e9c\u00e9dente. La moyenne est bien plus \u00e9lev\u00e9e que la m\u00e9diane car elle est tir\u00e9e vers le haut par quelques personnes pr\u00e9voyant de tr\u00e8s gros achats.<\/p>\n<div class=\"wpsm-numhead wpsm-style4\"><span>18<\/span><h2>Les v\u00eatements, les chaussures et les accessoires sont les plus populaires selon l&#8217;analyse<\/h2><\/div>\n<p>Les articles les plus pris\u00e9s lors du Black Friday suisse se situent dans le secteur des v\u00eatements, des chaussures et des accessoires, pour lesquels 60% des <a href=\"https:\/\/www.swiss-retail.ch\/wp-content\/uploads\/2024\/10\/P_Shopping-Days_24-FINAL-SMALL-1.pdf\">utilisateurs de Profital interrog\u00e9s<\/a> s&#8217;int\u00e9ressaient. Suivent de pr\u00e8s les appareils \u00e9lectriques (54% d&#8217;int\u00e9r\u00eat) et les meubles\/articles de d\u00e9coration (37% d&#8217;int\u00e9r\u00eat).<\/p>\n<div class=\"wpsm-numhead wpsm-style4\"><span>19<\/span><h2>Les boutiques perdent leur cr\u00e9dibilit\u00e9 avec des rabais Black Friday trop \u00e9lev\u00e9s<\/h2><\/div>\n<p>Dans un <a href=\"https:\/\/www.blackfridaydeals.ch\/fr\/news\/commercants-perdent-credibilite\/\">sondage repr\u00e9sentatif de 2023<\/a>, il appara\u00eet qu&#8217;environ deux tiers des consommateurs suisses sont d&#8217;avis que les commer\u00e7ants perdent en cr\u00e9dibilit\u00e9 avec des rabais (trop) \u00e9lev\u00e9s lors des \u00e9v\u00e9nements de shopping. Pour pr\u00e8s de la moiti\u00e9 des personnes interrog\u00e9es, des rabais importants signalent en effet que les prix r\u00e9guliers sont trop \u00e9lev\u00e9s. Malgr\u00e9 tout, seuls 16% des participants au sondage pensent que les rabais \u00e9lev\u00e9s ne sont accord\u00e9s que sur des produits qu&#8217;ils consid\u00e8rent comme des invendus. Cela sugg\u00e8re que les offres sont per\u00e7ues comme \u00e9tant de haute qualit\u00e9.<\/p>\n<p><img decoding=\"async\" class=\"aligncenter wp-image-69322 size-large\" src=\"https:\/\/www.blackfridaydeals.ch\/wp-content\/uploads\/2023\/11\/credibilite-tous-1024x576.png\" alt=\"\" width=\"840\" height=\"473\" srcset=\"https:\/\/www.blackfridaydeals.ch\/wp-content\/uploads\/2023\/11\/credibilite-tous-1024x576.png 1024w, https:\/\/www.blackfridaydeals.ch\/wp-content\/uploads\/2023\/11\/credibilite-tous-300x169.png 300w, https:\/\/www.blackfridaydeals.ch\/wp-content\/uploads\/2023\/11\/credibilite-tous-767x431.png 767w, https:\/\/www.blackfridaydeals.ch\/wp-content\/uploads\/2023\/11\/credibilite-tous-1536x864.png 1536w, https:\/\/www.blackfridaydeals.ch\/wp-content\/uploads\/2023\/11\/credibilite-tous-2048x1151.png 2048w, https:\/\/www.blackfridaydeals.ch\/wp-content\/uploads\/2023\/11\/credibilite-tous-267x150.png 267w, https:\/\/www.blackfridaydeals.ch\/wp-content\/uploads\/2023\/11\/credibilite-tous-100x56.png 100w, https:\/\/www.blackfridaydeals.ch\/wp-content\/uploads\/2023\/11\/credibilite-tous-623x350.png 623w, https:\/\/www.blackfridaydeals.ch\/wp-content\/uploads\/2023\/11\/credibilite-tous-788x443.png 788w, https:\/\/www.blackfridaydeals.ch\/wp-content\/uploads\/2023\/11\/credibilite-tous.png 1912w\" sizes=\"(max-width: 840px) 100vw, 840px\" \/><div class=\"wpsm-numhead wpsm-style4\"><span>20<\/span><h2>Seule une personne sur 10 ach\u00e8te pendant ses heures de travail lors du Black Friday<\/h2><\/div>\n<p>Aux \u00c9tats-Unis, le jeudi pr\u00e9c\u00e9dant le Black Friday est le jour f\u00e9ri\u00e9 de Thanksgiving. C&#8217;est pourquoi de nombreux Am\u00e9ricains font le pont et prennent leur vendredi. Par cons\u00e9quent, ils ont le temps de partir \u00e0 la chasse aux bonnes affaires. En Suisse, le Black Friday est un jour de travail normal et seulement 10% des Suisses se laissent distraire de leur travail par le Black Friday. Le reste ach\u00e8te soit avant, soit apr\u00e8s le travail, ou renonce totalement \u00e0 l&#8217;achat. Ces informations proviennent d&#8217;un sondage repr\u00e9sentatif men\u00e9 par DemoSCOPE pour le compte de <a href=\"https:\/\/www.blackfridaydeals.ch\/wp-content\/uploads\/2023\/03\/Umfrageresultate_Einkauf_waehrend_Arbeit_2022.pdf\">blackfridaydeals.ch<\/a>.<\/p>\n<div id=\"attachment_60758\" style=\"width: 850px\" class=\"wp-caption aligncenter\"><a href=\"https:\/\/www.blackfridaydeals.ch\/wp-content\/uploads\/2023\/03\/Umfrageresultat-Einkaufen-waehrend-Arbeitszeit-scaled.jpg\"><img aria-describedby=\"caption-attachment-60758\" decoding=\"async\" class=\"wp-image-60758 size-large\" src=\"https:\/\/www.blackfridaydeals.ch\/wp-content\/uploads\/2023\/03\/Umfrageresultat-Einkaufen-waehrend-Arbeitszeit-1024x470.jpg\" alt=\"R\u00e9sultat du sondage sur les achats pendant le travail\" width=\"840\" height=\"386\" srcset=\"https:\/\/www.blackfridaydeals.ch\/wp-content\/uploads\/2023\/03\/Umfrageresultat-Einkaufen-waehrend-Arbeitszeit-1024x470.jpg 1024w, https:\/\/www.blackfridaydeals.ch\/wp-content\/uploads\/2023\/03\/Umfrageresultat-Einkaufen-waehrend-Arbeitszeit-300x138.jpg 300w, https:\/\/www.blackfridaydeals.ch\/wp-content\/uploads\/2023\/03\/Umfrageresultat-Einkaufen-waehrend-Arbeitszeit-766x352.jpg 766w, https:\/\/www.blackfridaydeals.ch\/wp-content\/uploads\/2023\/03\/Umfrageresultat-Einkaufen-waehrend-Arbeitszeit-1536x705.jpg 1536w, https:\/\/www.blackfridaydeals.ch\/wp-content\/uploads\/2023\/03\/Umfrageresultat-Einkaufen-waehrend-Arbeitszeit-2048x941.jpg 2048w, https:\/\/www.blackfridaydeals.ch\/wp-content\/uploads\/2023\/03\/Umfrageresultat-Einkaufen-waehrend-Arbeitszeit-327x150.jpg 327w, https:\/\/www.blackfridaydeals.ch\/wp-content\/uploads\/2023\/03\/Umfrageresultat-Einkaufen-waehrend-Arbeitszeit-100x46.jpg 100w, https:\/\/www.blackfridaydeals.ch\/wp-content\/uploads\/2023\/03\/Umfrageresultat-Einkaufen-waehrend-Arbeitszeit-762x350.jpg 762w, https:\/\/www.blackfridaydeals.ch\/wp-content\/uploads\/2023\/03\/Umfrageresultat-Einkaufen-waehrend-Arbeitszeit-788x361.jpg 788w\" sizes=\"(max-width: 840px) 100vw, 840px\" \/><\/a><p id=\"caption-attachment-60758\" class=\"wp-caption-text\">Source : Sondage repr\u00e9sentatif DemoSCOPE 2022, pour le compte de blackfridaydeals.ch (marge d&#8217;erreur : 5%)<\/p><\/div>\n<div class=\"wpsm-numhead wpsm-style4\">\n<p><span>21<\/span><\/p>\n<\/div>\n<h2 id=\"Fakten\" style=\"padding-top: 100px; margin-top: -100px; padding-left: 50px;\">Le Black Friday 2026 aura lieu le 27 novembre<\/h2>\n<p>Le Black Friday a lieu chaque ann\u00e9e le lendemain de Thanksgiving. Cette f\u00eate am\u00e9ricaine se c\u00e9l\u00e8bre le quatri\u00e8me jeudi du mois de novembre. C&#8217;est pourquoi la date du Black Friday change chaque ann\u00e9e. En 2026, le Black Friday aura lieu le 27 novembre. Cependant, de nombreux commer\u00e7ants commencent d\u00e8s le lundi de la semaine du Black Friday, soit le 23 novembre, avec leurs premi\u00e8res offres.<\/p>\n<div class=\"wpsm-numhead wpsm-style4\"><span>22<\/span><h2>L&#8217;origine du nom Black Friday n&#8217;est pas claire<\/h2><\/div>\n<p>L&#8217;origine du nom Black Friday n&#8217;est pas d\u00e9finitivement \u00e9tablie, mais il existe plusieurs th\u00e9ories sur la raison de l&#8217;appellation &#8220;Black&#8221; pour ce vendredi :<\/p>\n<ul>\n<li><strong>Les mains noires \u00e0 force de compter l&#8217;argent<\/strong> : Une th\u00e8se sugg\u00e8re que le nom vient du fait que les commer\u00e7ants avaient les mains toutes noires \u00e0 force de compter les billets.<\/li>\n<li><strong>Des chiffres noirs plut\u00f4t que rouges en comptabilit\u00e9<\/strong> : Une autre possibilit\u00e9 est que les chiffres de la comptabilit\u00e9 soient pass\u00e9s du &#8220;rouge&#8221; (n\u00e9gatif) au &#8220;noir&#8221; (positif) gr\u00e2ce aux chiffres d&#8217;affaires \u00e9lev\u00e9s.<\/li>\n<li><strong>Tellement de gens que les rues devenaient noires<\/strong> : Le plus probable est que le nom vienne du fait que les rues \u00e9taient si pleines de clients qu&#8217;elles paraissaient toutes noires de loin.<\/li>\n<li><strong>Jour noir :<\/strong> Dans les ann\u00e9es 1960, la police de la circulation de Philadelphie a qualifi\u00e9 le lendemain de Thanksgiving de &#8220;Black Friday&#8221; parce que le trafic dense et les foules dans la ville provoquaient chaos et accidents.<\/li>\n<\/ul>\n<div class=\"wpsm-numhead wpsm-style4\"><span>23<\/span><h2>Manor a apport\u00e9 le Black Friday en Suisse<\/h2><\/div>\n<p>La cha\u00eene de grands magasins Manor a \u00e9t\u00e9 le premier grand d\u00e9taillant suisse \u00e0 proposer des offres pour le Black Friday en Suisse, et ce d\u00e8s le 27 novembre 2015. Les d\u00e9tenteurs et d\u00e9tentrices de la carte Manor ont pu b\u00e9n\u00e9ficier de 30% de rabais sur pratiquement tout l&#8217;assortiment. L&#8217;\u00e9v\u00e9nement a \u00e9t\u00e9 un tel succ\u00e8s que de nombreux autres commer\u00e7ants ont \u00e9galement propos\u00e9 des rabais Black Friday l&#8217;ann\u00e9e suivante. Depuis 2017, pratiquement tous les d\u00e9taillants suisses participent au Black Friday. <a href=\"https:\/\/www.presseportal.ch\/de\/pm\/100001185\/100780918\">Relisez ici le communiqu\u00e9 de presse de Manor de 2015<\/a>.<\/p>\n<div class=\"wpsm-numhead wpsm-style4\"><span>24<\/span><h2>Certains commer\u00e7ants boycottent le Black Friday ou m\u00e8nent des actions de durabilit\u00e9<\/h2><\/div>\n<p><a href=\"https:\/\/www.blackfridaydeals.ch\/wp-content\/uploads\/2023\/03\/Medienmitteilung-Konsumenten-verzichten-auf-Black-Friday.pdf\">La durabilit\u00e9 devient de plus en plus importante et le Black Friday est synonyme de surconsommation dans l&#8217;esprit de beaucoup.<\/a> Pour cette raison, certains commer\u00e7ants bravent la tendance des bonnes affaires du Black Friday et tentent de mettre la durabilit\u00e9 en avant. Ikea, par exemple, rach\u00e8te les vieux meubles au double du prix pendant la semaine du &#8220;Buyback Friday&#8221; pour les revendre d&#8217;occasion. En 2023, IKEA a <a href=\"https:\/\/www.ikea.com\/ch\/de\/newsroom\/corporate-news\/ikea-schweiz-erzielt-im-50-jubilaeumsjahr-zweistelliges-wachstum-und-senkt-preise-von-800-artikeln-pubc0643730\">d\u00e9clar\u00e9 avoir rachet\u00e9 plus de 19 000 meubles<\/a>. Un autre exemple est Jelmoli. Le grand magasin fait un don de 5 CHF pour chaque achat de plus de 50 CHF lors du Giving Tuesday (le mardi apr\u00e8s le Black Friday).<\/p>\n<div class=\"wpsm-numhead wpsm-style4\"><span>25<\/span><h2>D\u00e9sormais, le &#8220;Black Friday&#8221; a lieu tout au long du mois de novembre<\/h2><\/div>\n<p>De nombreux commer\u00e7ants ont pris l&#8217;habitude de proposer des bonnes affaires tout au long du mois de novembre, ou du moins \u00e0 partir du Singles Day (11.11.). Les d\u00e9partements marketing ont cr\u00e9\u00e9 de nouveaux termes pour cela, tels que Black November, Black Week (semaine du Black Friday), Cyber Week (semaine du Cyber Monday) ou Singles Week (semaine du Singles Day). MediaMarkt transforme m\u00eame certains vendredis de l&#8217;ann\u00e9e en <em>Red Friday<\/em>, en r\u00e9f\u00e9rence \u00e0 son logo rouge et au Black Friday.<\/p>\n<div class=\"wpsm-numhead wpsm-style4\"><span>26<\/span><h2>En 2018, Black Friday \u00e9tait le 9\u00e8me terme le plus recherch\u00e9 sur Google<\/h2><\/div>\n<p>En 2018, le Black Friday a fortement occup\u00e9 la Suisse. Sur Google, l&#8217;\u00e9v\u00e9nement shopping a atteint le <a href=\"https:\/\/trends.google.de\/trends\/yis\/2018\/CH\/\">9\u00e8me rang des recherches<\/a>. Des sujets comme la Coupe du Monde, l&#8217;Open d&#8217;Australie ou Wimbledon \u00e9taient plus importants. En revanche, l&#8217;Eurovision a \u00e9t\u00e9 moins recherch\u00e9.<\/p>\n<div id=\"attachment_49979\" style=\"width: 850px\" class=\"wp-caption aligncenter\"><img aria-describedby=\"caption-attachment-49979\" decoding=\"async\" class=\"wp-image-49979 size-large\" src=\"https:\/\/www.blackfridaydeals.ch\/wp-content\/uploads\/2022\/05\/Google-Trends-2018-1024x752.png\" alt=\"Google Trends 2018 Suisse\" width=\"840\" height=\"617\" srcset=\"https:\/\/www.blackfridaydeals.ch\/wp-content\/uploads\/2022\/05\/Google-Trends-2018-1024x752.png 1024w, https:\/\/www.blackfridaydeals.ch\/wp-content\/uploads\/2022\/05\/Google-Trends-2018-300x220.png 300w, https:\/\/www.blackfridaydeals.ch\/wp-content\/uploads\/2022\/05\/Google-Trends-2018-768x564.png 768w, https:\/\/www.blackfridaydeals.ch\/wp-content\/uploads\/2022\/05\/Google-Trends-2018-1536x1128.png 1536w, https:\/\/www.blackfridaydeals.ch\/wp-content\/uploads\/2022\/05\/Google-Trends-2018-2048x1505.png 2048w, https:\/\/www.blackfridaydeals.ch\/wp-content\/uploads\/2022\/05\/Google-Trends-2018-788x578.png 788w, https:\/\/www.blackfridaydeals.ch\/wp-content\/uploads\/2022\/05\/Google-Trends-2018-150x110.png 150w, https:\/\/www.blackfridaydeals.ch\/wp-content\/uploads\/2022\/05\/Google-Trends-2018.png 1564w\" sizes=\"(max-width: 840px) 100vw, 840px\" \/><p id=\"caption-attachment-49979\" class=\"wp-caption-text\">Capture d&#8217;\u00e9cran : Google Trends, R\u00e9trospective de l&#8217;ann\u00e9e 2018 Suisse<\/p><\/div>\n<p>Depuis, le Black Friday n&#8217;est plus apparu dans le top des termes de recherche de l&#8217;ann\u00e9e sur Google.<\/p>\n<div class=\"wpsm-numhead wpsm-style4\">\n<p><span>27<\/span><\/p>\n<\/div>\n<h2 id=\"Shoppingtage\" style=\"padding-top: 100px; margin-top: -100px; padding-left: 50px;\">Le Black Friday n&#8217;est que le deuxi\u00e8me plus grand \u00e9v\u00e9nement de shopping au monde<\/h2>\n<p>Bien qu&#8217;en Suisse, en Europe et aux \u00c9tats-Unis, le Black Friday soit de loin la journ\u00e9e de shopping la plus importante, il n&#8217;occupe que la deuxi\u00e8me place mondiale en termes de chiffre d&#8217;affaires. \u00c0 la premi\u00e8re place tr\u00f4ne le Singles Day, tr\u00e8s populaire surtout en Asie, qui a lieu le 11 novembre. Rien que les deux plateformes c\u00e9l\u00e8bres JD.com et Alibaba Group ont atteint <a href=\"https:\/\/www.cnbc.com\/2021\/11\/12\/china-singles-day-2021-alibaba-jd-hit-record-139-billion-of-sales.html\">selon CNBC<\/a> un chiffre d&#8217;affaires de 139 milliards de USD en 2021. Ces chiffres se r\u00e9f\u00e8rent toutefois \u00e0 une p\u00e9riode de onze jours durant laquelle les promotions \u00e9taient valables sur les sites de vente en ligne. Pour les derni\u00e8res ann\u00e9es, il n&#8217;y a malheureusement pas de chiffres officiels d&#8217;Alibaba et JD.com concernant le Singles Day. <a href=\"https:\/\/www.srf.ch\/news\/wirtschaft\/china-im-kaufrausch-gegen-den-singles-day-ist-der-black-friday-ein-nasenwasser\">Des estimations<\/a> tablent d\u00e9sormais sur un chiffre d&#8217;affaires de plus de 200 milliards de dollars am\u00e9ricains pour la p\u00e9riode de onze jours du Singles Day, bien que la croissance ait \u00e9t\u00e9 nettement frein\u00e9e ces derni\u00e8res ann\u00e9es.<\/p>\n<div class=\"wpsm-numhead wpsm-style4\"><span>28<\/span><h2>Le Cyber Monday g\u00e9n\u00e8re \u00e9galement plus de chiffre d&#8217;affaires en ligne que le Black Friday<\/h2><\/div>\n<p>Le Cyber Monday a \u00e9t\u00e9 cr\u00e9\u00e9 en 2005 dans le cadre d&#8217;une campagne marketing de la f\u00e9d\u00e9ration am\u00e9ricaine du commerce. Pourtant, bien que le Cyber Monday soit nettement plus jeune que le Black Friday, il g\u00e9n\u00e8re d\u00e9j\u00e0 un chiffre d&#8217;affaires en ligne plus \u00e9lev\u00e9 aux \u00c9tats-Unis. En 2025, le chiffre d&#8217;affaires aux \u00c9tats-Unis a \u00e9t\u00e9 estim\u00e9 <a href=\"https:\/\/news.adobe.com\/news\/2025\/12\/adobe-cyber-monday-hits-record\">par Adobe<\/a> \u00e0 14,2 milliards de USD (contre 12 milliards de USD pour le Black Friday). Le succ\u00e8s du Cyber Monday s&#8217;explique probablement par le fait qu&#8217;il s&#8217;agit de la derni\u00e8re journ\u00e9e de shopping de l&#8217;ann\u00e9e et que les clients n&#8217;attendent donc plus de meilleures offres. En Suisse, lors du Cyber Monday 2025, environ 75 millions de CHF ont \u00e9t\u00e9 r\u00e9alis\u00e9s dans le commerce en ligne selon les projections de blackfridaydeals.ch, soit un peu moins que lors du Black Friday (120 millions de CHF).<\/p>\n<div class=\"wpsm-numhead wpsm-style4\"><span>29<\/span><h2>Le Singles Day comme &#8220;Anti-Saint-Valentin&#8221; et pendant chinois du Black Friday<\/h2><\/div>\n<p>Contrairement au Black Friday, on sait comment le Singles Day est n\u00e9 et d&#8217;o\u00f9 vient son nom. Dans les ann\u00e9es 1990, la journ\u00e9e a \u00e9t\u00e9 cr\u00e9\u00e9e par des \u00e9tudiants chinois pour c\u00e9l\u00e9brer le mode de vie des c\u00e9libataires. <span>La date du 11.11. a \u00e9t\u00e9 choisie en raison des quatre &#8220;un&#8221;, qui symbolisent le fait d&#8217;\u00eatre seul et ind\u00e9pendant en tant que c\u00e9libataire. <\/span><\/p>\n<p><span>En 2009, Alibaba a transform\u00e9 cette journ\u00e9e en f\u00eate du shopping pour la premi\u00e8re fois. La premi\u00e8re ann\u00e9e, <a href=\"https:\/\/www.forbes.com\/sites\/ahylee\/2016\/11\/07\/how-alibaba-turned-chinas-singles-day-into-the-worlds-biggest-shopping-bonanza\/?sh=737b4a0576c0\">seuls 7 millions de USD de marchandises ont \u00e9t\u00e9 vendus<\/a> (en 2021, la derni\u00e8re ann\u00e9e avec des chiffres officiels, c&#8217;\u00e9tait d\u00e9j\u00e0 plus de 130 milliards de USD). En r\u00e9f\u00e9rence \u00e0 la date, les commer\u00e7ants accordent traditionnellement des rabais de 11% sur tout ou partie de l&#8217;assortiment. Parfois, on offre aussi des multiples de 11%, soit 22% ou 33%. <\/span><\/p>\n<p><span>En Suisse, le Singles Day 2025 a g\u00e9n\u00e9r\u00e9 environ 70 millions de CHF de chiffre d&#8217;affaires en ligne, soit un peu plus que l&#8217;ann\u00e9e pr\u00e9c\u00e9dente (65 millions de CHF). <\/span><\/p>\n<p><img decoding=\"async\" class=\"aligncenter wp-image-110102 size-large\" src=\"https:\/\/www.blackfridaydeals.ch\/wp-content\/uploads\/2026\/02\/Singles-Day-CA-en-Suisse-1024x696.png\" alt=\"\" width=\"840\" height=\"571\" srcset=\"https:\/\/www.blackfridaydeals.ch\/wp-content\/uploads\/2026\/02\/Singles-Day-CA-en-Suisse-1024x696.png 1024w, https:\/\/www.blackfridaydeals.ch\/wp-content\/uploads\/2026\/02\/Singles-Day-CA-en-Suisse-300x204.png 300w, https:\/\/www.blackfridaydeals.ch\/wp-content\/uploads\/2026\/02\/Singles-Day-CA-en-Suisse-767x521.png 767w, https:\/\/www.blackfridaydeals.ch\/wp-content\/uploads\/2026\/02\/Singles-Day-CA-en-Suisse-1536x1043.png 1536w, https:\/\/www.blackfridaydeals.ch\/wp-content\/uploads\/2026\/02\/Singles-Day-CA-en-Suisse-2048x1391.png 2048w, https:\/\/www.blackfridaydeals.ch\/wp-content\/uploads\/2026\/02\/Singles-Day-CA-en-Suisse-221x150.png 221w, https:\/\/www.blackfridaydeals.ch\/wp-content\/uploads\/2026\/02\/Singles-Day-CA-en-Suisse-100x68.png 100w, https:\/\/www.blackfridaydeals.ch\/wp-content\/uploads\/2026\/02\/Singles-Day-CA-en-Suisse-515x350.png 515w, https:\/\/www.blackfridaydeals.ch\/wp-content\/uploads\/2026\/02\/Singles-Day-CA-en-Suisse-788x535.png 788w, https:\/\/www.blackfridaydeals.ch\/wp-content\/uploads\/2026\/02\/Singles-Day-CA-en-Suisse.png 1643w\" sizes=\"(max-width: 840px) 100vw, 840px\" \/><\/p>\n<p>D&#8217;une mani\u00e8re g\u00e9n\u00e9rale, on peut dire que le Singles Day n&#8217;a pas encore r\u00e9ussi \u00e0 s&#8217;implanter durablement en Suisse. <a href=\"https:\/\/www.blackfridaydeals.ch\/fr\/news\/le-singles-day-peine-a-simposer\/\">Selon un sondage repr\u00e9sentatif de blackfridaydeals.ch de novembre 2023<\/a>, seulement 5% des personnes interrog\u00e9es pr\u00e9voyaient un achat lors du Singles Day.<\/p>\n<p><img decoding=\"async\" class=\"aligncenter wp-image-67032 size-large\" src=\"https:\/\/www.blackfridaydeals.ch\/wp-content\/uploads\/2023\/11\/sondage-Singles-Day-tous-1024x575.png\" alt=\"\" width=\"840\" height=\"472\" srcset=\"https:\/\/www.blackfridaydeals.ch\/wp-content\/uploads\/2023\/11\/sondage-Singles-Day-tous-1024x575.png 1024w, https:\/\/www.blackfridaydeals.ch\/wp-content\/uploads\/2023\/11\/sondage-Singles-Day-tous-300x168.png 300w, https:\/\/www.blackfridaydeals.ch\/wp-content\/uploads\/2023\/11\/sondage-Singles-Day-tous-767x431.png 767w, https:\/\/www.blackfridaydeals.ch\/wp-content\/uploads\/2023\/11\/sondage-Singles-Day-tous-1536x863.png 1536w, https:\/\/www.blackfridaydeals.ch\/wp-content\/uploads\/2023\/11\/sondage-Singles-Day-tous-2048x1150.png 2048w, https:\/\/www.blackfridaydeals.ch\/wp-content\/uploads\/2023\/11\/sondage-Singles-Day-tous-267x150.png 267w, https:\/\/www.blackfridaydeals.ch\/wp-content\/uploads\/2023\/11\/sondage-Singles-Day-tous-100x56.png 100w, https:\/\/www.blackfridaydeals.ch\/wp-content\/uploads\/2023\/11\/sondage-Singles-Day-tous-623x350.png 623w, https:\/\/www.blackfridaydeals.ch\/wp-content\/uploads\/2023\/11\/sondage-Singles-Day-tous-788x442.png 788w, https:\/\/www.blackfridaydeals.ch\/wp-content\/uploads\/2023\/11\/sondage-Singles-Day-tous.png 1914w\" sizes=\"(max-width: 840px) 100vw, 840px\" \/><\/p>\n<p>Il est toutefois int\u00e9ressant de noter que, selon une \u00e9tude de 2025, seulement un peu plus de la moiti\u00e9 des consommateurs de ce pays pr\u00e9f\u00e8rent clairement les boutiques suisses.<\/p>\n<p><img decoding=\"async\" class=\"aligncenter wp-image-101323 size-large\" src=\"https:\/\/www.blackfridaydeals.ch\/wp-content\/uploads\/2025\/11\/sondage-SD-shops-etrangers-1024x603.jpg\" alt=\"\" width=\"840\" height=\"495\" srcset=\"https:\/\/www.blackfridaydeals.ch\/wp-content\/uploads\/2025\/11\/sondage-SD-shops-etrangers-1024x603.jpg 1024w, https:\/\/www.blackfridaydeals.ch\/wp-content\/uploads\/2025\/11\/sondage-SD-shops-etrangers-300x177.jpg 300w, https:\/\/www.blackfridaydeals.ch\/wp-content\/uploads\/2025\/11\/sondage-SD-shops-etrangers-767x452.jpg 767w, https:\/\/www.blackfridaydeals.ch\/wp-content\/uploads\/2025\/11\/sondage-SD-shops-etrangers-1536x905.jpg 1536w, https:\/\/www.blackfridaydeals.ch\/wp-content\/uploads\/2025\/11\/sondage-SD-shops-etrangers-2048x1206.jpg 2048w, https:\/\/www.blackfridaydeals.ch\/wp-content\/uploads\/2025\/11\/sondage-SD-shops-etrangers-255x150.jpg 255w, https:\/\/www.blackfridaydeals.ch\/wp-content\/uploads\/2025\/11\/sondage-SD-shops-etrangers-100x59.jpg 100w, https:\/\/www.blackfridaydeals.ch\/wp-content\/uploads\/2025\/11\/sondage-SD-shops-etrangers-594x350.jpg 594w, https:\/\/www.blackfridaydeals.ch\/wp-content\/uploads\/2025\/11\/sondage-SD-shops-etrangers-788x464.jpg 788w\" sizes=\"(max-width: 840px) 100vw, 840px\" \/><\/p>\n<div class=\"wpsm-numhead wpsm-style4\"><span>30<\/span><h2>Black Friday Summer et Amazon Prime Day<\/h2><\/div>\n<p>Certaines voix disent que le Black Friday arrive au mauvais moment. Les commer\u00e7ants ont d\u00e9j\u00e0 beaucoup \u00e0 faire \u00e0 cause des f\u00eates de No\u00ebl. Le Black Friday cannibalise donc les affaires lucratives de No\u00ebl. Pour cette raison, et bien s\u00fbr pour stimuler le chiffre d&#8217;affaires, le commerce de d\u00e9tail a tent\u00e9 de copier le succ\u00e8s du Black Friday en \u00e9t\u00e9. De 2019 \u00e0 2022, plusieurs grandes marques comme MediaMarkt ou yallo ont tent\u00e9 un &#8220;Black Friday in Summer&#8221;. Ces efforts ont toutefois \u00e9t\u00e9 abandonn\u00e9s entre-temps.<\/p>\n<p>Le Prime Day est la version propre \u00e0 Amazon du Summer Black Friday et la r\u00e9ponse du g\u00e9ant am\u00e9ricain de la vente en ligne au Singles Day d&#8217;Alibaba.<\/p>\n<p>Pour d&#8217;autres chiffres, faits et coulisses du Black Friday, veuillez contacter notre <a href=\"https:\/\/www.blackfridaydeals.ch\/fr\/contact\/\">interlocuteur pour les m\u00e9dias : Julian Zrotz<\/a>.[\/vc_column_text][vc_btn title=&#8221;Afficher les faits incroyables sur le Black Friday&#8221; color=&#8221;inverse&#8221; align=&#8221;center&#8221; link=&#8221;url:https%3A%2F%2Fwww.blackfridaydeals.ch%2Fblack-friday-fakten%2F||target:%20_blank|&#8221;][vc_empty_space height=&#8221;62px&#8221;][vc_column_text]<\/p>\n<div id=\"presse\"><\/div>\n<p>[\/vc_column_text][\/vc_column][\/vc_row]<\/p>\n","protected":false},"excerpt":{"rendered":"<p>[vc_row][vc_column][vc_column_text] Chiffres, analyses, statistiques, sondages et faits sur le Black Friday en Suisse Les principaux chiffres et faits concernant le Black Friday en Suisse dans une grande vue d&#8217;ensemble. Nous avons rassembl\u00e9 les informations, chiffres, statistiques et r\u00e9sultats de sondages les plus importants sur le Black Friday, le Singles Day et le Cyber Monday. [\/vc_column_text][vc_column_text] [&hellip;]<\/p>\n","protected":false},"author":40,"featured_media":73782,"parent":0,"menu_order":0,"comment_status":"closed","ping_status":"closed","template":"","meta":[],"yoast_head":"<!-- This site is optimized with the Yoast SEO plugin v20.5 - https:\/\/yoast.com\/wordpress\/plugins\/seo\/ -->\n<title>Black Friday: Chiffre d&#039;affaires, donn\u00e9es, statistiques et sondages<\/title>\n<meta name=\"description\" content=\"Les faits et les chiffres importants concernant le Black Friday 2026 en Suisse dans un large aper\u00e7u. Donn\u00e9es, statistiques, sondages.\" \/>\n<meta name=\"robots\" content=\"index, follow, max-snippet:-1, max-image-preview:large, max-video-preview:-1\" \/>\n<link rel=\"canonical\" href=\"https:\/\/www.blackfridaydeals.ch\/fr\/chiffres-black-friday-suisse\/\" \/>\n<meta property=\"og:locale\" content=\"fr_FR\" \/>\n<meta property=\"og:type\" content=\"article\" \/>\n<meta property=\"og:title\" content=\"Black Friday: Chiffre d&#039;affaires, donn\u00e9es, statistiques et sondages\" \/>\n<meta property=\"og:description\" content=\"Les faits et les chiffres importants concernant le Black Friday 2026 en Suisse dans un large aper\u00e7u. Donn\u00e9es, statistiques, sondages.\" \/>\n<meta property=\"og:url\" content=\"https:\/\/www.blackfridaydeals.ch\/fr\/chiffres-black-friday-suisse\/\" \/>\n<meta property=\"og:site_name\" content=\"blackfridaydeals.ch\" \/>\n<meta property=\"article:publisher\" content=\"https:\/\/www.facebook.com\/blackfridaydealsch\/\" \/>\n<meta property=\"article:modified_time\" content=\"2026-02-26T14:58:37+00:00\" \/>\n<meta property=\"og:image\" content=\"https:\/\/www.blackfridaydeals.ch\/wp-content\/uploads\/2023\/11\/chiffre-daffaires-black-friday-online-et-offline-2023-scaled.jpg\" \/>\n\t<meta property=\"og:image:width\" content=\"2560\" \/>\n\t<meta property=\"og:image:height\" content=\"1779\" \/>\n\t<meta property=\"og:image:type\" content=\"image\/jpeg\" \/>\n<meta name=\"twitter:card\" content=\"summary_large_image\" \/>\n<meta name=\"twitter:site\" content=\"@blackfridaych\" \/>\n<meta name=\"twitter:label1\" content=\"Est. reading time\" \/>\n\t<meta name=\"twitter:data1\" content=\"23 minutes\" \/>\n<script type=\"application\/ld+json\" class=\"yoast-schema-graph\">{\"@context\":\"https:\/\/schema.org\",\"@graph\":[{\"@type\":\"WebPage\",\"@id\":\"https:\/\/www.blackfridaydeals.ch\/fr\/chiffres-black-friday-suisse\/\",\"url\":\"https:\/\/www.blackfridaydeals.ch\/fr\/chiffres-black-friday-suisse\/\",\"name\":\"Black Friday: Chiffre d'affaires, donn\u00e9es, statistiques et sondages\",\"isPartOf\":{\"@id\":\"https:\/\/www.blackfridaydeals.ch\/fr\/#website\"},\"datePublished\":\"2022-09-30T07:19:06+00:00\",\"dateModified\":\"2026-02-26T14:58:37+00:00\",\"description\":\"Les faits et les chiffres importants concernant le Black Friday 2026 en Suisse dans un large aper\u00e7u. Donn\u00e9es, statistiques, sondages.\",\"breadcrumb\":{\"@id\":\"https:\/\/www.blackfridaydeals.ch\/fr\/chiffres-black-friday-suisse\/#breadcrumb\"},\"inLanguage\":\"fr-CH\",\"potentialAction\":[{\"@type\":\"ReadAction\",\"target\":[\"https:\/\/www.blackfridaydeals.ch\/fr\/chiffres-black-friday-suisse\/\"]}]},{\"@type\":\"BreadcrumbList\",\"@id\":\"https:\/\/www.blackfridaydeals.ch\/fr\/chiffres-black-friday-suisse\/#breadcrumb\",\"itemListElement\":[{\"@type\":\"ListItem\",\"position\":1,\"name\":\"Startseite\",\"item\":\"https:\/\/www.blackfridaydeals.ch\/fr\/\"},{\"@type\":\"ListItem\",\"position\":2,\"name\":\"Chiffres, donn\u00e9es, statistiques, sondages et faits concernant le Black Friday en Suisse\"}]},{\"@type\":\"WebSite\",\"@id\":\"https:\/\/www.blackfridaydeals.ch\/fr\/#website\",\"url\":\"https:\/\/www.blackfridaydeals.ch\/fr\/\",\"name\":\"blackfridaydeals.ch\",\"description\":\"Toutes les offres du Black Friday 2025 en Suisse\",\"publisher\":{\"@id\":\"https:\/\/www.blackfridaydeals.ch\/fr\/#organization\"},\"alternateName\":\"Black Friday Deals\",\"potentialAction\":[{\"@type\":\"SearchAction\",\"target\":{\"@type\":\"EntryPoint\",\"urlTemplate\":\"https:\/\/www.blackfridaydeals.ch\/fr\/?s={search_term_string}\"},\"query-input\":\"required name=search_term_string\"}],\"inLanguage\":\"fr-CH\"},{\"@type\":\"Organization\",\"@id\":\"https:\/\/www.blackfridaydeals.ch\/fr\/#organization\",\"name\":\"blackfridaydeals.ch\",\"alternateName\":\"Black Friday Deals\",\"url\":\"https:\/\/www.blackfridaydeals.ch\/fr\/\",\"logo\":{\"@type\":\"ImageObject\",\"inLanguage\":\"fr-CH\",\"@id\":\"https:\/\/www.blackfridaydeals.ch\/fr\/#\/schema\/logo\/image\/\",\"url\":\"https:\/\/www.blackfridaydeals.ch\/wp-content\/uploads\/2023\/03\/app-icon-white-bg-jpg.jpg\",\"contentUrl\":\"https:\/\/www.blackfridaydeals.ch\/wp-content\/uploads\/2023\/03\/app-icon-white-bg-jpg.jpg\",\"width\":512,\"height\":512,\"caption\":\"blackfridaydeals.ch\"},\"image\":{\"@id\":\"https:\/\/www.blackfridaydeals.ch\/fr\/#\/schema\/logo\/image\/\"},\"sameAs\":[\"https:\/\/www.facebook.com\/blackfridaydealsch\/\",\"https:\/\/twitter.com\/blackfridaych\",\"https:\/\/www.youtube.com\/channel\/UCNKXHacMw8AS34mBgzVx3FQ\",\"https:\/\/www.instagram.com\/blackfridaydeals.ch\/\"]}]}<\/script>\n<!-- \/ Yoast SEO plugin. -->","yoast_head_json":{"title":"Black Friday: Chiffre d'affaires, donn\u00e9es, statistiques et sondages","description":"Les faits et les chiffres importants concernant le Black Friday 2026 en Suisse dans un large aper\u00e7u. Donn\u00e9es, statistiques, sondages.","robots":{"index":"index","follow":"follow","max-snippet":"max-snippet:-1","max-image-preview":"max-image-preview:large","max-video-preview":"max-video-preview:-1"},"canonical":"https:\/\/www.blackfridaydeals.ch\/fr\/chiffres-black-friday-suisse\/","og_locale":"fr_FR","og_type":"article","og_title":"Black Friday: Chiffre d'affaires, donn\u00e9es, statistiques et sondages","og_description":"Les faits et les chiffres importants concernant le Black Friday 2026 en Suisse dans un large aper\u00e7u. Donn\u00e9es, statistiques, sondages.","og_url":"https:\/\/www.blackfridaydeals.ch\/fr\/chiffres-black-friday-suisse\/","og_site_name":"blackfridaydeals.ch","article_publisher":"https:\/\/www.facebook.com\/blackfridaydealsch\/","article_modified_time":"2026-02-26T14:58:37+00:00","og_image":[{"width":2560,"height":1779,"url":"https:\/\/www.blackfridaydeals.ch\/wp-content\/uploads\/2023\/11\/chiffre-daffaires-black-friday-online-et-offline-2023-scaled.jpg","type":"image\/jpeg"}],"twitter_card":"summary_large_image","twitter_site":"@blackfridaych","twitter_misc":{"Est. reading time":"23 minutes"},"schema":{"@context":"https:\/\/schema.org","@graph":[{"@type":"WebPage","@id":"https:\/\/www.blackfridaydeals.ch\/fr\/chiffres-black-friday-suisse\/","url":"https:\/\/www.blackfridaydeals.ch\/fr\/chiffres-black-friday-suisse\/","name":"Black Friday: Chiffre d'affaires, donn\u00e9es, statistiques et sondages","isPartOf":{"@id":"https:\/\/www.blackfridaydeals.ch\/fr\/#website"},"datePublished":"2022-09-30T07:19:06+00:00","dateModified":"2026-02-26T14:58:37+00:00","description":"Les faits et les chiffres importants concernant le Black Friday 2026 en Suisse dans un large aper\u00e7u. Donn\u00e9es, statistiques, sondages.","breadcrumb":{"@id":"https:\/\/www.blackfridaydeals.ch\/fr\/chiffres-black-friday-suisse\/#breadcrumb"},"inLanguage":"fr-CH","potentialAction":[{"@type":"ReadAction","target":["https:\/\/www.blackfridaydeals.ch\/fr\/chiffres-black-friday-suisse\/"]}]},{"@type":"BreadcrumbList","@id":"https:\/\/www.blackfridaydeals.ch\/fr\/chiffres-black-friday-suisse\/#breadcrumb","itemListElement":[{"@type":"ListItem","position":1,"name":"Startseite","item":"https:\/\/www.blackfridaydeals.ch\/fr\/"},{"@type":"ListItem","position":2,"name":"Chiffres, donn\u00e9es, statistiques, sondages et faits concernant le Black Friday en Suisse"}]},{"@type":"WebSite","@id":"https:\/\/www.blackfridaydeals.ch\/fr\/#website","url":"https:\/\/www.blackfridaydeals.ch\/fr\/","name":"blackfridaydeals.ch","description":"Toutes les offres du Black Friday 2025 en Suisse","publisher":{"@id":"https:\/\/www.blackfridaydeals.ch\/fr\/#organization"},"alternateName":"Black Friday Deals","potentialAction":[{"@type":"SearchAction","target":{"@type":"EntryPoint","urlTemplate":"https:\/\/www.blackfridaydeals.ch\/fr\/?s={search_term_string}"},"query-input":"required name=search_term_string"}],"inLanguage":"fr-CH"},{"@type":"Organization","@id":"https:\/\/www.blackfridaydeals.ch\/fr\/#organization","name":"blackfridaydeals.ch","alternateName":"Black Friday Deals","url":"https:\/\/www.blackfridaydeals.ch\/fr\/","logo":{"@type":"ImageObject","inLanguage":"fr-CH","@id":"https:\/\/www.blackfridaydeals.ch\/fr\/#\/schema\/logo\/image\/","url":"https:\/\/www.blackfridaydeals.ch\/wp-content\/uploads\/2023\/03\/app-icon-white-bg-jpg.jpg","contentUrl":"https:\/\/www.blackfridaydeals.ch\/wp-content\/uploads\/2023\/03\/app-icon-white-bg-jpg.jpg","width":512,"height":512,"caption":"blackfridaydeals.ch"},"image":{"@id":"https:\/\/www.blackfridaydeals.ch\/fr\/#\/schema\/logo\/image\/"},"sameAs":["https:\/\/www.facebook.com\/blackfridaydealsch\/","https:\/\/twitter.com\/blackfridaych","https:\/\/www.youtube.com\/channel\/UCNKXHacMw8AS34mBgzVx3FQ","https:\/\/www.instagram.com\/blackfridaydeals.ch\/"]}]}},"_links":{"self":[{"href":"https:\/\/www.blackfridaydeals.ch\/fr\/wp-json\/wp\/v2\/pages\/51020"}],"collection":[{"href":"https:\/\/www.blackfridaydeals.ch\/fr\/wp-json\/wp\/v2\/pages"}],"about":[{"href":"https:\/\/www.blackfridaydeals.ch\/fr\/wp-json\/wp\/v2\/types\/page"}],"author":[{"embeddable":true,"href":"https:\/\/www.blackfridaydeals.ch\/fr\/wp-json\/wp\/v2\/users\/40"}],"replies":[{"embeddable":true,"href":"https:\/\/www.blackfridaydeals.ch\/fr\/wp-json\/wp\/v2\/comments?post=51020"}],"version-history":[{"count":45,"href":"https:\/\/www.blackfridaydeals.ch\/fr\/wp-json\/wp\/v2\/pages\/51020\/revisions"}],"predecessor-version":[{"id":110105,"href":"https:\/\/www.blackfridaydeals.ch\/fr\/wp-json\/wp\/v2\/pages\/51020\/revisions\/110105"}],"wp:featuredmedia":[{"embeddable":true,"href":"https:\/\/www.blackfridaydeals.ch\/fr\/wp-json\/wp\/v2\/media\/73782"}],"wp:attachment":[{"href":"https:\/\/www.blackfridaydeals.ch\/fr\/wp-json\/wp\/v2\/media?parent=51020"}],"curies":[{"name":"wp","href":"https:\/\/api.w.org\/{rel}","templated":true}]}}