{"id":38212,"date":"2021-10-27T10:15:14","date_gmt":"2021-10-27T08:15:14","guid":{"rendered":"https:\/\/www.blackfridaydeals.ch\/?page_id=38212"},"modified":"2025-02-07T15:03:38","modified_gmt":"2025-02-07T14:03:38","slug":"ordinateurs-portables-black-friday","status":"publish","type":"page","link":"https:\/\/www.blackfridaydeals.ch\/fr\/ordinateurs-portables-black-friday\/","title":{"rendered":"Les meilleures offres sur les ordinateurs portables au Black Friday"},"content":{"rendered":"<p>[vc_row][vc_column]\n[vc_column_text]<\/p>\n<p style=\"text-align: center;\"><img decoding=\"async\" class=\"alignright size-medium wp-image-37299\" src=\"https:\/\/www.blackfridaydeals.ch\/wp-content\/uploads\/2021\/10\/laptop-g9e46798c9_1920-300x200.jpg\" alt=\"\" width=\"300\" height=\"200\" srcset=\"https:\/\/www.blackfridaydeals.ch\/wp-content\/uploads\/2021\/10\/laptop-g9e46798c9_1920-300x200.jpg 300w, https:\/\/www.blackfridaydeals.ch\/wp-content\/uploads\/2021\/10\/laptop-g9e46798c9_1920-1024x683.jpg 1024w, https:\/\/www.blackfridaydeals.ch\/wp-content\/uploads\/2021\/10\/laptop-g9e46798c9_1920-768x512.jpg 768w, https:\/\/www.blackfridaydeals.ch\/wp-content\/uploads\/2021\/10\/laptop-g9e46798c9_1920-1536x1024.jpg 1536w, https:\/\/www.blackfridaydeals.ch\/wp-content\/uploads\/2021\/10\/laptop-g9e46798c9_1920-2048x1365.jpg 2048w, https:\/\/www.blackfridaydeals.ch\/wp-content\/uploads\/2021\/10\/laptop-g9e46798c9_1920-788x525.jpg 788w, https:\/\/www.blackfridaydeals.ch\/wp-content\/uploads\/2021\/10\/laptop-g9e46798c9_1920-150x100.jpg 150w, https:\/\/www.blackfridaydeals.ch\/wp-content\/uploads\/2021\/10\/laptop-g9e46798c9_1920.jpg 1920w\" sizes=\"(max-width: 300px) 100vw, 300px\" \/><br \/>\n<a href=\"https:\/\/www.blackfridaydeals.ch\/fr\/electronique-divertissement\/\" target=\"_blank\" style=\"border-radius:5px\" class=\"wpsm-button btncolor medium rehub_btn_color\"><i class=\"rhicon rhi-none\"><\/i>Afficher tous les deals \u00e9lectroniques<\/a><\/p>\n<p>Qu\u2019il s\u2019agisse d\u2019\u00e9tudes, de travail ou de loisirs, la plupart des Suisses poss\u00e8dent aujourd\u2019hui un ordinateur portable ou une tablette. Les mod\u00e8les de grandes marques s\u2019av\u00e8rent parfois on\u00e9reux et n\u00e9cessitent d\u2019\u00e9pargner quelques mois avant de pouvoir se les offrir. Cependant, le <a href=\"https:\/\/www.blackfridaydeals.ch\/fr\/\">Black Friday<\/a> 2026 repr\u00e9sente une excellente opportunit\u00e9 pour r\u00e9aliser des \u00e9conomies substantielles, souvent bien au-del\u00e0 de 100\u00a0francs. Vous trouverez ci-dessous un aper\u00e7u des offres qui pourraient vous int\u00e9resser.<\/p>\n<h2>Les offres sur les ordinateurs portables au Black Friday 2026<\/h2>\n<p>Vous cherchez un nouveau laptop\u00a0? Le Black Friday 2026 pourrait vous permettre de profiter de remises importantes. De nombreux revendeurs d\u2019\u00e9lectronique mettent en place des soldes sp\u00e9cifiques, avec parfois des baisses de prix allant jusqu\u2019\u00e0 \u201380\u00a0% sur certains articles s\u00e9lectionn\u00e9s. Ces rabais portent g\u00e9n\u00e9ralement sur les mod\u00e8les les plus r\u00e9cents, les best-sellers ou des r\u00e9f\u00e9rences que les boutiques souhaitent mettre en avant.<\/p>\n<p>Parmi les ordinateurs portables populaires, on trouve par exemple le <strong>MacBook Air M2<\/strong> (disponible en version 13\u00a0pouces ou 15\u00a0pouces), qui s\u00e9duit pour son design \u00e9pur\u00e9 et ses performances, ou encore le <strong>Lenovo IdeaPad Slim\u00a03 (2023)<\/strong> au format 15,6\u00a0pouces, id\u00e9al pour un usage polyvalent. Les marques comme HP, Dell ou ASUS proposent \u00e9galement des gammes actualis\u00e9es cette ann\u00e9e, adapt\u00e9es \u00e0 tous les budgets\u00a0: de la bureautique l\u00e9g\u00e8re au gaming plus exigeant.<\/p>\n<p>Vous trouverez ainsi largement de quoi satisfaire vos envies sans exploser votre budget. Gardez \u00e0 l\u2019esprit que ces appareils peuvent atteindre leurs meilleurs prix de l\u2019ann\u00e9e \u00e0 la fin novembre, raison pour laquelle il est souvent sage de patienter jusqu\u2019au Black Friday 2026 si l\u2019on n\u2019est pas press\u00e9.<\/p>\n<h2>Tablettes \u00e0 bas prix au Black Friday 2026<\/h2>\n<p>Pour certains usages (naviguer sur le Web, regarder des vid\u00e9os, lire ou travailler en d\u00e9placement), une tablette peut se r\u00e9v\u00e9ler plus ergonomique qu\u2019un PC portable. Les tablettes se d\u00e9clinent dans plusieurs marques et syst\u00e8mes d\u2019exploitation. Citons par exemple l\u2019<strong>iPad Air (5e\u00a0g\u00e9n\u00e9ration, puce M1)<\/strong> ou l\u2019<strong>iPad\u00a010<\/strong> pour ceux qui privil\u00e9gient l\u2019\u00e9cosyst\u00e8me Apple, et la <strong>Galaxy Tab S9<\/strong> (ou S9\u00a0Ultra) du c\u00f4t\u00e9 de Samsung. Certaines r\u00e9f\u00e9rences sous Windows, comme les tablettes Microsoft Surface, sont \u00e9galement pris\u00e9es pour leur polyvalence.<\/p>\n<p>Au Black Friday 2026, vous trouverez facilement ces tablettes en promotion chez <a href=\"https:\/\/www.blackfridaydeals.ch\/fr\/shops\/mediamarkt-fr\/\">MediaMarkt<\/a> ou d\u2019autres enseignes sp\u00e9cialis\u00e9es. Si vous avez d\u00e9j\u00e0 identifi\u00e9 la marque qui vous correspond, l\u2019achat direct aupr\u00e8s du fabricant peut \u00eatre int\u00e9ressant\u00a0: Apple, Samsung ou Microsoft proposent souvent des soldes sur leur boutique en ligne. Avec un peu de chance, vous pourrez ainsi acqu\u00e9rir votre tablette convoit\u00e9e au meilleur prix constat\u00e9 depuis son lancement.<\/p>\n<h2>Claviers, souris et autres accessoires pour ordinateurs portables et tablettes<\/h2>\n<p>Pour compl\u00e9ter votre ordinateur portable ou votre tablette, de nombreux utilisateurs optent pour des accessoires tels que les souris sans fil, les claviers Bluetooth ou les stylets. Au Black Friday 2026, ces produits connaissent eux aussi des rabais cons\u00e9quents.<\/p>\n<p>Toutefois, il convient de garder \u00e0 l\u2019esprit que toutes les r\u00e9f\u00e9rences ne b\u00e9n\u00e9ficient pas syst\u00e9matiquement de \u201350\u00a0% ou plus. Les r\u00e9ductions sont appliqu\u00e9es de mani\u00e8re s\u00e9lective, et les meilleures affaires peuvent varier d\u2019un magasin \u00e0 l\u2019autre. Il est donc pertinent de comparer les offres du <a href=\"https:\/\/www.blackfridaydeals.ch\/fr\/singles-day\/\">Singles Day<\/a>, du Black Friday et du <a href=\"https:\/\/www.blackfridaydeals.ch\/fr\/cyber-monday\/\">Cyber Monday<\/a>, car le produit qui vous int\u00e9resse pourrait \u00eatre moins cher \u00e0 l\u2019une ou l\u2019autre de ces occasions. N\u2019h\u00e9sitez pas \u00e0 consulter les catalogues en ligne et \u00e0 surveiller les comparateurs de prix pour d\u00e9nicher la meilleure affaire en cette fin de mois de novembre.<\/p>\n<h3>Plus d&#8217;articles int\u00e9ressants:<\/h3>\n<ul>\n<li><a href=\"https:\/\/www.blackfridaydeals.ch\/fr\/photos-video-black-friday\/\">Les meilleures affaires en photos et vid\u00e9o au Black Friday 2026<\/a><\/li>\n<li><a href=\"https:\/\/www.blackfridaydeals.ch\/fr\/meilleures-appareils-photos\/\">Les meilleures affaires sur les appareils photos au Black Friday 2026<\/a><\/li>\n<li><a href=\"https:\/\/www.blackfridaydeals.ch\/fr\/fournitures-bureau-black-friday\/\">Les meilleures affaires pour les fournitures de bureau au Black Friday 2026<\/a><\/li>\n<li><a href=\"https:\/\/www.blackfridaydeals.ch\/fr\/montres-connectees-black-friday\/\">Les meilleures affaires sur les montres connect\u00e9es au Black Friday 2026<\/a><\/li>\n<li><a href=\"https:\/\/www.blackfridaydeals.ch\/fr\/offres-jouets-black-friday\/\">Les meilleures offres sur les jouets au Black Friday 2026<\/a><\/li>\n<li><a href=\"https:\/\/www.blackfridaydeals.ch\/fr\/offres-montres-black-friday\/\">Les meilleures offres de montres pour le Black Friday 2026<\/a><\/li>\n<li><a href=\"https:\/\/www.blackfridaydeals.ch\/fr\/beaute-au-black-friday\/\">Les meilleures offres dans le monde de beaut\u00e9 au Black Friday 2026<\/a><\/li>\n<li><a href=\"https:\/\/www.blackfridaydeals.ch\/fr\/offres-de-son-black-friday\/\">Les meilleures offres de Son pendant le Black Friday 2026<\/a><\/li>\n<li><a href=\"https:\/\/www.blackfridaydeals.ch\/fr\/offres-smartphones-black-friday\/\">Ces offres sur les smartphones seront disponibles au Black Friday 2026<\/a><\/li>\n<li><a href=\"https:\/\/www.blackfridaydeals.ch\/fr\/parfum-prix-reduit-black-friday\/\">Comment trouver ce parfum subtil \u00e0 prix r\u00e9duit au Black Friday 2026<\/a><\/li>\n<li><a href=\"https:\/\/www.blackfridaydeals.ch\/fr\/chaussures-au-black-friday\/\">Des chaussures de haute qualit\u00e9 \u00e0 des prix abordables au Black Friday 2026<\/a><\/li>\n<li><a href=\"https:\/\/www.blackfridaydeals.ch\/fr\/black-friday-home-cinema\/\">Les meilleures affaires au Black Friday 2026 sur le Home Cin\u00e9ma<\/a><\/li>\n<li><a href=\"https:\/\/www.blackfridaydeals.ch\/fr\/black-friday-alimentaires\/\">Les meilleures affaires au Black Friday 2026 sur les produits alimentaires et les boissons<\/a><\/li>\n<li><a href=\"https:\/\/www.blackfridaydeals.ch\/fr\/meilleures-meubles-black-friday\/\">Les meilleures affaires sur les meubles au Black Friday 2026<\/a><\/li>\n<li><a href=\"https:\/\/www.blackfridaydeals.ch\/fr\/offres-fitness-black-friday-year\/\">Les meilleures offres de fitness au Black Friday 2026<\/a><\/li>\n<li><a href=\"https:\/\/www.blackfridaydeals.ch\/fr\/pour-le-menage-black-friday\/\">Tout ce qu&#8217;il faut pour le m\u00e9nage au Black Friday 2026<\/a><\/li>\n<li><a href=\"https:\/\/www.blackfridaydeals.ch\/fr\/voyages-vols-hotels-black-friday\/\">Voyages, vols et h\u00f4tels \u00e0 bas prix Black Friday 2026<\/a><\/li>\n<li><a href=\"https:\/\/www.blackfridaydeals.ch\/fr\/offres-de-jeux-video-black-friday\/\">Voici les offres de jeux vid\u00e9o que nous attendons avec impatience au Black Friday 2026<\/a><\/li>\n<\/ul>\n<p>[\/vc_column_text][\/vc_column][\/vc_row]<\/p>\n","protected":false},"excerpt":{"rendered":"<p>[vc_row][vc_column][vc_column_text] Qu\u2019il s\u2019agisse d\u2019\u00e9tudes, de travail ou de loisirs, la plupart des Suisses poss\u00e8dent aujourd\u2019hui un ordinateur portable ou une tablette. Les mod\u00e8les de grandes marques s\u2019av\u00e8rent parfois on\u00e9reux et n\u00e9cessitent d\u2019\u00e9pargner quelques mois avant de pouvoir se les offrir. Cependant, le Black Friday repr\u00e9sente une excellente opportunit\u00e9 pour r\u00e9aliser des \u00e9conomies substantielles, souvent bien [&hellip;]<\/p>\n","protected":false},"author":40,"featured_media":37299,"parent":0,"menu_order":0,"comment_status":"closed","ping_status":"closed","template":"","meta":[],"yoast_head":"<!-- This site is optimized with the Yoast SEO plugin v20.5 - https:\/\/yoast.com\/wordpress\/plugins\/seo\/ -->\n<title>Les offres sur les ordinateurs portables au Black Friday<\/title>\n<meta name=\"description\" content=\"Ordinateurs portables : les offres du Black Friday 2026 Ici toutes les offres Black Friday dans l\u2019univers des ordinateurs portables.\" \/>\n<meta name=\"robots\" content=\"index, follow, max-snippet:-1, max-image-preview:large, max-video-preview:-1\" \/>\n<link rel=\"canonical\" href=\"https:\/\/www.blackfridaydeals.ch\/fr\/ordinateurs-portables-black-friday\/\" \/>\n<meta property=\"og:locale\" content=\"fr_FR\" \/>\n<meta property=\"og:type\" content=\"article\" \/>\n<meta property=\"og:title\" content=\"Les offres sur les ordinateurs portables au Black Friday\" \/>\n<meta property=\"og:description\" content=\"Ordinateurs portables : les offres du Black Friday 2026 Ici toutes les offres Black Friday dans l\u2019univers des ordinateurs portables.\" \/>\n<meta property=\"og:url\" content=\"https:\/\/www.blackfridaydeals.ch\/fr\/ordinateurs-portables-black-friday\/\" \/>\n<meta property=\"og:site_name\" content=\"blackfridaydeals.ch\" \/>\n<meta property=\"article:publisher\" content=\"https:\/\/www.facebook.com\/blackfridaydealsch\/\" \/>\n<meta property=\"article:modified_time\" content=\"2025-02-07T14:03:38+00:00\" \/>\n<meta property=\"og:image\" content=\"https:\/\/www.blackfridaydeals.ch\/wp-content\/uploads\/2021\/10\/laptop-g9e46798c9_1920.jpg\" \/>\n\t<meta property=\"og:image:width\" content=\"1920\" \/>\n\t<meta property=\"og:image:height\" content=\"1280\" \/>\n\t<meta property=\"og:image:type\" content=\"image\/jpeg\" \/>\n<meta name=\"twitter:card\" content=\"summary_large_image\" \/>\n<meta name=\"twitter:site\" content=\"@blackfridaych\" \/>\n<meta name=\"twitter:label1\" content=\"Est. reading time\" \/>\n\t<meta name=\"twitter:data1\" content=\"5 minutes\" \/>\n<script type=\"application\/ld+json\" class=\"yoast-schema-graph\">{\"@context\":\"https:\/\/schema.org\",\"@graph\":[{\"@type\":\"WebPage\",\"@id\":\"https:\/\/www.blackfridaydeals.ch\/fr\/ordinateurs-portables-black-friday\/\",\"url\":\"https:\/\/www.blackfridaydeals.ch\/fr\/ordinateurs-portables-black-friday\/\",\"name\":\"Les offres sur les ordinateurs portables au Black Friday\",\"isPartOf\":{\"@id\":\"https:\/\/www.blackfridaydeals.ch\/fr\/#website\"},\"datePublished\":\"2021-10-27T08:15:14+00:00\",\"dateModified\":\"2025-02-07T14:03:38+00:00\",\"description\":\"Ordinateurs portables : les offres du Black Friday 2026 Ici toutes les offres Black Friday dans l\u2019univers des ordinateurs portables.\",\"breadcrumb\":{\"@id\":\"https:\/\/www.blackfridaydeals.ch\/fr\/ordinateurs-portables-black-friday\/#breadcrumb\"},\"inLanguage\":\"fr-CH\",\"potentialAction\":[{\"@type\":\"ReadAction\",\"target\":[\"https:\/\/www.blackfridaydeals.ch\/fr\/ordinateurs-portables-black-friday\/\"]}]},{\"@type\":\"BreadcrumbList\",\"@id\":\"https:\/\/www.blackfridaydeals.ch\/fr\/ordinateurs-portables-black-friday\/#breadcrumb\",\"itemListElement\":[{\"@type\":\"ListItem\",\"position\":1,\"name\":\"Startseite\",\"item\":\"https:\/\/www.blackfridaydeals.ch\/fr\/\"},{\"@type\":\"ListItem\",\"position\":2,\"name\":\"Les meilleures offres sur les ordinateurs portables au Black Friday\"}]},{\"@type\":\"WebSite\",\"@id\":\"https:\/\/www.blackfridaydeals.ch\/fr\/#website\",\"url\":\"https:\/\/www.blackfridaydeals.ch\/fr\/\",\"name\":\"blackfridaydeals.ch\",\"description\":\"Toutes les offres du Black Friday 2025 en Suisse\",\"publisher\":{\"@id\":\"https:\/\/www.blackfridaydeals.ch\/fr\/#organization\"},\"alternateName\":\"Black Friday Deals\",\"potentialAction\":[{\"@type\":\"SearchAction\",\"target\":{\"@type\":\"EntryPoint\",\"urlTemplate\":\"https:\/\/www.blackfridaydeals.ch\/fr\/?s={search_term_string}\"},\"query-input\":\"required name=search_term_string\"}],\"inLanguage\":\"fr-CH\"},{\"@type\":\"Organization\",\"@id\":\"https:\/\/www.blackfridaydeals.ch\/fr\/#organization\",\"name\":\"blackfridaydeals.ch\",\"alternateName\":\"Black Friday Deals\",\"url\":\"https:\/\/www.blackfridaydeals.ch\/fr\/\",\"logo\":{\"@type\":\"ImageObject\",\"inLanguage\":\"fr-CH\",\"@id\":\"https:\/\/www.blackfridaydeals.ch\/fr\/#\/schema\/logo\/image\/\",\"url\":\"https:\/\/www.blackfridaydeals.ch\/wp-content\/uploads\/2023\/03\/app-icon-white-bg-jpg.jpg\",\"contentUrl\":\"https:\/\/www.blackfridaydeals.ch\/wp-content\/uploads\/2023\/03\/app-icon-white-bg-jpg.jpg\",\"width\":512,\"height\":512,\"caption\":\"blackfridaydeals.ch\"},\"image\":{\"@id\":\"https:\/\/www.blackfridaydeals.ch\/fr\/#\/schema\/logo\/image\/\"},\"sameAs\":[\"https:\/\/www.facebook.com\/blackfridaydealsch\/\",\"https:\/\/twitter.com\/blackfridaych\",\"https:\/\/www.youtube.com\/channel\/UCNKXHacMw8AS34mBgzVx3FQ\",\"https:\/\/www.instagram.com\/blackfridaydeals.ch\/\"]}]}<\/script>\n<!-- \/ Yoast SEO plugin. -->","yoast_head_json":{"title":"Les offres sur les ordinateurs portables au Black Friday","description":"Ordinateurs portables : les offres du Black Friday 2026 Ici toutes les offres Black Friday dans l\u2019univers des ordinateurs portables.","robots":{"index":"index","follow":"follow","max-snippet":"max-snippet:-1","max-image-preview":"max-image-preview:large","max-video-preview":"max-video-preview:-1"},"canonical":"https:\/\/www.blackfridaydeals.ch\/fr\/ordinateurs-portables-black-friday\/","og_locale":"fr_FR","og_type":"article","og_title":"Les offres sur les ordinateurs portables au Black Friday","og_description":"Ordinateurs portables : les offres du Black Friday 2026 Ici toutes les offres Black Friday dans l\u2019univers des ordinateurs portables.","og_url":"https:\/\/www.blackfridaydeals.ch\/fr\/ordinateurs-portables-black-friday\/","og_site_name":"blackfridaydeals.ch","article_publisher":"https:\/\/www.facebook.com\/blackfridaydealsch\/","article_modified_time":"2025-02-07T14:03:38+00:00","og_image":[{"width":1920,"height":1280,"url":"https:\/\/www.blackfridaydeals.ch\/wp-content\/uploads\/2021\/10\/laptop-g9e46798c9_1920.jpg","type":"image\/jpeg"}],"twitter_card":"summary_large_image","twitter_site":"@blackfridaych","twitter_misc":{"Est. reading time":"5 minutes"},"schema":{"@context":"https:\/\/schema.org","@graph":[{"@type":"WebPage","@id":"https:\/\/www.blackfridaydeals.ch\/fr\/ordinateurs-portables-black-friday\/","url":"https:\/\/www.blackfridaydeals.ch\/fr\/ordinateurs-portables-black-friday\/","name":"Les offres sur les ordinateurs portables au Black Friday","isPartOf":{"@id":"https:\/\/www.blackfridaydeals.ch\/fr\/#website"},"datePublished":"2021-10-27T08:15:14+00:00","dateModified":"2025-02-07T14:03:38+00:00","description":"Ordinateurs portables : les offres du Black Friday 2026 Ici toutes les offres Black Friday dans l\u2019univers des ordinateurs portables.","breadcrumb":{"@id":"https:\/\/www.blackfridaydeals.ch\/fr\/ordinateurs-portables-black-friday\/#breadcrumb"},"inLanguage":"fr-CH","potentialAction":[{"@type":"ReadAction","target":["https:\/\/www.blackfridaydeals.ch\/fr\/ordinateurs-portables-black-friday\/"]}]},{"@type":"BreadcrumbList","@id":"https:\/\/www.blackfridaydeals.ch\/fr\/ordinateurs-portables-black-friday\/#breadcrumb","itemListElement":[{"@type":"ListItem","position":1,"name":"Startseite","item":"https:\/\/www.blackfridaydeals.ch\/fr\/"},{"@type":"ListItem","position":2,"name":"Les meilleures offres sur les ordinateurs portables au Black Friday"}]},{"@type":"WebSite","@id":"https:\/\/www.blackfridaydeals.ch\/fr\/#website","url":"https:\/\/www.blackfridaydeals.ch\/fr\/","name":"blackfridaydeals.ch","description":"Toutes les offres du Black Friday 2025 en Suisse","publisher":{"@id":"https:\/\/www.blackfridaydeals.ch\/fr\/#organization"},"alternateName":"Black Friday Deals","potentialAction":[{"@type":"SearchAction","target":{"@type":"EntryPoint","urlTemplate":"https:\/\/www.blackfridaydeals.ch\/fr\/?s={search_term_string}"},"query-input":"required name=search_term_string"}],"inLanguage":"fr-CH"},{"@type":"Organization","@id":"https:\/\/www.blackfridaydeals.ch\/fr\/#organization","name":"blackfridaydeals.ch","alternateName":"Black Friday Deals","url":"https:\/\/www.blackfridaydeals.ch\/fr\/","logo":{"@type":"ImageObject","inLanguage":"fr-CH","@id":"https:\/\/www.blackfridaydeals.ch\/fr\/#\/schema\/logo\/image\/","url":"https:\/\/www.blackfridaydeals.ch\/wp-content\/uploads\/2023\/03\/app-icon-white-bg-jpg.jpg","contentUrl":"https:\/\/www.blackfridaydeals.ch\/wp-content\/uploads\/2023\/03\/app-icon-white-bg-jpg.jpg","width":512,"height":512,"caption":"blackfridaydeals.ch"},"image":{"@id":"https:\/\/www.blackfridaydeals.ch\/fr\/#\/schema\/logo\/image\/"},"sameAs":["https:\/\/www.facebook.com\/blackfridaydealsch\/","https:\/\/twitter.com\/blackfridaych","https:\/\/www.youtube.com\/channel\/UCNKXHacMw8AS34mBgzVx3FQ","https:\/\/www.instagram.com\/blackfridaydeals.ch\/"]}]}},"_links":{"self":[{"href":"https:\/\/www.blackfridaydeals.ch\/fr\/wp-json\/wp\/v2\/pages\/38212"}],"collection":[{"href":"https:\/\/www.blackfridaydeals.ch\/fr\/wp-json\/wp\/v2\/pages"}],"about":[{"href":"https:\/\/www.blackfridaydeals.ch\/fr\/wp-json\/wp\/v2\/types\/page"}],"author":[{"embeddable":true,"href":"https:\/\/www.blackfridaydeals.ch\/fr\/wp-json\/wp\/v2\/users\/40"}],"replies":[{"embeddable":true,"href":"https:\/\/www.blackfridaydeals.ch\/fr\/wp-json\/wp\/v2\/comments?post=38212"}],"version-history":[{"count":14,"href":"https:\/\/www.blackfridaydeals.ch\/fr\/wp-json\/wp\/v2\/pages\/38212\/revisions"}],"predecessor-version":[{"id":98804,"href":"https:\/\/www.blackfridaydeals.ch\/fr\/wp-json\/wp\/v2\/pages\/38212\/revisions\/98804"}],"wp:featuredmedia":[{"embeddable":true,"href":"https:\/\/www.blackfridaydeals.ch\/fr\/wp-json\/wp\/v2\/media\/37299"}],"wp:attachment":[{"href":"https:\/\/www.blackfridaydeals.ch\/fr\/wp-json\/wp\/v2\/media?parent=38212"}],"curies":[{"name":"wp","href":"https:\/\/api.w.org\/{rel}","templated":true}]}}