{"id":26616,"date":"2020-10-21T15:44:36","date_gmt":"2020-10-21T13:44:36","guid":{"rendered":"https:\/\/www.blackfridaydeals.ch\/?page_id=26616"},"modified":"2025-02-07T14:29:49","modified_gmt":"2025-02-07T13:29:49","slug":"airpods-black-friday","status":"publish","type":"page","link":"https:\/\/www.blackfridaydeals.ch\/fr\/airpods-black-friday\/","title":{"rendered":"Les \u00e9couteurs Bluetooth AirPods d\u2019Apple au Black Friday &#8211; Les meilleures affaires de l\u2019ann\u00e9e"},"content":{"rendered":"<p>[vc_row][vc_column]\n\n[vc_column_text]<a href=\"https:\/\/www.blackfridaydeals.ch\/wp-content\/uploads\/2022\/11\/apple_airpods_pro_gen2.jpg\"><img decoding=\"async\" class=\"alignright wp-image-52858 size-medium\" src=\"https:\/\/www.blackfridaydeals.ch\/wp-content\/uploads\/2022\/11\/apple_airpods_pro_gen2-300x300.jpg\" alt=\"\" width=\"300\" height=\"300\" srcset=\"https:\/\/www.blackfridaydeals.ch\/wp-content\/uploads\/2022\/11\/apple_airpods_pro_gen2-300x300.jpg 300w, https:\/\/www.blackfridaydeals.ch\/wp-content\/uploads\/2022\/11\/apple_airpods_pro_gen2-1024x1024.jpg 1024w, https:\/\/www.blackfridaydeals.ch\/wp-content\/uploads\/2022\/11\/apple_airpods_pro_gen2-150x150.jpg 150w, https:\/\/www.blackfridaydeals.ch\/wp-content\/uploads\/2022\/11\/apple_airpods_pro_gen2-768x768.jpg 768w, https:\/\/www.blackfridaydeals.ch\/wp-content\/uploads\/2022\/11\/apple_airpods_pro_gen2-1536x1536.jpg 1536w, https:\/\/www.blackfridaydeals.ch\/wp-content\/uploads\/2022\/11\/apple_airpods_pro_gen2-2048x2048.jpg 2048w, https:\/\/www.blackfridaydeals.ch\/wp-content\/uploads\/2022\/11\/apple_airpods_pro_gen2-788x788.jpg 788w, https:\/\/www.blackfridaydeals.ch\/wp-content\/uploads\/2022\/11\/apple_airpods_pro_gen2.jpg 1144w\" sizes=\"(max-width: 300px) 100vw, 300px\" \/><\/a><\/p>\n<h1><strong>Les AirPods d\u2019Apple au Black Friday<\/strong><\/h1>\n<p>Apple figure parmi les marques \u00e9lectroniques les plus prestigieuses et embl\u00e9matiques au monde. Sp\u00e9cialis\u00e9e dans la conception, la fabrication et la vente <a href=\"https:\/\/www.blackfridaydeals.ch\/fr\/electronique-divertissement\/\">de produits high-tech<\/a> destin\u00e9s au grand public, la firme de Cupertino propose des ordinateurs portables, des tablettes, des smartphones, <a href=\"https:\/\/www.blackfridaydeals.ch\/fr\/apple-watch-black-friday\/\">des montres connect\u00e9es<\/a>, des box TV ainsi que des casques et \u00e9couteurs audio. Ces diff\u00e9rents produits se distinguent par un design avant-gardiste, des finitions soign\u00e9es et des performances de haut vol. Cela se refl\u00e8te cependant dans des prix souvent \u00e9lev\u00e9s.<\/p>\n<p><a href=\"https:\/\/www.blackfridaydeals.ch\/fr\/shops\/apple-fr\/\">Apple<\/a> offre \u00e9galement un \u00e9cosyst\u00e8me logiciel tr\u00e8s \u00e9tendu, compos\u00e9 notamment des syst\u00e8mes d\u2019exploitation macOS et iOS pour les appareils mobiles, sans oublier son App Store, plateforme de t\u00e9l\u00e9chargement d\u2019applications stable et populaire.<\/p>\n<p>Les AirPods d\u2019Apple \u2013 \u00e9couteurs sans fil au design \u00e9pur\u00e9 \u2013 permettent de profiter d\u2019une qualit\u00e9 sonore remarquable, en toute situation, sans l\u2019encombrement d\u2019un c\u00e2ble. Depuis l\u2019apparition de la premi\u00e8re g\u00e9n\u00e9ration d\u2019AirPods (TWS) en 2016, les produits ont beaucoup \u00e9volu\u00e9. Nous en sommes aujourd\u2019hui \u00e0 la troisi\u00e8me g\u00e9n\u00e9ration des AirPods \u201cclassiques\u201d, tandis que les \u00e9couteurs intra-auriculaires AirPods Pro en sont \u00e0 leur deuxi\u00e8me g\u00e9n\u00e9ration (d\u00e9sormais aussi d\u00e9clin\u00e9e avec un bo\u00eetier USB-C). Apple propose par ailleurs les AirPods Max, un casque audio Over-Ear haut de gamme. Comme \u00e0 son habitude, la marque mise sur la cr\u00e9ativit\u00e9 et l\u2019innovation pour enrichir r\u00e9guli\u00e8rement son offre.<\/p>\n<p>Il y a fort \u00e0 parier que le Black Friday 2026 verra de nouvelles promotions appara\u00eetre, rendant l\u2019achat d\u2019AirPods (tous mod\u00e8les confondus) particuli\u00e8rement avantageux.<\/p>\n<p>Dans cet article, nous allons distinguer les divers AirPods disponibles et vous orienter vers ceux qui conviendront le mieux \u00e0 vos attentes. Nous \u00e9voquerons \u00e9galement les offres potentielles du Black Friday susceptibles de rendre l\u2019acquisition de ces produits Apple encore plus int\u00e9ressante.<\/p>\n<h2><strong>Les offres d\u2019Apple AirPods au Black Friday 2026 \u2013 \u00e0 quoi peut-on s\u2019attendre\u00a0?<\/strong><\/h2>\n<p>Comme souvent chez Apple, les tarifs recommand\u00e9s pour les AirPods 3, les AirPods Pro 2 (avec ou sans bo\u00eetier USB-C) ou encore les AirPods Max restent \u00e9lev\u00e9s. Les prix de vente conseill\u00e9s d\u00e9butent \u00e0 189\u00a0francs pour les AirPods 3, s\u2019\u00e9l\u00e8vent \u00e0 249\u00a0francs pour les AirPods Pro\u00a02 et atteignent 599\u00a0francs pour les AirPods Max.<\/p>\n<p>\u00c0 la diff\u00e9rence des <a href=\"https:\/\/www.blackfridaydeals.ch\/fr\/iphone-black-friday\/\">iPhones<\/a>, dont les prix varient peu, le co\u00fbt des AirPods a tendance \u00e0 baisser assez rapidement, avec des remises pouvant atteindre 10\u00a0% quelques semaines seulement apr\u00e8s leur sortie officielle.<\/p>\n<p>Par cons\u00e9quent, patienter jusqu\u2019au Black Friday pour profiter de promotions plus cons\u00e9quentes peut se r\u00e9v\u00e9ler pertinent, surtout concernant les AirPods 3 et les AirPods Pro 2 qui, gr\u00e2ce \u00e0 leur format True Wireless, jouissent d\u2019une grande popularit\u00e9. Les AirPods Max, quant \u00e0 eux, occupent le cr\u00e9neau premium de l\u2019audio Apple et s\u2019adressent davantage \u00e0 un public exigeant. Par le pass\u00e9, les r\u00e9ductions sur ce casque Over-Ear se sont faites plus rares ou moins significatives.<\/p>\n<p>Lors des pr\u00e9c\u00e9dentes \u00e9ditions du Black Friday, aucune promotion vraiment marquante n\u2019a \u00e9t\u00e9 constat\u00e9e sur les AirPods Max, et il est probable que cette tendance se r\u00e9p\u00e8te au Black Friday 2026. N\u00e9anmoins, on voit parfois des remises sur certaines couleurs moins demand\u00e9es, bien qu\u2019elles s\u2019\u00e9puisent g\u00e9n\u00e9ralement tr\u00e8s vite. C\u2019est pourquoi il est conseill\u00e9 de surveiller r\u00e9guli\u00e8rement les offres, afin de saisir une bonne affaire d\u00e8s qu\u2019elle appara\u00eet.<\/p>\n<p>En revanche, sur les AirPods 3 et les AirPods Pro 2, de v\u00e9ritables bons plans sont envisageables. Amazon a d\u00e9j\u00e0 propos\u00e9 les AirPods Pro \u00e0 des tarifs tr\u00e8s attractifs (jusqu\u2019\u00e0 \u201330\u00a0%). MediaMarkt fait \u00e9galement figure de challenger et s\u2019est illustr\u00e9, il y a quelque temps, en proposant les AirPods 3 autour de 129\u00a0francs.<\/p>\n<h2><strong>Pr\u00e9visions de prix \u2013 Apple AirPods au Black Friday 2026<\/strong><\/h2>\n<p>Au Black Friday 2026, on s\u2019attend, comme les ann\u00e9es pr\u00e9c\u00e9dentes, \u00e0 un grand nombre d\u2019offres limit\u00e9es dans le temps et en quantit\u00e9. Les produits Apple tels que <a href=\"https:\/\/www.blackfridaydeals.ch\/fr\/iphone-black-friday\/\">les iPhones<\/a>, <a href=\"https:\/\/www.blackfridaydeals.ch\/fr\/lipad-au-black-friday\/\">les iPads<\/a>, les MacBook et, bien s\u00fbr, les AirPods, devraient tous \u00eatre de la partie. Il n\u2019est pas rare de voir des promotions allant jusqu\u2019\u00e0 \u201340\u00a0% sur le prix de vente conseill\u00e9.<\/p>\n<p>Pour donner une id\u00e9e plus pr\u00e9cise, rappelons que certains commer\u00e7ants comme <a href=\"https:\/\/www.blackfridaydeals.ch\/fr\/shops\/manor-fr\/\">Manor<\/a> ont pour habitude d\u2019appliquer une r\u00e9duction g\u00e9n\u00e9rale d\u2019environ 10\u00a0% sur les produits Apple pendant le Black Friday, tandis qu\u2019Interdiscount propose parfois des rabais du m\u00eame ordre, tout au long de l\u2019ann\u00e9e. L\u2019an pass\u00e9, <a href=\"https:\/\/www.blackfridaydeals.ch\/fr\/shops\/fust-fr\/\">Fust<\/a> avait \u00e9galement accord\u00e9 un \u201310\u00a0% sur l\u2019ensemble de son assortiment pour le Black Friday. En associant ces r\u00e9ductions \u00e0 d\u2019\u00e9ventuels bons d\u2019achat, il \u00e9tait possible de faire encore baisser la note.<\/p>\n<p>Au vu de ces tendances, un prix avoisinant les 129\u00a0francs pour les AirPods 3 pendant le Black Friday 2026 para\u00eet envisageable. MediaMarkt avait bri\u00e8vement propos\u00e9 ce tarif par le pass\u00e9, avant de stabiliser autour de 149\u00a0francs pour les quelques deals subs\u00e9quents.<\/p>\n<p>Du c\u00f4t\u00e9 des AirPods Pro, on trouve actuellement la premi\u00e8re g\u00e9n\u00e9ration encore en circulation ainsi que la seconde g\u00e9n\u00e9ration. Les stocks de la premi\u00e8re sont souvent brad\u00e9s pour lib\u00e9rer l\u2019espace en rayon. Il n\u2019est pas exclu que le mod\u00e8le de premi\u00e8re g\u00e9n\u00e9ration tombe jusqu\u2019\u00e0 150\u00a0francs lors du Black Friday 2026, contre 175\u00a0francs au plus bas relev\u00e9 chez <a href=\"https:\/\/www.blackfridaydeals.ch\/fr\/shops\/amazon-fr\/\">Amazon<\/a> par le pass\u00e9.<\/p>\n<p>En ce qui concerne les AirPods Pro 2 (y compris la variante USB-C), on peut raisonnablement esp\u00e9rer un prix autour de 200\u00a0francs sur une offre limit\u00e9e. Le meilleur prix rep\u00e9r\u00e9 jusqu\u2019ici flirtait d\u00e9j\u00e0 avec 220\u00a0francs.<\/p>\n<p>Enfin, les AirPods Max conservent une stabilit\u00e9 proche de celle des iPhones, sans toutefois \u00eatre imperm\u00e9ables aux promotions. Deux ans apr\u00e8s leur lancement, la concurrence, notamment incarn\u00e9e par le Sony WH-1000XM5 ou le Bose QuietComfort\u00a045, propose r\u00e9guli\u00e8rement des deals agressifs, mettant la pression sur Apple. Au Black Friday 2026, il n\u2019est pas inenvisageable de voir les AirPods Max repasser sous la barre des 400\u00a0francs. Peut-\u00eatre m\u00eame verrons-nous chez Amazon ou Digitec un prix sensationnel avoisinant les 349\u00a0francs\u00a0?<\/p>\n<h2><strong>Ici, vous pourrez obtenir les AirPods 3, AirPods Pro 2 et AirPods Max au Black Friday 2026<\/strong><\/h2>\n<p>Les AirPods 3, AirPods Pro 2 et AirPods Max peuvent, bien \u00e9videmment, \u00eatre command\u00e9s directement sur le site officiel d\u2019Apple. Vous pouvez d\u2019ailleurs personnaliser votre \u00e9tui de chargement via un service de gravure, pour rendre vos \u00e9couteurs uniques. Sur l\u2019Apple Store en ligne, de nombreuses informations et sp\u00e9cifications sur ces produits sont fournies de fa\u00e7on interactive.<\/p>\n<p>En marge de la boutique Apple, d\u2019autres revendeurs proposent la gamme de produits de la marque. Pendant le Black Friday, surveiller les rayons d\u2019enseignes sp\u00e9cialis\u00e9es dans l\u2019\u00e9lectronique (MediaMarkt, Interdiscount, Fust, etc.) se r\u00e9v\u00e8le souvent payant, car c\u2019est l\u00e0 que fleurissent les rabais les plus avantageux. On y trouve fr\u00e9quemment des promotions \u00e9clairs, incluant parfois l\u2019ensemble des articles Apple.<\/p>\n<h2><strong>Vos AirPods sont compatibles avec ces appareils<\/strong><\/h2>\n<p>Il faut noter que les AirPods ne fonctionnent pas avec n\u2019importe quel dispositif. Cependant, si vous disposez d\u2019un iPhone, d\u2019un <a href=\"https:\/\/www.blackfridaydeals.ch\/fr\/macbooks-black-friday\/\">MacBook<\/a>, d\u2019un iPad, d\u2019une Apple Watch ou m\u00eame d\u2019une Apple\u00a0TV, vous pourrez profiter pleinement des AirPods 3, AirPods Pro 2 ou AirPods Max. Sur la fiche officielle d\u2019Apple consacr\u00e9e aux AirPods, un tableau recense les produits compatibles. Dans tous les cas, il est recommand\u00e9 de faire la mise \u00e0 jour du syst\u00e8me d\u2019exploitation concern\u00e9.<\/p>\n<p>Un atout notable des AirPods est la possibilit\u00e9 de connecter plusieurs paires d\u2019\u00e9couteurs sur un m\u00eame appareil, permettant ainsi \u00e0 plusieurs personnes d\u2019\u00e9couter la m\u00eame musique, tout en g\u00e9rant individuellement le volume. Cette fonctionnalit\u00e9 apporte une flexibilit\u00e9 appr\u00e9ciable dans le cadre d\u2019une utilisation collective.<\/p>\n<h2><strong>Quelle est la probabilit\u00e9 d\u2019une action sur les AirPods au Black Friday\u00a0?<\/strong><\/h2>\n<p>Il demeure difficile de pr\u00e9dire exactement si une firme participera ou non au Black Friday ou si un produit pr\u00e9cis b\u00e9n\u00e9ficiera d\u2019un rabais cons\u00e9quent. Cependant, compte tenu de la notori\u00e9t\u00e9 d\u2019Apple, il y a fort \u00e0 parier que la marque (ou ses distributeurs agr\u00e9\u00e9s) proposera des offres int\u00e9ressantes \u00e0 l\u2019approche du Black Friday.<\/p>\n<p>Apple peut tr\u00e8s bien d\u00e9cider de ne pas communiquer officiellement sur des baisses de prix. Mais, m\u00eame dans ce cas, de nombreux revendeurs mettent souvent en place leurs propres promotions pour attirer les acheteurs. Bien que l\u2019ampleur des remises demeure une inconnue, un rabais d\u2019environ 20\u00a0% sur un produit comme les AirPods repr\u00e9sente d\u00e9j\u00e0 une r\u00e9duction sensible. \u00c9tant donn\u00e9 la p\u00e9riode charg\u00e9e du Black Friday et l\u2019effervescence commerciale associ\u00e9e, il n\u2019est pas improbable d\u2019y voir poindre des rabais plus importants, permettant de se procurer les AirPods \u00e0 un tarif nettement plus attractif.<\/p>\n<p>Nous vous recommandons donc de garder un \u0153il sur les diff\u00e9rentes annonces et sites sp\u00e9cialis\u00e9s. Au vu de l\u2019engouement suscit\u00e9 chaque ann\u00e9e, il est fort possible que vous trouviez l\u2019opportunit\u00e9 id\u00e9ale d\u2019acqu\u00e9rir vos propres AirPods \u00e0 un prix avantageux.<\/p>\n<h3><\/h3>\n<h3>D&#8217;autres articles int\u00e9ressants<\/h3>\n<ul>\n<li><a href=\"https:\/\/www.blackfridaydeals.ch\/fr\/macbooks-black-friday\/\">Les meilleurs MacBooks en offre sp\u00e9ciale au Black Friday 2026<\/a><\/li>\n<li><a href=\"https:\/\/www.blackfridaydeals.ch\/fr\/lipad-au-black-friday\/\">L\u2019iPad d\u2019Apple offre une touche high-tech au Black Friday 2026<\/a><\/li>\n<li><a href=\"https:\/\/www.blackfridaydeals.ch\/fr\/apple-watch-black-friday\/\">Apple Watch Series 9 Black Friday 2026<\/a><\/li>\n<li><a href=\"https:\/\/www.blackfridaydeals.ch\/fr\/abo-mobile-black-friday\/\">Les meilleurs abonnements de t\u00e9l\u00e9phonie mobile au Black Friday<\/a><\/li>\n<li><a href=\"https:\/\/www.blackfridaydeals.ch\/fr\/iphone-black-friday\/\">Le bonheur du Black Friday : iPhone 15 &amp; iPhone 15<\/a><\/li>\n<li><a href=\"https:\/\/www.blackfridaydeals.ch\/fr\/smartphones-black-friday\/\">Les derniers smartphones en vedette<\/a><\/li>\n<li><a href=\"https:\/\/www.blackfridaydeals.ch\/fr\/bijouterie-black-friday\/\">Les offres au Black Friday 2026 dans l\u2019univers de la bijouterie<\/a><\/li>\n<\/ul>\n<p>[\/vc_column_text][\/vc_column][\/vc_row]<\/p>\n","protected":false},"excerpt":{"rendered":"<p>[vc_row][vc_column][vc_column_text] Les AirPods d\u2019Apple au Black Friday Apple figure parmi les marques \u00e9lectroniques les plus prestigieuses et embl\u00e9matiques au monde. Sp\u00e9cialis\u00e9e dans la conception, la fabrication et la vente de produits high-tech destin\u00e9s au grand public, la firme de Cupertino propose des ordinateurs portables, des tablettes, des smartphones, des montres connect\u00e9es, des box TV ainsi [&hellip;]<\/p>\n","protected":false},"author":40,"featured_media":52858,"parent":0,"menu_order":0,"comment_status":"closed","ping_status":"closed","template":"","meta":[],"yoast_head":"<!-- This site is optimized with the Yoast SEO plugin v20.5 - https:\/\/yoast.com\/wordpress\/plugins\/seo\/ -->\n<title>AirPods Black Friday 2026 | Toutes les promos en Suisse<\/title>\n<meta name=\"description\" content=\"AirPods : les offres du Black Friday 2026. Ici vous trouverez toutes les offres Black Friday dans l\u2019univers des AirPods.\" \/>\n<meta name=\"robots\" content=\"index, follow, max-snippet:-1, max-image-preview:large, max-video-preview:-1\" \/>\n<link rel=\"canonical\" href=\"https:\/\/www.blackfridaydeals.ch\/fr\/airpods-black-friday\/\" \/>\n<meta property=\"og:locale\" content=\"fr_FR\" \/>\n<meta property=\"og:type\" content=\"article\" \/>\n<meta property=\"og:title\" content=\"AirPods Black Friday 2026 | Toutes les promos en Suisse\" \/>\n<meta property=\"og:description\" content=\"AirPods : les offres du Black Friday 2026. Ici vous trouverez toutes les offres Black Friday dans l\u2019univers des AirPods.\" \/>\n<meta property=\"og:url\" content=\"https:\/\/www.blackfridaydeals.ch\/fr\/airpods-black-friday\/\" \/>\n<meta property=\"og:site_name\" content=\"blackfridaydeals.ch\" \/>\n<meta property=\"article:publisher\" content=\"https:\/\/www.facebook.com\/blackfridaydealsch\/\" \/>\n<meta property=\"article:modified_time\" content=\"2025-02-07T13:29:49+00:00\" \/>\n<meta property=\"og:image\" content=\"https:\/\/www.blackfridaydeals.ch\/wp-content\/uploads\/2022\/11\/apple_airpods_pro_gen2.jpg\" \/>\n\t<meta property=\"og:image:width\" content=\"1144\" \/>\n\t<meta property=\"og:image:height\" content=\"1144\" \/>\n\t<meta property=\"og:image:type\" content=\"image\/jpeg\" \/>\n<meta name=\"twitter:card\" content=\"summary_large_image\" \/>\n<meta name=\"twitter:site\" content=\"@blackfridaych\" \/>\n<meta name=\"twitter:label1\" content=\"Est. reading time\" \/>\n\t<meta name=\"twitter:data1\" content=\"8 minutes\" \/>\n<script type=\"application\/ld+json\" class=\"yoast-schema-graph\">{\"@context\":\"https:\/\/schema.org\",\"@graph\":[{\"@type\":\"WebPage\",\"@id\":\"https:\/\/www.blackfridaydeals.ch\/fr\/airpods-black-friday\/\",\"url\":\"https:\/\/www.blackfridaydeals.ch\/fr\/airpods-black-friday\/\",\"name\":\"AirPods Black Friday 2026 | Toutes les promos en Suisse\",\"isPartOf\":{\"@id\":\"https:\/\/www.blackfridaydeals.ch\/fr\/#website\"},\"datePublished\":\"2020-10-21T13:44:36+00:00\",\"dateModified\":\"2025-02-07T13:29:49+00:00\",\"description\":\"AirPods : les offres du Black Friday 2026. Ici vous trouverez toutes les offres Black Friday dans l\u2019univers des AirPods.\",\"breadcrumb\":{\"@id\":\"https:\/\/www.blackfridaydeals.ch\/fr\/airpods-black-friday\/#breadcrumb\"},\"inLanguage\":\"fr-CH\",\"potentialAction\":[{\"@type\":\"ReadAction\",\"target\":[\"https:\/\/www.blackfridaydeals.ch\/fr\/airpods-black-friday\/\"]}]},{\"@type\":\"BreadcrumbList\",\"@id\":\"https:\/\/www.blackfridaydeals.ch\/fr\/airpods-black-friday\/#breadcrumb\",\"itemListElement\":[{\"@type\":\"ListItem\",\"position\":1,\"name\":\"Startseite\",\"item\":\"https:\/\/www.blackfridaydeals.ch\/fr\/\"},{\"@type\":\"ListItem\",\"position\":2,\"name\":\"Les \u00e9couteurs Bluetooth AirPods d\u2019Apple au Black Friday &#8211; Les meilleures affaires de l\u2019ann\u00e9e\"}]},{\"@type\":\"WebSite\",\"@id\":\"https:\/\/www.blackfridaydeals.ch\/fr\/#website\",\"url\":\"https:\/\/www.blackfridaydeals.ch\/fr\/\",\"name\":\"blackfridaydeals.ch\",\"description\":\"Toutes les offres du Black Friday 2025 en Suisse\",\"publisher\":{\"@id\":\"https:\/\/www.blackfridaydeals.ch\/fr\/#organization\"},\"alternateName\":\"Black Friday Deals\",\"potentialAction\":[{\"@type\":\"SearchAction\",\"target\":{\"@type\":\"EntryPoint\",\"urlTemplate\":\"https:\/\/www.blackfridaydeals.ch\/fr\/?s={search_term_string}\"},\"query-input\":\"required name=search_term_string\"}],\"inLanguage\":\"fr-CH\"},{\"@type\":\"Organization\",\"@id\":\"https:\/\/www.blackfridaydeals.ch\/fr\/#organization\",\"name\":\"blackfridaydeals.ch\",\"alternateName\":\"Black Friday Deals\",\"url\":\"https:\/\/www.blackfridaydeals.ch\/fr\/\",\"logo\":{\"@type\":\"ImageObject\",\"inLanguage\":\"fr-CH\",\"@id\":\"https:\/\/www.blackfridaydeals.ch\/fr\/#\/schema\/logo\/image\/\",\"url\":\"https:\/\/www.blackfridaydeals.ch\/wp-content\/uploads\/2023\/03\/app-icon-white-bg-jpg.jpg\",\"contentUrl\":\"https:\/\/www.blackfridaydeals.ch\/wp-content\/uploads\/2023\/03\/app-icon-white-bg-jpg.jpg\",\"width\":512,\"height\":512,\"caption\":\"blackfridaydeals.ch\"},\"image\":{\"@id\":\"https:\/\/www.blackfridaydeals.ch\/fr\/#\/schema\/logo\/image\/\"},\"sameAs\":[\"https:\/\/www.facebook.com\/blackfridaydealsch\/\",\"https:\/\/twitter.com\/blackfridaych\",\"https:\/\/www.youtube.com\/channel\/UCNKXHacMw8AS34mBgzVx3FQ\",\"https:\/\/www.instagram.com\/blackfridaydeals.ch\/\"]}]}<\/script>\n<!-- \/ Yoast SEO plugin. -->","yoast_head_json":{"title":"AirPods Black Friday 2026 | Toutes les promos en Suisse","description":"AirPods : les offres du Black Friday 2026. Ici vous trouverez toutes les offres Black Friday dans l\u2019univers des AirPods.","robots":{"index":"index","follow":"follow","max-snippet":"max-snippet:-1","max-image-preview":"max-image-preview:large","max-video-preview":"max-video-preview:-1"},"canonical":"https:\/\/www.blackfridaydeals.ch\/fr\/airpods-black-friday\/","og_locale":"fr_FR","og_type":"article","og_title":"AirPods Black Friday 2026 | Toutes les promos en Suisse","og_description":"AirPods : les offres du Black Friday 2026. Ici vous trouverez toutes les offres Black Friday dans l\u2019univers des AirPods.","og_url":"https:\/\/www.blackfridaydeals.ch\/fr\/airpods-black-friday\/","og_site_name":"blackfridaydeals.ch","article_publisher":"https:\/\/www.facebook.com\/blackfridaydealsch\/","article_modified_time":"2025-02-07T13:29:49+00:00","og_image":[{"width":1144,"height":1144,"url":"https:\/\/www.blackfridaydeals.ch\/wp-content\/uploads\/2022\/11\/apple_airpods_pro_gen2.jpg","type":"image\/jpeg"}],"twitter_card":"summary_large_image","twitter_site":"@blackfridaych","twitter_misc":{"Est. reading time":"8 minutes"},"schema":{"@context":"https:\/\/schema.org","@graph":[{"@type":"WebPage","@id":"https:\/\/www.blackfridaydeals.ch\/fr\/airpods-black-friday\/","url":"https:\/\/www.blackfridaydeals.ch\/fr\/airpods-black-friday\/","name":"AirPods Black Friday 2026 | Toutes les promos en Suisse","isPartOf":{"@id":"https:\/\/www.blackfridaydeals.ch\/fr\/#website"},"datePublished":"2020-10-21T13:44:36+00:00","dateModified":"2025-02-07T13:29:49+00:00","description":"AirPods : les offres du Black Friday 2026. Ici vous trouverez toutes les offres Black Friday dans l\u2019univers des AirPods.","breadcrumb":{"@id":"https:\/\/www.blackfridaydeals.ch\/fr\/airpods-black-friday\/#breadcrumb"},"inLanguage":"fr-CH","potentialAction":[{"@type":"ReadAction","target":["https:\/\/www.blackfridaydeals.ch\/fr\/airpods-black-friday\/"]}]},{"@type":"BreadcrumbList","@id":"https:\/\/www.blackfridaydeals.ch\/fr\/airpods-black-friday\/#breadcrumb","itemListElement":[{"@type":"ListItem","position":1,"name":"Startseite","item":"https:\/\/www.blackfridaydeals.ch\/fr\/"},{"@type":"ListItem","position":2,"name":"Les \u00e9couteurs Bluetooth AirPods d\u2019Apple au Black Friday &#8211; Les meilleures affaires de l\u2019ann\u00e9e"}]},{"@type":"WebSite","@id":"https:\/\/www.blackfridaydeals.ch\/fr\/#website","url":"https:\/\/www.blackfridaydeals.ch\/fr\/","name":"blackfridaydeals.ch","description":"Toutes les offres du Black Friday 2025 en Suisse","publisher":{"@id":"https:\/\/www.blackfridaydeals.ch\/fr\/#organization"},"alternateName":"Black Friday Deals","potentialAction":[{"@type":"SearchAction","target":{"@type":"EntryPoint","urlTemplate":"https:\/\/www.blackfridaydeals.ch\/fr\/?s={search_term_string}"},"query-input":"required name=search_term_string"}],"inLanguage":"fr-CH"},{"@type":"Organization","@id":"https:\/\/www.blackfridaydeals.ch\/fr\/#organization","name":"blackfridaydeals.ch","alternateName":"Black Friday Deals","url":"https:\/\/www.blackfridaydeals.ch\/fr\/","logo":{"@type":"ImageObject","inLanguage":"fr-CH","@id":"https:\/\/www.blackfridaydeals.ch\/fr\/#\/schema\/logo\/image\/","url":"https:\/\/www.blackfridaydeals.ch\/wp-content\/uploads\/2023\/03\/app-icon-white-bg-jpg.jpg","contentUrl":"https:\/\/www.blackfridaydeals.ch\/wp-content\/uploads\/2023\/03\/app-icon-white-bg-jpg.jpg","width":512,"height":512,"caption":"blackfridaydeals.ch"},"image":{"@id":"https:\/\/www.blackfridaydeals.ch\/fr\/#\/schema\/logo\/image\/"},"sameAs":["https:\/\/www.facebook.com\/blackfridaydealsch\/","https:\/\/twitter.com\/blackfridaych","https:\/\/www.youtube.com\/channel\/UCNKXHacMw8AS34mBgzVx3FQ","https:\/\/www.instagram.com\/blackfridaydeals.ch\/"]}]}},"_links":{"self":[{"href":"https:\/\/www.blackfridaydeals.ch\/fr\/wp-json\/wp\/v2\/pages\/26616"}],"collection":[{"href":"https:\/\/www.blackfridaydeals.ch\/fr\/wp-json\/wp\/v2\/pages"}],"about":[{"href":"https:\/\/www.blackfridaydeals.ch\/fr\/wp-json\/wp\/v2\/types\/page"}],"author":[{"embeddable":true,"href":"https:\/\/www.blackfridaydeals.ch\/fr\/wp-json\/wp\/v2\/users\/40"}],"replies":[{"embeddable":true,"href":"https:\/\/www.blackfridaydeals.ch\/fr\/wp-json\/wp\/v2\/comments?post=26616"}],"version-history":[{"count":20,"href":"https:\/\/www.blackfridaydeals.ch\/fr\/wp-json\/wp\/v2\/pages\/26616\/revisions"}],"predecessor-version":[{"id":98796,"href":"https:\/\/www.blackfridaydeals.ch\/fr\/wp-json\/wp\/v2\/pages\/26616\/revisions\/98796"}],"wp:featuredmedia":[{"embeddable":true,"href":"https:\/\/www.blackfridaydeals.ch\/fr\/wp-json\/wp\/v2\/media\/52858"}],"wp:attachment":[{"href":"https:\/\/www.blackfridaydeals.ch\/fr\/wp-json\/wp\/v2\/media?parent=26616"}],"curies":[{"name":"wp","href":"https:\/\/api.w.org\/{rel}","templated":true}]}}