{"id":15803,"date":"2019-05-18T11:39:18","date_gmt":"2019-05-18T09:39:18","guid":{"rendered":"https:\/\/www.blackfridaydeals.ch\/?page_id=15803"},"modified":"2025-01-28T14:22:54","modified_gmt":"2025-01-28T13:22:54","slug":"amazon-prime-day","status":"publish","type":"page","link":"https:\/\/www.blackfridaydeals.ch\/fr\/amazon-prime-day\/","title":{"rendered":"Amazon Prime Day\u00a0!"},"content":{"rendered":"<p>[vc_row][vc_column]\n[vc_column_text]Amazon Prime Day n\u2019est pas vraiment tr\u00e8s populaire surtout en Suisse et reste sous-estim\u00e9. La raison\u00a0: <a href=\"https:\/\/www.blackfridaydeals.ch\/fr\/shops\/amazon-fr\/\">Amazon<\/a> n\u2019a pas d\u2019adresse .ch et beaucoup de consommateurs suisses pensent que Amazon ne livre donc pas en Suisse. Ce n\u2019est qu\u2019\u00e0 moiti\u00e9 vrai\u00a0!<\/p>\n<p>Il est vrai que certains particuliers ou des vendeurs sp\u00e9cialis\u00e9s ne livrent pas leurs articles en Suisse. Mais environ 80\u00a0% de l\u2019assortiment est livr\u00e9 en Suisse sans probl\u00e8me et souvent \u00e0 des prix tr\u00e8s avantageux. Le g\u00e9ant de l\u2019e-commerce livre ses produits sans aucun probl\u00e8me en Suisse.<\/p>\n<p>Lors du Prime Day, Amazon g\u00e2te ses abonn\u00e9s Prime par une ribambelle de rabais exclusifs sur une large gamme d\u2019articles. Les produits Amazon tels que Kindle, Echo, Alexa ou les Tablettes Fire sont g\u00e9n\u00e9ralement moins chers que jamais.<\/p>\n<h2>Comment pouvez-vous, en tant que Suisse, b\u00e9n\u00e9ficier du Prime Day de Amazon\u00a0?<\/h2>\n<p><a href=\"https:\/\/www.blackfridaydeals.ch\/wp-content\/uploads\/2019\/02\/amazon-prime-day.jpg\"><img decoding=\"async\" class=\"alignright size-medium wp-image-15171\" src=\"https:\/\/www.blackfridaydeals.ch\/wp-content\/uploads\/2019\/02\/amazon-prime-day-300x134.jpg\" alt=\"amazon prime day\" width=\"300\" height=\"134\" srcset=\"https:\/\/www.blackfridaydeals.ch\/wp-content\/uploads\/2019\/02\/amazon-prime-day-300x134.jpg 300w, https:\/\/www.blackfridaydeals.ch\/wp-content\/uploads\/2019\/02\/amazon-prime-day-768x344.jpg 768w, https:\/\/www.blackfridaydeals.ch\/wp-content\/uploads\/2019\/02\/amazon-prime-day-1024x459.jpg 1024w, https:\/\/www.blackfridaydeals.ch\/wp-content\/uploads\/2019\/02\/amazon-prime-day-788x352.jpg 788w, https:\/\/www.blackfridaydeals.ch\/wp-content\/uploads\/2019\/02\/amazon-prime-day.jpg 960w\" sizes=\"(max-width: 300px) 100vw, 300px\" \/><\/a>Tout d\u2019abord, il y a une condition incontournable pour tous les clients sans exception\u00a0:<\/p>\n<p>Vous devez \u00eatre un membre Amazon Prime pour b\u00e9n\u00e9ficier de la r\u00e9duction. Vous ne pouvez pas passer outre.<\/p>\n<p>En principe, c\u2019est aussi possible pour nous, les Suisses, \u00e0 un prix acceptable. Cependant, la plupart des avantages du Prime ne peuvent pas s\u2019appliquer en Suisse, c\u2019est pourquoi je recommanderais personnellement d\u2019adh\u00e9rer \u00e0 ce programme dans tr\u00e8s peu de cas.<\/p>\n<p>Par exemple\u00a0:<\/p>\n<p>Vous pouvez vous inscrire gratuitement pendant 30 jours. Cette adh\u00e9sion test est assez suffisante pour b\u00e9n\u00e9ficier de Amazon Prime Day.<\/p>\n<h2>Ce que beaucoup de gens ne savent pas\u00a0:<\/h2>\n<p><a href=\"https:\/\/www.blackfridaydeals.ch\/wp-content\/uploads\/2019\/02\/amazon-prime-deals.jpg\"><img decoding=\"async\" class=\"alignright size-medium wp-image-15168\" src=\"https:\/\/www.blackfridaydeals.ch\/wp-content\/uploads\/2019\/02\/amazon-prime-deals-300x169.jpg\" alt=\"amazon prime deals\" width=\"300\" height=\"169\" srcset=\"https:\/\/www.blackfridaydeals.ch\/wp-content\/uploads\/2019\/02\/amazon-prime-deals-300x169.jpg 300w, https:\/\/www.blackfridaydeals.ch\/wp-content\/uploads\/2019\/02\/amazon-prime-deals-767x432.jpg 767w, https:\/\/www.blackfridaydeals.ch\/wp-content\/uploads\/2019\/02\/amazon-prime-deals-1024x577.jpg 1024w, https:\/\/www.blackfridaydeals.ch\/wp-content\/uploads\/2019\/02\/amazon-prime-deals-788x444.jpg 788w, https:\/\/www.blackfridaydeals.ch\/wp-content\/uploads\/2019\/02\/amazon-prime-deals.jpg 983w\" sizes=\"(max-width: 300px) 100vw, 300px\" \/><\/a>La TVA allemande et francaise est d\u00e9duite directement du panier d\u2019achat chez Amazon lors de la derni\u00e8re \u00e9tape de la commande.<\/p>\n<p>Cela signifie\u00a0:<\/p>\n<p>Malgr\u00e9 les frais de livraison, tous les produits sont en moyenne 10\u00a0% moins chers que ce qui est affich\u00e9 sur la page de pr\u00e9sentation des produits. Les frais de douane sont \u00e9galement pr\u00e9lev\u00e9s directement par Amazon et le montant est ajout\u00e9 directement sur la facture\u00a0: Vous n\u2019aurez pas donc de mauvaises surprises, m\u00eame si vous commandez pour plus de 65\u00a0francs.<\/p>\n<h2>En somme\u00a0:<\/h2>\n<p>M\u00eame en tant que citoyen suisse, vous pourrez profiter au maximum du Prime Day. Ces derni\u00e8res ann\u00e9es, j\u2019ai achet\u00e9 un Kindle et un Fire HD Tablet \u00e0 tr\u00e8s bon prix (environ 40\u00a0% moins cher que si je les avais achet\u00e9s en Suisse chez <a href=\"https:\/\/www.blackfridaydeals.ch\/fr\/shops\/digitec-fr\/\">digitec<\/a> ou <a href=\"https:\/\/www.blackfridaydeals.ch\/fr\/shops\/mediamarkt-fr\/\">MediaMarkt<\/a>, par exemple).<\/p>\n<p>Cependant, je d\u00e9conseille l\u2019achat d\u2019une Alexa, d\u2019un Echo ou d\u2019un Fire TV Stick. Ces articles ne sont g\u00e9n\u00e9ralement pas int\u00e9ressants pour les consommateurs Suisses, car leurs fonctions semblent tr\u00e8s limit\u00e9es en Suisse (il y a bien s\u00fbr des exceptions).<\/p>\n<h2>C\u2019est quand le Prime Day\u00a0?<\/h2>\n<p><a href=\"https:\/\/www.blackfridaydeals.ch\/wp-content\/uploads\/2019\/02\/Amazon-Prime-Day.jpg\"><img decoding=\"async\" class=\"alignright size-medium wp-image-15138\" src=\"https:\/\/www.blackfridaydeals.ch\/wp-content\/uploads\/2019\/02\/Amazon-Prime-Day-300x150.jpg\" alt=\"Amazon Prime Day\" width=\"300\" height=\"150\" srcset=\"https:\/\/www.blackfridaydeals.ch\/wp-content\/uploads\/2019\/02\/Amazon-Prime-Day-300x150.jpg 300w, https:\/\/www.blackfridaydeals.ch\/wp-content\/uploads\/2019\/02\/Amazon-Prime-Day-768x385.jpg 768w, https:\/\/www.blackfridaydeals.ch\/wp-content\/uploads\/2019\/02\/Amazon-Prime-Day-1024x513.jpg 1024w, https:\/\/www.blackfridaydeals.ch\/wp-content\/uploads\/2019\/02\/Amazon-Prime-Day-788x395.jpg 788w, https:\/\/www.blackfridaydeals.ch\/wp-content\/uploads\/2019\/02\/Amazon-Prime-Day.jpg 351w\" sizes=\"(max-width: 300px) 100vw, 300px\" \/><\/a>Le Prime Day a lieu deux fois par an, ce qui est tr\u00e8s diff\u00e9rent du <a href=\"https:\/\/www.blackfridaydeals.ch\/fr\/\">Black Friday<\/a> ou du <a href=\"https:\/\/www.blackfridaydeals.ch\/fr\/cyber-monday\/\">Cyber Monday<\/a>, par exemple, qui n\u2019ont lieu qu\u2019une fois par an. Vous ne conna\u00eetrez exactement la date du Prime Day que quelques jours \u00e0 l\u2019avance.<\/p>\n<p>Souvent, cependant, les portails d\u2019information allemands donnent les premiers indices sur la date de l\u2019\u00e9v\u00e9nement quelques semaines \u00e0 l\u2019avance.<\/p>\n<p>Une bonne adresse pour \u00eatre inform\u00e9 en temps r\u00e9el et \u00e0 jour est certainement <a href=\"https:\/\/www.piratesdesprix.ch\/\">Pirates des Prix<\/a> : s\u2019il y a un produit chez Amazon ou chez tout autre d\u00e9taillant qui est particuli\u00e8rement bon march\u00e9, il sera rapidement mentionn\u00e9 par la communaut\u00e9 de <a href=\"https:\/\/www.piratesdesprix.ch\/\">Pirates des Prix<\/a>.<\/p>\n<p>Mais on pourrait avancer, n\u00e9anmoins, que le Prime Day a toujours lieu une fois au printemps et une fois en automne.<\/p>\n<h2>Les traders autres que Amazon participeront-ils au Prime Day\u00a0?<\/h2>\n<p>Ce sont principalement des marques telles que <a href=\"https:\/\/www.blackfridaydeals.ch\/fr\/shops\/nike-fr\/\">Nike<\/a> ou <a href=\"https:\/\/www.blackfridaydeals.ch\/fr\/shops\/adidas-fr\/\">Adidas<\/a> qui proposent \u00e9galement des offres sp\u00e9ciales via le site d\u2019e-commerce Amazon. Il est compr\u00e9hensible que d\u2019autres d\u00e9taillants n\u2019y participent pas, car Prime Day, cr\u00e9\u00e9 par Amazon, est essentiellement destin\u00e9 aux clients de Amazon.[\/vc_column_text][\/vc_column][\/vc_row]<\/p>\n","protected":false},"excerpt":{"rendered":"<p>[vc_row][vc_column][vc_column_text]Amazon Prime Day n\u2019est pas vraiment tr\u00e8s populaire surtout en Suisse et reste sous-estim\u00e9. La raison\u00a0: Amazon n\u2019a pas d\u2019adresse .ch et beaucoup de consommateurs suisses pensent que Amazon ne livre donc pas en Suisse. Ce n\u2019est qu\u2019\u00e0 moiti\u00e9 vrai\u00a0! Il est vrai que certains particuliers ou des vendeurs sp\u00e9cialis\u00e9s ne livrent pas leurs articles [&hellip;]<\/p>\n","protected":false},"author":40,"featured_media":15138,"parent":0,"menu_order":0,"comment_status":"closed","ping_status":"closed","template":"","meta":[],"yoast_head":"<!-- This site is optimized with the Yoast SEO plugin v20.5 - https:\/\/yoast.com\/wordpress\/plugins\/seo\/ -->\n<title>Amazon Prime Day\u00a0! - blackfridaydeals.ch<\/title>\n<meta name=\"description\" content=\"Amazon Prime Day n\u2019est pas vraiment tr\u00e8s populaire surtout en Suisse et reste sous-estim\u00e9. La raison : Amazon n\u2019a pas d\u2019adresse .ch\" \/>\n<meta name=\"robots\" content=\"index, follow, max-snippet:-1, max-image-preview:large, max-video-preview:-1\" \/>\n<link rel=\"canonical\" href=\"https:\/\/www.blackfridaydeals.ch\/fr\/amazon-prime-day\/\" \/>\n<meta property=\"og:locale\" content=\"fr_FR\" \/>\n<meta property=\"og:type\" content=\"article\" \/>\n<meta property=\"og:title\" content=\"Amazon Prime Day\u00a0! - blackfridaydeals.ch\" \/>\n<meta property=\"og:description\" content=\"Amazon Prime Day n\u2019est pas vraiment tr\u00e8s populaire surtout en Suisse et reste sous-estim\u00e9. La raison : Amazon n\u2019a pas d\u2019adresse .ch\" \/>\n<meta property=\"og:url\" content=\"https:\/\/www.blackfridaydeals.ch\/fr\/amazon-prime-day\/\" \/>\n<meta property=\"og:site_name\" content=\"blackfridaydeals.ch\" \/>\n<meta property=\"article:publisher\" content=\"https:\/\/www.facebook.com\/blackfridaydealsch\/\" \/>\n<meta property=\"article:modified_time\" content=\"2025-01-28T13:22:54+00:00\" \/>\n<meta property=\"og:image\" content=\"https:\/\/www.blackfridaydeals.ch\/wp-content\/uploads\/2019\/02\/Amazon-Prime-Day.jpg\" \/>\n\t<meta property=\"og:image:width\" content=\"351\" \/>\n\t<meta property=\"og:image:height\" content=\"176\" \/>\n\t<meta property=\"og:image:type\" content=\"image\/jpeg\" \/>\n<meta name=\"twitter:card\" content=\"summary_large_image\" \/>\n<meta name=\"twitter:site\" content=\"@blackfridaych\" \/>\n<meta name=\"twitter:label1\" content=\"Est. reading time\" \/>\n\t<meta name=\"twitter:data1\" content=\"4 minutes\" \/>\n<script type=\"application\/ld+json\" class=\"yoast-schema-graph\">{\"@context\":\"https:\/\/schema.org\",\"@graph\":[{\"@type\":\"WebPage\",\"@id\":\"https:\/\/www.blackfridaydeals.ch\/fr\/amazon-prime-day\/\",\"url\":\"https:\/\/www.blackfridaydeals.ch\/fr\/amazon-prime-day\/\",\"name\":\"Amazon Prime Day\u00a0! - blackfridaydeals.ch\",\"isPartOf\":{\"@id\":\"https:\/\/www.blackfridaydeals.ch\/fr\/#website\"},\"datePublished\":\"2019-05-18T09:39:18+00:00\",\"dateModified\":\"2025-01-28T13:22:54+00:00\",\"description\":\"Amazon Prime Day n\u2019est pas vraiment tr\u00e8s populaire surtout en Suisse et reste sous-estim\u00e9. La raison : Amazon n\u2019a pas d\u2019adresse .ch\",\"breadcrumb\":{\"@id\":\"https:\/\/www.blackfridaydeals.ch\/fr\/amazon-prime-day\/#breadcrumb\"},\"inLanguage\":\"fr-CH\",\"potentialAction\":[{\"@type\":\"ReadAction\",\"target\":[\"https:\/\/www.blackfridaydeals.ch\/fr\/amazon-prime-day\/\"]}]},{\"@type\":\"BreadcrumbList\",\"@id\":\"https:\/\/www.blackfridaydeals.ch\/fr\/amazon-prime-day\/#breadcrumb\",\"itemListElement\":[{\"@type\":\"ListItem\",\"position\":1,\"name\":\"Startseite\",\"item\":\"https:\/\/www.blackfridaydeals.ch\/fr\/\"},{\"@type\":\"ListItem\",\"position\":2,\"name\":\"Amazon Prime Day\u00a0!\"}]},{\"@type\":\"WebSite\",\"@id\":\"https:\/\/www.blackfridaydeals.ch\/fr\/#website\",\"url\":\"https:\/\/www.blackfridaydeals.ch\/fr\/\",\"name\":\"blackfridaydeals.ch\",\"description\":\"Toutes les offres du Black Friday 2025 en Suisse\",\"publisher\":{\"@id\":\"https:\/\/www.blackfridaydeals.ch\/fr\/#organization\"},\"alternateName\":\"Black Friday Deals\",\"potentialAction\":[{\"@type\":\"SearchAction\",\"target\":{\"@type\":\"EntryPoint\",\"urlTemplate\":\"https:\/\/www.blackfridaydeals.ch\/fr\/?s={search_term_string}\"},\"query-input\":\"required name=search_term_string\"}],\"inLanguage\":\"fr-CH\"},{\"@type\":\"Organization\",\"@id\":\"https:\/\/www.blackfridaydeals.ch\/fr\/#organization\",\"name\":\"blackfridaydeals.ch\",\"alternateName\":\"Black Friday Deals\",\"url\":\"https:\/\/www.blackfridaydeals.ch\/fr\/\",\"logo\":{\"@type\":\"ImageObject\",\"inLanguage\":\"fr-CH\",\"@id\":\"https:\/\/www.blackfridaydeals.ch\/fr\/#\/schema\/logo\/image\/\",\"url\":\"https:\/\/www.blackfridaydeals.ch\/wp-content\/uploads\/2023\/03\/app-icon-white-bg-jpg.jpg\",\"contentUrl\":\"https:\/\/www.blackfridaydeals.ch\/wp-content\/uploads\/2023\/03\/app-icon-white-bg-jpg.jpg\",\"width\":512,\"height\":512,\"caption\":\"blackfridaydeals.ch\"},\"image\":{\"@id\":\"https:\/\/www.blackfridaydeals.ch\/fr\/#\/schema\/logo\/image\/\"},\"sameAs\":[\"https:\/\/www.facebook.com\/blackfridaydealsch\/\",\"https:\/\/twitter.com\/blackfridaych\",\"https:\/\/www.youtube.com\/channel\/UCNKXHacMw8AS34mBgzVx3FQ\",\"https:\/\/www.instagram.com\/blackfridaydeals.ch\/\"]}]}<\/script>\n<!-- \/ Yoast SEO plugin. -->","yoast_head_json":{"title":"Amazon Prime Day\u00a0! - blackfridaydeals.ch","description":"Amazon Prime Day n\u2019est pas vraiment tr\u00e8s populaire surtout en Suisse et reste sous-estim\u00e9. La raison : Amazon n\u2019a pas d\u2019adresse .ch","robots":{"index":"index","follow":"follow","max-snippet":"max-snippet:-1","max-image-preview":"max-image-preview:large","max-video-preview":"max-video-preview:-1"},"canonical":"https:\/\/www.blackfridaydeals.ch\/fr\/amazon-prime-day\/","og_locale":"fr_FR","og_type":"article","og_title":"Amazon Prime Day\u00a0! - blackfridaydeals.ch","og_description":"Amazon Prime Day n\u2019est pas vraiment tr\u00e8s populaire surtout en Suisse et reste sous-estim\u00e9. La raison : Amazon n\u2019a pas d\u2019adresse .ch","og_url":"https:\/\/www.blackfridaydeals.ch\/fr\/amazon-prime-day\/","og_site_name":"blackfridaydeals.ch","article_publisher":"https:\/\/www.facebook.com\/blackfridaydealsch\/","article_modified_time":"2025-01-28T13:22:54+00:00","og_image":[{"width":351,"height":176,"url":"https:\/\/www.blackfridaydeals.ch\/wp-content\/uploads\/2019\/02\/Amazon-Prime-Day.jpg","type":"image\/jpeg"}],"twitter_card":"summary_large_image","twitter_site":"@blackfridaych","twitter_misc":{"Est. reading time":"4 minutes"},"schema":{"@context":"https:\/\/schema.org","@graph":[{"@type":"WebPage","@id":"https:\/\/www.blackfridaydeals.ch\/fr\/amazon-prime-day\/","url":"https:\/\/www.blackfridaydeals.ch\/fr\/amazon-prime-day\/","name":"Amazon Prime Day\u00a0! - blackfridaydeals.ch","isPartOf":{"@id":"https:\/\/www.blackfridaydeals.ch\/fr\/#website"},"datePublished":"2019-05-18T09:39:18+00:00","dateModified":"2025-01-28T13:22:54+00:00","description":"Amazon Prime Day n\u2019est pas vraiment tr\u00e8s populaire surtout en Suisse et reste sous-estim\u00e9. La raison : Amazon n\u2019a pas d\u2019adresse .ch","breadcrumb":{"@id":"https:\/\/www.blackfridaydeals.ch\/fr\/amazon-prime-day\/#breadcrumb"},"inLanguage":"fr-CH","potentialAction":[{"@type":"ReadAction","target":["https:\/\/www.blackfridaydeals.ch\/fr\/amazon-prime-day\/"]}]},{"@type":"BreadcrumbList","@id":"https:\/\/www.blackfridaydeals.ch\/fr\/amazon-prime-day\/#breadcrumb","itemListElement":[{"@type":"ListItem","position":1,"name":"Startseite","item":"https:\/\/www.blackfridaydeals.ch\/fr\/"},{"@type":"ListItem","position":2,"name":"Amazon Prime Day\u00a0!"}]},{"@type":"WebSite","@id":"https:\/\/www.blackfridaydeals.ch\/fr\/#website","url":"https:\/\/www.blackfridaydeals.ch\/fr\/","name":"blackfridaydeals.ch","description":"Toutes les offres du Black Friday 2025 en Suisse","publisher":{"@id":"https:\/\/www.blackfridaydeals.ch\/fr\/#organization"},"alternateName":"Black Friday Deals","potentialAction":[{"@type":"SearchAction","target":{"@type":"EntryPoint","urlTemplate":"https:\/\/www.blackfridaydeals.ch\/fr\/?s={search_term_string}"},"query-input":"required name=search_term_string"}],"inLanguage":"fr-CH"},{"@type":"Organization","@id":"https:\/\/www.blackfridaydeals.ch\/fr\/#organization","name":"blackfridaydeals.ch","alternateName":"Black Friday Deals","url":"https:\/\/www.blackfridaydeals.ch\/fr\/","logo":{"@type":"ImageObject","inLanguage":"fr-CH","@id":"https:\/\/www.blackfridaydeals.ch\/fr\/#\/schema\/logo\/image\/","url":"https:\/\/www.blackfridaydeals.ch\/wp-content\/uploads\/2023\/03\/app-icon-white-bg-jpg.jpg","contentUrl":"https:\/\/www.blackfridaydeals.ch\/wp-content\/uploads\/2023\/03\/app-icon-white-bg-jpg.jpg","width":512,"height":512,"caption":"blackfridaydeals.ch"},"image":{"@id":"https:\/\/www.blackfridaydeals.ch\/fr\/#\/schema\/logo\/image\/"},"sameAs":["https:\/\/www.facebook.com\/blackfridaydealsch\/","https:\/\/twitter.com\/blackfridaych","https:\/\/www.youtube.com\/channel\/UCNKXHacMw8AS34mBgzVx3FQ","https:\/\/www.instagram.com\/blackfridaydeals.ch\/"]}]}},"_links":{"self":[{"href":"https:\/\/www.blackfridaydeals.ch\/fr\/wp-json\/wp\/v2\/pages\/15803"}],"collection":[{"href":"https:\/\/www.blackfridaydeals.ch\/fr\/wp-json\/wp\/v2\/pages"}],"about":[{"href":"https:\/\/www.blackfridaydeals.ch\/fr\/wp-json\/wp\/v2\/types\/page"}],"author":[{"embeddable":true,"href":"https:\/\/www.blackfridaydeals.ch\/fr\/wp-json\/wp\/v2\/users\/40"}],"replies":[{"embeddable":true,"href":"https:\/\/www.blackfridaydeals.ch\/fr\/wp-json\/wp\/v2\/comments?post=15803"}],"version-history":[{"count":8,"href":"https:\/\/www.blackfridaydeals.ch\/fr\/wp-json\/wp\/v2\/pages\/15803\/revisions"}],"predecessor-version":[{"id":98572,"href":"https:\/\/www.blackfridaydeals.ch\/fr\/wp-json\/wp\/v2\/pages\/15803\/revisions\/98572"}],"wp:featuredmedia":[{"embeddable":true,"href":"https:\/\/www.blackfridaydeals.ch\/fr\/wp-json\/wp\/v2\/media\/15138"}],"wp:attachment":[{"href":"https:\/\/www.blackfridaydeals.ch\/fr\/wp-json\/wp\/v2\/media?parent=15803"}],"curies":[{"name":"wp","href":"https:\/\/api.w.org\/{rel}","templated":true}]}}