{"id":1577,"date":"2017-10-02T04:36:34","date_gmt":"2017-10-02T02:36:34","guid":{"rendered":"https:\/\/www.blackfridaydeals.ch\/?page_id=1577\/"},"modified":"2025-02-06T13:13:20","modified_gmt":"2025-02-06T12:13:20","slug":"black-friday-international","status":"publish","type":"page","link":"https:\/\/www.blackfridaydeals.ch\/fr\/black-friday-international\/","title":{"rendered":"Black Friday international"},"content":{"rendered":"<p>[vc_row][vc_column width=&#8221;2\/3&#8243; css=&#8221;.vc_custom_1506911783181{background-color: #ffffff !important;}&#8221;][vc_column_text]<\/p>\n<h1>Black Friday international<\/h1>\n<p>[\/vc_column_text][vc_empty_space height=&#8221;16px&#8221;]\n[vc_empty_space][vc_column_text]<\/p>\n<h2>Le Black Friday aux Etat-Unis<\/h2>\n<h3>En quoi consiste le \u00ab Black Friday \u00bb ?<\/h3>\n<p><a href=\"https:\/\/www.blackfridaydeals.ch\/wp-content\/uploads\/2016\/04\/Black-Friday-2017-1.jpg\"><img decoding=\"async\" class=\"alignright wp-image-1454 size-medium\" title=\"Black Friday 2018\" src=\"https:\/\/www.blackfridaydeals.ch\/wp-content\/uploads\/2016\/04\/Black-Friday-2017-1-300x160.jpg\" alt=\"Black Friday 2018\" width=\"300\" height=\"160\" srcset=\"https:\/\/www.blackfridaydeals.ch\/wp-content\/uploads\/2016\/04\/Black-Friday-2017-1-300x160.jpg 300w, https:\/\/www.blackfridaydeals.ch\/wp-content\/uploads\/2016\/04\/Black-Friday-2017-1-767x408.jpg 767w, https:\/\/www.blackfridaydeals.ch\/wp-content\/uploads\/2016\/04\/Black-Friday-2017-1-1024x545.jpg 1024w, https:\/\/www.blackfridaydeals.ch\/wp-content\/uploads\/2016\/04\/Black-Friday-2017-1-788x419.jpg 788w, https:\/\/www.blackfridaydeals.ch\/wp-content\/uploads\/2016\/04\/Black-Friday-2017-1.jpg 940w\" sizes=\"(max-width: 300px) 100vw, 300px\" \/><\/a>Le <a href=\"https:\/\/www.blackfridaydeals.ch\/fr\/\">Black Friday<\/a> est une journ\u00e9e embl\u00e9matique aux \u00c9tats-Unis qui a lieu \u00a0d\u2019habitude \u00a0le lendemain de la f\u00eate de Thanksgiving, pendant laquelle on peut\u00a0 s\u2019offrir les produits et cadeaux pour la fin d&#8217;ann\u00e9e, \u00e0 des prix imbattables.<\/p>\n<p>Pourquoi le terme Black ? Cette expression a deux connotations : la premi\u00e8re, m\u00e9taphorique fait allusion sans doute \u00e0 \u00a0la foule de personnes et de voitures qui envahissent les rues en Am\u00e9rique le lendemain de la f\u00eate Thanksgiving, une foule qui de loin paraitrait noire.<\/p>\n<p>Quant \u00e0 la deuxi\u00e8me connotation, elle renvoie \u00e0 cette \u00e9poque o\u00f9 la compatbilit\u00e9\u00a0 \u00e9taient \u00e9crites \u00e0 la main et o\u00f9 l&#8217;encre noire d\u00e9signait \u00a0les comptes qui devenaient b\u00e9n\u00e9ficiaires, alors que le rouge correspondait aux comptes d\u00e9ficitaires ; lors du Black Friday, \u00a0gr\u00e2ce \u00e0 cette fi\u00e8vre de la consommation qui saisissait les am\u00e9ricains, les comptes par la magie du marketing devenaient noires. Une journ\u00e9e fructueuse.<\/p>\n<p><em>Cette ann\u00e9e le Black Friday se d\u00e9roulera le 27 novembre 2026.<\/em><\/p>\n<h3>O\u00f9 \u00a0acheter aux Etats-Unis\u00a0?<\/h3>\n<p><a href=\"https:\/\/www.blackfridaydeals.ch\/wp-content\/uploads\/2017\/10\/USA-Blackfriday.jpg\"><img decoding=\"async\" class=\"alignright wp-image-1573 size-medium\" title=\"USA Blackfriday\" src=\"https:\/\/www.blackfridaydeals.ch\/wp-content\/uploads\/2017\/10\/USA-Blackfriday-300x199.jpg\" alt=\"USA Blackfriday\" width=\"300\" height=\"199\" srcset=\"https:\/\/www.blackfridaydeals.ch\/wp-content\/uploads\/2017\/10\/USA-Blackfriday-300x199.jpg 300w, https:\/\/www.blackfridaydeals.ch\/wp-content\/uploads\/2017\/10\/USA-Blackfriday-767x509.jpg 767w, https:\/\/www.blackfridaydeals.ch\/wp-content\/uploads\/2017\/10\/USA-Blackfriday-1024x679.jpg 1024w, https:\/\/www.blackfridaydeals.ch\/wp-content\/uploads\/2017\/10\/USA-Blackfriday-788x522.jpg 788w, https:\/\/www.blackfridaydeals.ch\/wp-content\/uploads\/2017\/10\/USA-Blackfriday.jpg 1280w\" sizes=\"(max-width: 300px) 100vw, 300px\" \/><\/a>A New York, les magasins autour de Madison Square Garden et l&#8217;Empire State Building sont les meilleures adresses pour faire de bonnes affaires, \u00a0et on pourrait faire un tour dans le magasin Macy&#8217;s, entre autres pour profiter des remises de prix sensationnels.<\/p>\n<p>Une autre adresse se trouve \u00e0 Broadway entre Union Square et Canal Street. Et le shopping peut atteindre \u00a0Wall Street, \u00e0 Lexington Avenue, \u00e0 Brooklyn.<\/p>\n<p>Des magasins et des enseignes illustres seront de la f\u00eate tels que Walmart cette grande entreprise multinationale sp\u00e9cialiste dans la grande distribution, \u00a0ou \u00a0Amazon, dans le commerce \u00e9lectronique, mais aussi de tout produits de cultures.<\/p>\n<p>On peut aussi visiter Best buy, dans le commerce \u00e9lectronique, Lenovo premier constructeur mondial des PC, ou Levi\u2019s cette marque de v\u00eatements am\u00e9ricaine haut de gamme r\u00e9put\u00e9e\u00e0 l\u2019\u00e9chelle mondiale pour ses blue-jeans.<\/p>\n<p>On aura donc, tout pour \u00eatre satisafait lors de ce\u00a0 grand \u00e9v\u00e9nement du Black Friday.<\/p>\n<h2>Black Friday \u00e0 Londres<\/h2>\n<p><a href=\"https:\/\/www.blackfridaydeals.ch\/wp-content\/uploads\/2016\/04\/words-1797603_1280.png\"><img decoding=\"async\" class=\"alignright size-medium wp-image-808\" src=\"https:\/\/www.blackfridaydeals.ch\/wp-content\/uploads\/2016\/04\/words-1797603_1280-300x207.png\" alt=\"Black Friday Suisse\" width=\"300\" height=\"207\" srcset=\"https:\/\/www.blackfridaydeals.ch\/wp-content\/uploads\/2016\/04\/words-1797603_1280-300x207.png 300w, https:\/\/www.blackfridaydeals.ch\/wp-content\/uploads\/2016\/04\/words-1797603_1280-768x531.png 768w, https:\/\/www.blackfridaydeals.ch\/wp-content\/uploads\/2016\/04\/words-1797603_1280-1024x708.png 1024w, https:\/\/www.blackfridaydeals.ch\/wp-content\/uploads\/2016\/04\/words-1797603_1280-788x544.png 788w, https:\/\/www.blackfridaydeals.ch\/wp-content\/uploads\/2016\/04\/words-1797603_1280.png 1280w\" sizes=\"(max-width: 300px) 100vw, 300px\" \/><\/a>Londres, o\u00f9 il est difficile de faire ses emplettes sans passer le clair de son temps en transport, compte malgr\u00e9 tout des endroits o\u00f9 on peut faire ses soldes \u00e0 coup s\u00fbr avec une large s\u00e9lection de magasins pour tout le monde.<\/p>\n<p>Lors de cette journ\u00e9e, les remises de prix imbattables \u00a0se font sur tout produit. Que ce soit des habits ou de l\u2019\u00e9lectronique, le Black Friday est le jour o\u00f9 les comptes des magasins passent du rouge au noir et o\u00f9 les consommateurs trouvent leur compte, en achetant \u00e0 bax prix, des marchandises de qualit\u00e9.<\/p>\n<p>Ainsi, \u00e0 Londres, cette ville gigantesque, o\u00f9 on peut se d\u00e9lecter en visitant les grandes enseignes comme Fortnum &amp; Mason, v\u00e9ritable embl\u00e8me de la gastronomie et de l\u2019habillement londonien o\u00f9 les offres all\u00e9chantes.<\/p>\n<p>A Harrods, ce magasin situ\u00e9 \u00e0 Knightsbridge, on pourrait \u00a0r\u00e9aliser des \u00e9conomies consid\u00e9rables sur des produits de luxe.<\/p>\n<p>C\u2019est le cas aussi, chez House of Fraser,\u00a0 Liberty, et Selfridges, ces magasiins prestigieux o\u00f9 vous pourrez faire plaisir en achetant leurs produits de luxe \u00e0 des prix inimaginables.<\/p>\n<p>Pour ne pas tourner en rond, allez directement \u00e0 Oxford Circus, Covent Garden, Piccadily Circus ou encore R\u00e9gent street. L\u00e0, on peut y touver son bonheur.<\/p>\n<p>Sur un autre plan, on peut aussi aller sur les sites tels que Next.co.uk, o\u00f9 on trouvera facilement son bien-\u00eatre avec une large panoplie d\u2019habits \u00e0 la mode.<\/p>\n<h2>Et en Allemagne\u00a0?<\/h2>\n<p>Le Black Friday s\u2019est insatall\u00e9 en Allemage \u00a0depuis cinq\u00a0 ans et il aura lieu cette ann\u00e9e, le 27 novembre\u00a0 2026. Il prolongera par l\u00e0 les achats de No\u00ebl. Les commer\u00e7ants de toutes les industries, de la mode aux pharmacies en passant par l&#8217;\u00e9lectronique et les fournisseurs de voyage \u00a0y participeront certainement.<\/p>\n<h3>Forte croissance des ventes en ligne<\/h3>\n<p>Blackfridaysale.de, le portail le plus visit\u00e9 de Black Friday et principal fournisseur de plates-formes de l&#8217;\u00e9v\u00e9nement en Allemagne, s&#8217;attend \u00e0 une augmentation importante \u00a0des visites de sa plate-forme. En 2016, 7 millions de visiteurs \u00a0pr\u00eats \u00e0 acheter ont\u00a0 acc\u00e9d\u00e9 \u00e0 ce site. Cette ann\u00e9e, les administrateurs de cette plate-forme pr\u00e9voient 10 millions de visiteurs. Pour cela\u00a0, ils s\u2019appuient\u00a0 sur des campagnes da marketing dans les m\u00e9dias sociaux, en accordant une grande priorit\u00e9 \u00e0 la qualit\u00e9.<\/p>\n<p>En plus, une coop\u00e9ration avec &#8220;Black Fridaysale&#8221; offre aux d\u00e9taillants des privil\u00e8ges importants: s&#8217;adresser \u00e0 de nouveaux clients et donc d&#8217;augmenter leur chiffre d&#8217;affaires, ce qui pourrait g\u00e9n\u00e9rer une grande volont\u00e9 d&#8217;achat et une forte visibilit\u00e9. Ainsi le Black Friday agit \u00a0cr\u00e9e un \u00e9lan important pour les clients et les d\u00e9taillants.<\/p>\n<p>En Allemagne, la marque \u00a0&#8220;Black Friday&#8221; est prot\u00e9g\u00e9e. En effect, Blackfridaysale.de a obtenu les droits d\u2019auteurs de la marque &#8220;Black Friday&#8221; sur le march\u00e9 allemand afin d\u2019assurer \u00e0 ses courtiers des conditions de commerce en ligne, de trading\u00a0 s\u00fbres et laur apporter \u00a0une couverture juridique.<\/p>\n<p>Cette ann\u00e9e, l&#8217;\u00e9v\u00e9nement commence cette ann\u00e9e le jeudi 26 novembre \u00e0 19:00 h sur Blackfridaysale et dure exactement 24 heures .<\/p>\n<p>On peut rechercher par cat\u00e9gorie, marque, produit ou nom d&#8217;article, ou simplement surfer \u00e0 travers\u00a0 cette panoplie tellement riche d&#8217;offres sp\u00e9ciales.<\/p>\n<p>En conclusion, le Black Friday commence \u00e0 s\u2019implanter peu \u00e0 peu en Europe, \u00e0 s\u2019ancrer dans les traditions de vente et d\u2019achat. Le commerce en ligne commence, aussi \u00e0 conna\u00eetre un essor important pendant le Black Friday.<\/p>\n<p>Les ensignes les plus presigieuses s\u2019int\u00e9ressent de plus belle \u00e0 cet \u00e9v\u00e9nement prestigieux.[\/vc_column_text][\/vc_column][vc_column width=&#8221;1\/3&#8243;][vc_widget_sidebar sidebar_id=&#8221;rhsidebar&#8221;][\/vc_column][\/vc_row]<\/p>\n","protected":false},"excerpt":{"rendered":"<p>[vc_row][vc_column width=&#8221;2\/3&#8243; css=&#8221;.vc_custom_1506911783181{background-color: #ffffff !important;}&#8221;][vc_column_text] Black Friday international [\/vc_column_text][vc_empty_space height=&#8221;16px&#8221;][vc_empty_space][vc_column_text] Le Black Friday aux Etat-Unis En quoi consiste le \u00ab Black Friday \u00bb ? Le Black Friday est une journ\u00e9e embl\u00e9matique aux \u00c9tats-Unis qui a lieu \u00a0d\u2019habitude \u00a0le lendemain de la f\u00eate de Thanksgiving, pendant laquelle on peut\u00a0 s\u2019offrir les produits et cadeaux pour la [&hellip;]<\/p>\n","protected":false},"author":40,"featured_media":1573,"parent":0,"menu_order":0,"comment_status":"closed","ping_status":"closed","template":"","meta":[],"yoast_head":"<!-- This site is optimized with the Yoast SEO plugin v20.5 - https:\/\/yoast.com\/wordpress\/plugins\/seo\/ -->\n<title>Black Friday international 2026 - blackfridaydeals.ch<\/title>\n<meta name=\"description\" content=\"Le Black Friday est une journ\u00e9e embl\u00e9matique aux \u00c9tats-Unis qui a lieu\u00a0d\u2019habitude\u00a0le lendemain de la f\u00eate de Thanksgiving, pendant laquelle on peut\" \/>\n<meta name=\"robots\" content=\"index, follow, max-snippet:-1, max-image-preview:large, max-video-preview:-1\" \/>\n<link rel=\"canonical\" href=\"https:\/\/www.blackfridaydeals.ch\/fr\/black-friday-international\/\" \/>\n<meta property=\"og:locale\" content=\"fr_FR\" \/>\n<meta property=\"og:type\" content=\"article\" \/>\n<meta property=\"og:title\" content=\"Black Friday international 2026 - blackfridaydeals.ch\" \/>\n<meta property=\"og:description\" content=\"Le Black Friday est une journ\u00e9e embl\u00e9matique aux \u00c9tats-Unis qui a lieu\u00a0d\u2019habitude\u00a0le lendemain de la f\u00eate de Thanksgiving, pendant laquelle on peut\" \/>\n<meta property=\"og:url\" content=\"https:\/\/www.blackfridaydeals.ch\/fr\/black-friday-international\/\" \/>\n<meta property=\"og:site_name\" content=\"blackfridaydeals.ch\" \/>\n<meta property=\"article:publisher\" content=\"https:\/\/www.facebook.com\/blackfridaydealsch\/\" \/>\n<meta property=\"article:modified_time\" content=\"2025-02-06T12:13:20+00:00\" \/>\n<meta property=\"og:image\" content=\"https:\/\/www.blackfridaydeals.ch\/wp-content\/uploads\/2017\/10\/USA-Blackfriday.jpg\" \/>\n\t<meta property=\"og:image:width\" content=\"1280\" \/>\n\t<meta property=\"og:image:height\" content=\"849\" \/>\n\t<meta property=\"og:image:type\" content=\"image\/jpeg\" \/>\n<meta name=\"twitter:card\" content=\"summary_large_image\" \/>\n<meta name=\"twitter:site\" content=\"@blackfridaych\" \/>\n<meta name=\"twitter:label1\" content=\"Est. reading time\" \/>\n\t<meta name=\"twitter:data1\" content=\"6 minutes\" \/>\n<script type=\"application\/ld+json\" class=\"yoast-schema-graph\">{\"@context\":\"https:\/\/schema.org\",\"@graph\":[{\"@type\":\"WebPage\",\"@id\":\"https:\/\/www.blackfridaydeals.ch\/fr\/black-friday-international\/\",\"url\":\"https:\/\/www.blackfridaydeals.ch\/fr\/black-friday-international\/\",\"name\":\"Black Friday international 2026 - blackfridaydeals.ch\",\"isPartOf\":{\"@id\":\"https:\/\/www.blackfridaydeals.ch\/fr\/#website\"},\"datePublished\":\"2017-10-02T02:36:34+00:00\",\"dateModified\":\"2025-02-06T12:13:20+00:00\",\"description\":\"Le Black Friday est une journ\u00e9e embl\u00e9matique aux \u00c9tats-Unis qui a lieu\u00a0d\u2019habitude\u00a0le lendemain de la f\u00eate de Thanksgiving, pendant laquelle on peut\",\"breadcrumb\":{\"@id\":\"https:\/\/www.blackfridaydeals.ch\/fr\/black-friday-international\/#breadcrumb\"},\"inLanguage\":\"fr-CH\",\"potentialAction\":[{\"@type\":\"ReadAction\",\"target\":[\"https:\/\/www.blackfridaydeals.ch\/fr\/black-friday-international\/\"]}]},{\"@type\":\"BreadcrumbList\",\"@id\":\"https:\/\/www.blackfridaydeals.ch\/fr\/black-friday-international\/#breadcrumb\",\"itemListElement\":[{\"@type\":\"ListItem\",\"position\":1,\"name\":\"Startseite\",\"item\":\"https:\/\/www.blackfridaydeals.ch\/fr\/\"},{\"@type\":\"ListItem\",\"position\":2,\"name\":\"Black Friday international\"}]},{\"@type\":\"WebSite\",\"@id\":\"https:\/\/www.blackfridaydeals.ch\/fr\/#website\",\"url\":\"https:\/\/www.blackfridaydeals.ch\/fr\/\",\"name\":\"blackfridaydeals.ch\",\"description\":\"Toutes les offres du Black Friday 2025 en Suisse\",\"publisher\":{\"@id\":\"https:\/\/www.blackfridaydeals.ch\/fr\/#organization\"},\"alternateName\":\"Black Friday Deals\",\"potentialAction\":[{\"@type\":\"SearchAction\",\"target\":{\"@type\":\"EntryPoint\",\"urlTemplate\":\"https:\/\/www.blackfridaydeals.ch\/fr\/?s={search_term_string}\"},\"query-input\":\"required name=search_term_string\"}],\"inLanguage\":\"fr-CH\"},{\"@type\":\"Organization\",\"@id\":\"https:\/\/www.blackfridaydeals.ch\/fr\/#organization\",\"name\":\"blackfridaydeals.ch\",\"alternateName\":\"Black Friday Deals\",\"url\":\"https:\/\/www.blackfridaydeals.ch\/fr\/\",\"logo\":{\"@type\":\"ImageObject\",\"inLanguage\":\"fr-CH\",\"@id\":\"https:\/\/www.blackfridaydeals.ch\/fr\/#\/schema\/logo\/image\/\",\"url\":\"https:\/\/www.blackfridaydeals.ch\/wp-content\/uploads\/2023\/03\/app-icon-white-bg-jpg.jpg\",\"contentUrl\":\"https:\/\/www.blackfridaydeals.ch\/wp-content\/uploads\/2023\/03\/app-icon-white-bg-jpg.jpg\",\"width\":512,\"height\":512,\"caption\":\"blackfridaydeals.ch\"},\"image\":{\"@id\":\"https:\/\/www.blackfridaydeals.ch\/fr\/#\/schema\/logo\/image\/\"},\"sameAs\":[\"https:\/\/www.facebook.com\/blackfridaydealsch\/\",\"https:\/\/twitter.com\/blackfridaych\",\"https:\/\/www.youtube.com\/channel\/UCNKXHacMw8AS34mBgzVx3FQ\",\"https:\/\/www.instagram.com\/blackfridaydeals.ch\/\"]}]}<\/script>\n<!-- \/ Yoast SEO plugin. -->","yoast_head_json":{"title":"Black Friday international 2026 - blackfridaydeals.ch","description":"Le Black Friday est une journ\u00e9e embl\u00e9matique aux \u00c9tats-Unis qui a lieu\u00a0d\u2019habitude\u00a0le lendemain de la f\u00eate de Thanksgiving, pendant laquelle on peut","robots":{"index":"index","follow":"follow","max-snippet":"max-snippet:-1","max-image-preview":"max-image-preview:large","max-video-preview":"max-video-preview:-1"},"canonical":"https:\/\/www.blackfridaydeals.ch\/fr\/black-friday-international\/","og_locale":"fr_FR","og_type":"article","og_title":"Black Friday international 2026 - blackfridaydeals.ch","og_description":"Le Black Friday est une journ\u00e9e embl\u00e9matique aux \u00c9tats-Unis qui a lieu\u00a0d\u2019habitude\u00a0le lendemain de la f\u00eate de Thanksgiving, pendant laquelle on peut","og_url":"https:\/\/www.blackfridaydeals.ch\/fr\/black-friday-international\/","og_site_name":"blackfridaydeals.ch","article_publisher":"https:\/\/www.facebook.com\/blackfridaydealsch\/","article_modified_time":"2025-02-06T12:13:20+00:00","og_image":[{"width":1280,"height":849,"url":"https:\/\/www.blackfridaydeals.ch\/wp-content\/uploads\/2017\/10\/USA-Blackfriday.jpg","type":"image\/jpeg"}],"twitter_card":"summary_large_image","twitter_site":"@blackfridaych","twitter_misc":{"Est. reading time":"6 minutes"},"schema":{"@context":"https:\/\/schema.org","@graph":[{"@type":"WebPage","@id":"https:\/\/www.blackfridaydeals.ch\/fr\/black-friday-international\/","url":"https:\/\/www.blackfridaydeals.ch\/fr\/black-friday-international\/","name":"Black Friday international 2026 - blackfridaydeals.ch","isPartOf":{"@id":"https:\/\/www.blackfridaydeals.ch\/fr\/#website"},"datePublished":"2017-10-02T02:36:34+00:00","dateModified":"2025-02-06T12:13:20+00:00","description":"Le Black Friday est une journ\u00e9e embl\u00e9matique aux \u00c9tats-Unis qui a lieu\u00a0d\u2019habitude\u00a0le lendemain de la f\u00eate de Thanksgiving, pendant laquelle on peut","breadcrumb":{"@id":"https:\/\/www.blackfridaydeals.ch\/fr\/black-friday-international\/#breadcrumb"},"inLanguage":"fr-CH","potentialAction":[{"@type":"ReadAction","target":["https:\/\/www.blackfridaydeals.ch\/fr\/black-friday-international\/"]}]},{"@type":"BreadcrumbList","@id":"https:\/\/www.blackfridaydeals.ch\/fr\/black-friday-international\/#breadcrumb","itemListElement":[{"@type":"ListItem","position":1,"name":"Startseite","item":"https:\/\/www.blackfridaydeals.ch\/fr\/"},{"@type":"ListItem","position":2,"name":"Black Friday international"}]},{"@type":"WebSite","@id":"https:\/\/www.blackfridaydeals.ch\/fr\/#website","url":"https:\/\/www.blackfridaydeals.ch\/fr\/","name":"blackfridaydeals.ch","description":"Toutes les offres du Black Friday 2025 en Suisse","publisher":{"@id":"https:\/\/www.blackfridaydeals.ch\/fr\/#organization"},"alternateName":"Black Friday Deals","potentialAction":[{"@type":"SearchAction","target":{"@type":"EntryPoint","urlTemplate":"https:\/\/www.blackfridaydeals.ch\/fr\/?s={search_term_string}"},"query-input":"required name=search_term_string"}],"inLanguage":"fr-CH"},{"@type":"Organization","@id":"https:\/\/www.blackfridaydeals.ch\/fr\/#organization","name":"blackfridaydeals.ch","alternateName":"Black Friday Deals","url":"https:\/\/www.blackfridaydeals.ch\/fr\/","logo":{"@type":"ImageObject","inLanguage":"fr-CH","@id":"https:\/\/www.blackfridaydeals.ch\/fr\/#\/schema\/logo\/image\/","url":"https:\/\/www.blackfridaydeals.ch\/wp-content\/uploads\/2023\/03\/app-icon-white-bg-jpg.jpg","contentUrl":"https:\/\/www.blackfridaydeals.ch\/wp-content\/uploads\/2023\/03\/app-icon-white-bg-jpg.jpg","width":512,"height":512,"caption":"blackfridaydeals.ch"},"image":{"@id":"https:\/\/www.blackfridaydeals.ch\/fr\/#\/schema\/logo\/image\/"},"sameAs":["https:\/\/www.facebook.com\/blackfridaydealsch\/","https:\/\/twitter.com\/blackfridaych","https:\/\/www.youtube.com\/channel\/UCNKXHacMw8AS34mBgzVx3FQ","https:\/\/www.instagram.com\/blackfridaydeals.ch\/"]}]}},"_links":{"self":[{"href":"https:\/\/www.blackfridaydeals.ch\/fr\/wp-json\/wp\/v2\/pages\/1577"}],"collection":[{"href":"https:\/\/www.blackfridaydeals.ch\/fr\/wp-json\/wp\/v2\/pages"}],"about":[{"href":"https:\/\/www.blackfridaydeals.ch\/fr\/wp-json\/wp\/v2\/types\/page"}],"author":[{"embeddable":true,"href":"https:\/\/www.blackfridaydeals.ch\/fr\/wp-json\/wp\/v2\/users\/40"}],"replies":[{"embeddable":true,"href":"https:\/\/www.blackfridaydeals.ch\/fr\/wp-json\/wp\/v2\/comments?post=1577"}],"version-history":[{"count":10,"href":"https:\/\/www.blackfridaydeals.ch\/fr\/wp-json\/wp\/v2\/pages\/1577\/revisions"}],"predecessor-version":[{"id":98756,"href":"https:\/\/www.blackfridaydeals.ch\/fr\/wp-json\/wp\/v2\/pages\/1577\/revisions\/98756"}],"wp:featuredmedia":[{"embeddable":true,"href":"https:\/\/www.blackfridaydeals.ch\/fr\/wp-json\/wp\/v2\/media\/1573"}],"wp:attachment":[{"href":"https:\/\/www.blackfridaydeals.ch\/fr\/wp-json\/wp\/v2\/media?parent=1577"}],"curies":[{"name":"wp","href":"https:\/\/api.w.org\/{rel}","templated":true}]}}