{"id":1570,"date":"2020-11-17T16:00:04","date_gmt":"2020-11-17T15:00:04","guid":{"rendered":"https:\/\/www.blackfridaydeals.ch\/?page_id=1570\/"},"modified":"2026-02-16T16:04:46","modified_gmt":"2026-02-16T15:04:46","slug":"black-friday-geneve","status":"publish","type":"page","link":"https:\/\/www.blackfridaydeals.ch\/fr\/black-friday-geneve\/","title":{"rendered":"Black Friday \u00e0 Gen\u00e8ve"},"content":{"rendered":"<p>[vc_row][vc_column css=&#8221;.vc_custom_1506910005398{background-color: #ffffff !important;}&#8221;][vc_column_text]<\/p>\n<h1 style=\"text-align: center;\">Black Friday \u00e0 Gen\u00e8ve<\/h1>\n<p style=\"text-align: center;\"><strong>Le Black Friday aura lieu \u00e0 Gen\u00e8ve le 27 novembre.<\/strong><\/p>\n<p>[\/vc_column_text]\n[vc_column_text]<div id=\"69f471f9f0f58-countdown\" class=\"tminus_countdown\" style=\"width:auto; height:auto;\"><div class=\"hoth-countdown\"><div id=\"69f471f9f0f58-tophtml\" class=\"hoth-tophtml\"><\/div><div id=\"69f471f9f0f58-dashboard\" class=\"hoth-dashboard\"><div class=\"hoth-dash hoth-days_dash\" data-next=\"208\"><div class=\"hoth-dash_title\">jours<\/div><div class=\"hoth-digit\" data-digit=\"2\">2<\/div><div class=\"hoth-digit\" data-digit=\"0\">0<\/div><div class=\"hoth-digit\" data-digit=\"9\">9<\/div><\/div><div class=\"hoth-dash hoth-hours_dash\" data-current=\"12\"><div class=\"hoth-dash_title\">heures<\/div><div class=\"hoth-digit\" data-digit=\"1\">1<\/div><div class=\"hoth-digit\" data-digit=\"2\">2<\/div><\/div><div class=\"hoth-dash hoth-minutes_dash\" data-current=\"32\"><div class=\"hoth-dash_title\">minutes<\/div><div class=\"hoth-digit\" data-digit=\"3\">3<\/div><div class=\"hoth-digit\" data-digit=\"2\">2<\/div><\/div><div class=\"hoth-dash hoth-seconds_dash\"><div class=\"hoth-dash_title\">secondes<\/div><div class=\"hoth-digit\" data-digit=\"3\">3<\/div><div class=\"hoth-digit\" data-digit=\"9\">9<\/div><\/div><\/div><div id=\"69f471f9f0f58-bothtml\" class=\"hoth-bothtml\"><\/div><\/div><\/div><input type=\"hidden\" id=\"countdown-data\" value='{\"day\":\"27\",\"month\":\"11\",\"year\":\"2026\",\"hour\":\"00\",\"min\":\"00\",\"sec\":\"01\",\"target\":\"Fri Nov 27 2026 00:00:01 +0100\",\"localtime\":\"5\\\/1\\\/2026 11:27:21\",\"style\":\"hoth\",\"id\":\"69f471f9f0f58\",\"event_id\":\"\",\"debug\":\"\",\"launchtarget\":\"countdown\",\"launchwidth\":\"auto\",\"launchheight\":\"auto\",\"content\":\"\"}' \/>[\/vc_column_text][vc_empty_space][vc_column_text][vc_btn title=&#8221;NE MANQUEZ AUCUNE OFFRE&#8221; color=&#8221;success&#8221; align=&#8221;center&#8221; link=&#8221;url:http%3A%2F%2Feepurl.com%2FdD_vF5||target:%20_blank|rel:nofollow&#8221; el_class=&#8221;greenbutton&#8221;][\/vc_column_text][vc_empty_space][vc_column_text]<\/p>\n<h2>Gen\u00e8ve, le paradis du shopping<\/h2>\n<p><img decoding=\"async\" class=\"alignright size-medium wp-image-26355\" src=\"https:\/\/www.blackfridaydeals.ch\/wp-content\/uploads\/2020\/10\/G\u00e8neve-Shopping-300x201.jpg\" alt=\"\" width=\"300\" height=\"201\" srcset=\"https:\/\/www.blackfridaydeals.ch\/wp-content\/uploads\/2020\/10\/G\u00e8neve-Shopping-300x201.jpg 300w, https:\/\/www.blackfridaydeals.ch\/wp-content\/uploads\/2020\/10\/G\u00e8neve-Shopping-1024x686.jpg 1024w, https:\/\/www.blackfridaydeals.ch\/wp-content\/uploads\/2020\/10\/G\u00e8neve-Shopping-768x514.jpg 768w, https:\/\/www.blackfridaydeals.ch\/wp-content\/uploads\/2020\/10\/G\u00e8neve-Shopping-1536x1028.jpg 1536w, https:\/\/www.blackfridaydeals.ch\/wp-content\/uploads\/2020\/10\/G\u00e8neve-Shopping-2048x1371.jpg 2048w, https:\/\/www.blackfridaydeals.ch\/wp-content\/uploads\/2020\/10\/G\u00e8neve-Shopping-788x527.jpg 788w, https:\/\/www.blackfridaydeals.ch\/wp-content\/uploads\/2020\/10\/G\u00e8neve-Shopping.jpg 1897w\" sizes=\"(max-width: 300px) 100vw, 300px\" \/>Gen\u00e8ve, la ville aux charmes inou\u00efs, offre \u00e0 ses habitants comme \u00e0 ses visiteurs une douceur de vivre in\u00e9gal\u00e9e. C\u2019est une ville o\u00f9 on se sent parfaitement d\u00e9tendu, ressourc\u00e9. Une fl\u00e2nerie en bordure du lac, une promenade en bateau puis un caf\u00e9 exquis sur une terrasse baign\u00e9e de soleil de la Vieille Ville et vous vous sentirez bien, en forme. Alors que le Rh\u00f4ne qui parcourt la ville de ses eaux cristallines, vous lance une invitation \u00e0 la baignade \u00e0 laquelle il est difficile de r\u00e9sister.<\/p>\n<p>Certes, Gen\u00e8ve est une ville o\u00f9 tout respire le confort, la magnificence. On y trouve en effet un nombre incalculable d\u2019h\u00f4tels de haut standing, des magnifiques bijouteries, des banques. Mais loin des formules de propagande toutes faites, Gen\u00e8ve renferme une autre dimension f\u00e9erique, avec un parfum surann\u00e9, ancr\u00e9e dans un pass\u00e9 glorieux qui se voit encore dans sa Vieille Ville, dans ses somptueuses fa\u00e7ades du dix-huiti\u00e8me si\u00e8cle, dans ses mus\u00e9es et ses \u00e9difices historiques.<\/p>\n<p>Dans cette ville aux mille facettes, le Black Friday a un autre go\u00fbt, car tous les ingr\u00e9dients sont r\u00e9unis pour faire de bonnes affaires au bonheur des clients et des commer\u00e7ants. On avait m\u00eame assist\u00e9 \u00e0 de v\u00e9ritables raids dans certaines boutiques. En sera-t-il de m\u00eame en 2026\u00a0?<\/p>\n<h2>Quels magasins vont participer\u00a0?<\/h2>\n<p>On ne pourrait pas donc parler shopping et bons plans sans parler de Gen\u00e8ve. Gr\u00e2ce \u00e0 de nombreux petits et grands magasins, la ville de Gen\u00e8ve est une destination de shopping immanquable tout au long de l\u2019ann\u00e9e, et nous vous laissons alors imaginer l\u2019ambiance fi\u00e9vreuse et enflamm\u00e9e lors du Black Friday\u00a0! Vous perdrez m\u00eame vos rep\u00e8res dans les magasins et centres commerciaux o\u00f9 vous avez l\u2019habitude de faire vos courses tellement l\u2019agitation est \u00e0 son comble. C\u2019est que les offres sont tellement attrayantes qu\u2019on perd un peu le nord.<\/p>\n<p>Comme l\u2019ann\u00e9e derni\u00e8re, nous nous attendons \u00e0 ce que la participation soit encore plus importante au Black Friday 2026. Manor, le pionnier du Black Friday en Suisse marquera comme toujours sa pr\u00e9sence par des offres all\u00e9chantes.<\/p>\n<p>D\u2019autres magasins comme Migros, Digitec, Melectronics, Microspot, Coop, MediaMarkt ou encore Digitec ne manqueront pas d\u2019offrir des bons plans immanquables sur la mode, la beaut\u00e9, la haute technologie, les voyages, l\u2019\u00e9lectrom\u00e9nager, les jouets\u2026 En fait, la liste est longue, mais pour \u00eatre \u00e0 jour, vous pourrez consulter \u00e0 chaque fois notre site : <a href=\"https:\/\/www.blackfridaydeals.ch\/fr\/\">www.blackfridaydeals.ch<\/a>. Vous saurez tout sur les marques, les grandes enseignes, les petites ou grandes boutiques mais aussi sur les rabais, les offres et en temps r\u00e9el.<\/p>\n<p>Le Black Friday \u00e0 Gen\u00e8ve est le rendez-vous des belles affaires, il est l\u2019\u00e9v\u00e9nement shopping phare o\u00f9 vous aurez droit \u00e0 des r\u00e9ductions jamais atteintes au cours de l\u2019ann\u00e9e.<\/p>\n<p>Si pour le moment un myst\u00e8re plane encore sur la liste des participants, nous tenons \u00e0 vous rassurer, car la majorit\u00e9 des participants du Black Friday 2026 ont exprim\u00e9 leur intention d\u2019\u00eatre l\u00e0, de renouveler cette exp\u00e9rience fabuleuse.<\/p>\n<h2>L&#8217;histoire du Black Friday \u00e0 Gen\u00e8ve<\/h2>\n<p><a href=\"https:\/\/www.blackfridaydeals.ch\/wp-content\/uploads\/2017\/09\/manor-black-friday.jpg\"><img decoding=\"async\" class=\"alignright size-medium wp-image-1532\" src=\"https:\/\/www.blackfridaydeals.ch\/wp-content\/uploads\/2017\/09\/manor-black-friday-300x200.jpg\" alt=\"Black Friday 2017 Manor\" width=\"300\" height=\"200\" srcset=\"https:\/\/www.blackfridaydeals.ch\/wp-content\/uploads\/2017\/09\/manor-black-friday-300x200.jpg 300w, https:\/\/www.blackfridaydeals.ch\/wp-content\/uploads\/2017\/09\/manor-black-friday-768x512.jpg 768w, https:\/\/www.blackfridaydeals.ch\/wp-content\/uploads\/2017\/09\/manor-black-friday-1024x683.jpg 1024w, https:\/\/www.blackfridaydeals.ch\/wp-content\/uploads\/2017\/09\/manor-black-friday-788x525.jpg 788w, https:\/\/www.blackfridaydeals.ch\/wp-content\/uploads\/2017\/09\/manor-black-friday.jpg 528w\" sizes=\"(max-width: 300px) 100vw, 300px\" \/><\/a><\/p>\n<p>En 2016, l\u2019\u00e9v\u00e8nement du <a href=\"https:\/\/www.blackfridaydeals.ch\/fr\/\">Black Friday<\/a> organis\u00e9 ce vendredi 25 novembre sur le mod\u00e8le am\u00e9ricain a clairement conquis les suisses au bout du lac. Un magasin d\u2019\u00e9lectrom\u00e9nager a subi, \u00e0 proprement parler un v\u00e9ritable raid \u00e0 son ouverture.<\/p>\n<p>De l\u2019autre c\u00f4t\u00e9 de l\u2019Atlantique, le Black Friday est entr\u00e9 dans les traditions am\u00e9ricaines, pour certains, il est m\u00eame consid\u00e9r\u00e9, comme un sport national, ou presque. Ne faut-il pas savoir courir pour pouvoir r\u00e9aliser de bonnes affaires pendant ce jour des remises\u00a0! Dans cette course fr\u00e9n\u00e9tique, les Genevois semblent d\u00e9j\u00e0 pr\u00eats, \u00e0 l\u2019aff\u00fbt, bien pr\u00e9par\u00e9. \u00a0Cela se voyait dans cette vid\u00e9o tourn\u00e9e le matin m\u00eame du Black Friday o\u00f9 on assista \u00e0 un v\u00e9ritable raz de mar\u00e9e humain prenant d\u2019assaut les rayons du magasin Media Markt Meyrin \u00e0 son ouverture.<\/p>\n<p>Le Black Friday commence donc, \u00e0 s\u2019implanter \u00e0 Gen\u00e8ve o\u00f9 de plus en plus d\u2019enseignes s\u2019y mettent pour lancer commercialement les achats de no\u00ebl, et s\u00e9duire les g\u00e9nevois.<\/p>\n<h2>Qui participe &#8211; en d\u00e9tail<\/h2>\n<p><a href=\"https:\/\/www.blackfridaydeals.ch\/wp-content\/uploads\/2016\/04\/black-friday.jpg\"><img decoding=\"async\" class=\"alignright size-medium wp-image-1457\" src=\"https:\/\/www.blackfridaydeals.ch\/wp-content\/uploads\/2016\/04\/black-friday-300x147.jpg\" alt=\"Black Friday Suisse\" width=\"300\" height=\"147\" srcset=\"https:\/\/www.blackfridaydeals.ch\/wp-content\/uploads\/2016\/04\/black-friday-300x147.jpg 300w, https:\/\/www.blackfridaydeals.ch\/wp-content\/uploads\/2016\/04\/black-friday-768x376.jpg 768w, https:\/\/www.blackfridaydeals.ch\/wp-content\/uploads\/2016\/04\/black-friday-1024x501.jpg 1024w, https:\/\/www.blackfridaydeals.ch\/wp-content\/uploads\/2016\/04\/black-friday-788x385.jpg 788w, https:\/\/www.blackfridaydeals.ch\/wp-content\/uploads\/2016\/04\/black-friday.jpg 960w\" sizes=\"(max-width: 300px) 100vw, 300px\" \/><\/a>Conforama, le num\u00e9ro 2 mondial de l\u2019\u00e9quipement de la maison, se targue d\u2019\u00eatre la premi\u00e8re enseigne \u00e0 avoir promu le Black Friday en Suisse, en novembre 2014. Le succ\u00e8s gagna la Suisse al\u00e9manique, puis, plus tard la Suisse romande. Pendant 3 jours, cette fin de semaine 2015 fut t\u00e9moin d\u2019une activit\u00e9 commerciale intense, d\u00e9mesur\u00e9e, soit le double d\u2019un week-end moyen, estima le groupe.<\/p>\n<p>Chez Manor, \u00e0 Gen\u00e8ve, qui se comporte en leader dans le e-commerce du Black Friday, l\u2019agitation se fait remarquer. En effet, on parle d\u2019un succ\u00e8s prodigieux des ventes enregistr\u00e9es pendant le Black Friday et d\u2019une augmentation du trafic de 50% dans ses magasins.<\/p>\n<p>En r\u00e9alit\u00e9, ces remises de prix sont destin\u00e9es aux clients poss\u00e9dant la carte de fid\u00e9lit\u00e9 Manor, qui leur donne le privil\u00e8ge de profiter de 30% de r\u00e9duction sur une grande partie de la gamme, tels que mode, bijoux, m\u00e9nage, jouet et 10% dans l\u2019alimentation, vin, multim\u00e9dia, \u00e9lectronique ou les montres made suisse.<\/p>\n<p><img decoding=\"async\" class=\"alignright size-medium wp-image-26352\" src=\"https:\/\/www.blackfridaydeals.ch\/wp-content\/uploads\/2020\/10\/G\u00e8neve-300x199.jpg\" alt=\"\" width=\"300\" height=\"199\" srcset=\"https:\/\/www.blackfridaydeals.ch\/wp-content\/uploads\/2020\/10\/G\u00e8neve-300x199.jpg 300w, https:\/\/www.blackfridaydeals.ch\/wp-content\/uploads\/2020\/10\/G\u00e8neve-1024x680.jpg 1024w, https:\/\/www.blackfridaydeals.ch\/wp-content\/uploads\/2020\/10\/G\u00e8neve-767x509.jpg 767w, https:\/\/www.blackfridaydeals.ch\/wp-content\/uploads\/2020\/10\/G\u00e8neve-1536x1020.jpg 1536w, https:\/\/www.blackfridaydeals.ch\/wp-content\/uploads\/2020\/10\/G\u00e8neve-2048x1360.jpg 2048w, https:\/\/www.blackfridaydeals.ch\/wp-content\/uploads\/2020\/10\/G\u00e8neve-788x523.jpg 788w, https:\/\/www.blackfridaydeals.ch\/wp-content\/uploads\/2020\/10\/G\u00e8neve.jpg 1901w\" sizes=\"(max-width: 300px) 100vw, 300px\" \/><\/p>\n<p>Sur leurs traces, toute une s\u00e9rie d\u2019enseignes ont d\u00e9cid\u00e9 de suivre le mouvement : en l\u2019occurrence H&amp;M, <a href=\"https:\/\/www.blackfridaydeals.ch\/fr\/shops\/interdiscount-fr\/\">Interdiscount<\/a>, <a href=\"https:\/\/www.blackfridaydeals.ch\/fr\/shops\/christ-montres-bijoux\/\">Christ<\/a>, trois marques du groupe <a href=\"https:\/\/www.blackfridaydeals.ch\/fr\/shops\/coop-fr\/\">Coop<\/a>, ainsi que Carat du groupe <a href=\"https:\/\/www.blackfridaydeals.ch\/fr\/shops\/migros-fr\/\">Migros<\/a>. Quant au groupe de garages genevois Chevalley, il s\u2019est associ\u00e9 \u00e0 Mercedes-Benz et Mercedes-AMG pour une action exceptionnelle \u00e0 l\u2019occasion du Black Friday, au centre i-Life \u00e0 Etoy : 35 Mercedes-Benz neuves de stock seront, ainsi expos\u00e9s \u00e0 des prix invraisemblables.<\/p>\n<p>Gen\u00e8ve, cette ville r\u00e9put\u00e9e pour ses promenades relaxantes autour du lac de Leman\u00a0! Gen\u00e8ve, cette cit\u00e9 \u00e0 la renomm\u00e9e mondiale pour ses ch\u00e2teaux et ses manoirs, ses paysages et ses montagnes incroyables, est devenue, \u00e9galement la capitale du shoping \u00e0 la port\u00e9e de tous, durant cet heureux \u00e9v\u00e9nement\u00a0: le Black Friday suisse.<\/p>\n<p><strong>Rendez-vous, donc, pour le 27 novembre 2026.<\/strong>[\/vc_column_text][\/vc_column][\/vc_row]<\/p>\n","protected":false},"excerpt":{"rendered":"<p>[vc_row][vc_column css=&#8221;.vc_custom_1506910005398{background-color: #ffffff !important;}&#8221;][vc_column_text] Black Friday \u00e0 Gen\u00e8ve Le Black Friday aura lieu \u00e0 Gen\u00e8ve le novembre. [\/vc_column_text][vc_column_text][\/vc_column_text][vc_empty_space][vc_column_text][vc_btn title=&#8221;NE MANQUEZ AUCUNE OFFRE&#8221; color=&#8221;success&#8221; align=&#8221;center&#8221; link=&#8221;url:http%3A%2F%2Feepurl.com%2FdD_vF5||target:%20_blank|rel:nofollow&#8221; el_class=&#8221;greenbutton&#8221;][\/vc_column_text][vc_empty_space][vc_column_text] Gen\u00e8ve, le paradis du shopping Gen\u00e8ve, la ville aux charmes inou\u00efs, offre \u00e0 ses habitants comme \u00e0 ses visiteurs une douceur de vivre in\u00e9gal\u00e9e. C\u2019est une ville o\u00f9 on [&hellip;]<\/p>\n","protected":false},"author":40,"featured_media":1452,"parent":0,"menu_order":0,"comment_status":"closed","ping_status":"closed","template":"","meta":[],"yoast_head":"<!-- This site is optimized with the Yoast SEO plugin v20.5 - https:\/\/yoast.com\/wordpress\/plugins\/seo\/ -->\n<title>Black Friday Gen\u00e8ve | les meilleures offres | 27 novembre 2026<\/title>\n<meta name=\"description\" content=\"Votre guide complet pour le Black Friday \u00e0 Gen\u00e8ve : d\u00e9couvrez les meilleures offres, astuces et pr\u00e9visions.\" \/>\n<meta name=\"robots\" content=\"index, follow, max-snippet:-1, max-image-preview:large, max-video-preview:-1\" \/>\n<link rel=\"canonical\" href=\"https:\/\/www.blackfridaydeals.ch\/fr\/black-friday-geneve\/\" \/>\n<meta property=\"og:locale\" content=\"fr_FR\" \/>\n<meta property=\"og:type\" content=\"article\" \/>\n<meta property=\"og:title\" content=\"Black Friday Gen\u00e8ve | les meilleures offres | 27 novembre 2026\" \/>\n<meta property=\"og:description\" content=\"Votre guide complet pour le Black Friday \u00e0 Gen\u00e8ve : d\u00e9couvrez les meilleures offres, astuces et pr\u00e9visions.\" \/>\n<meta property=\"og:url\" content=\"https:\/\/www.blackfridaydeals.ch\/fr\/black-friday-geneve\/\" \/>\n<meta property=\"og:site_name\" content=\"blackfridaydeals.ch\" \/>\n<meta property=\"article:publisher\" content=\"https:\/\/www.facebook.com\/blackfridaydealsch\/\" \/>\n<meta property=\"article:modified_time\" content=\"2026-02-16T15:04:46+00:00\" \/>\n<meta property=\"og:image\" content=\"https:\/\/www.blackfridaydeals.ch\/wp-content\/uploads\/2016\/04\/Black-Friday-Suisse.png\" \/>\n\t<meta property=\"og:image:width\" content=\"1107\" \/>\n\t<meta property=\"og:image:height\" content=\"1455\" \/>\n\t<meta property=\"og:image:type\" content=\"image\/png\" \/>\n<meta name=\"twitter:card\" content=\"summary_large_image\" \/>\n<meta name=\"twitter:site\" content=\"@blackfridaych\" \/>\n<meta name=\"twitter:label1\" content=\"Est. reading time\" \/>\n\t<meta name=\"twitter:data1\" content=\"6 minutes\" \/>\n<script type=\"application\/ld+json\" class=\"yoast-schema-graph\">{\"@context\":\"https:\/\/schema.org\",\"@graph\":[{\"@type\":\"WebPage\",\"@id\":\"https:\/\/www.blackfridaydeals.ch\/fr\/black-friday-geneve\/\",\"url\":\"https:\/\/www.blackfridaydeals.ch\/fr\/black-friday-geneve\/\",\"name\":\"Black Friday Gen\u00e8ve | les meilleures offres | 27 novembre 2026\",\"isPartOf\":{\"@id\":\"https:\/\/www.blackfridaydeals.ch\/fr\/#website\"},\"datePublished\":\"2020-11-17T15:00:04+00:00\",\"dateModified\":\"2026-02-16T15:04:46+00:00\",\"description\":\"Votre guide complet pour le Black Friday \u00e0 Gen\u00e8ve : d\u00e9couvrez les meilleures offres, astuces et pr\u00e9visions.\",\"breadcrumb\":{\"@id\":\"https:\/\/www.blackfridaydeals.ch\/fr\/black-friday-geneve\/#breadcrumb\"},\"inLanguage\":\"fr-CH\",\"potentialAction\":[{\"@type\":\"ReadAction\",\"target\":[\"https:\/\/www.blackfridaydeals.ch\/fr\/black-friday-geneve\/\"]}]},{\"@type\":\"BreadcrumbList\",\"@id\":\"https:\/\/www.blackfridaydeals.ch\/fr\/black-friday-geneve\/#breadcrumb\",\"itemListElement\":[{\"@type\":\"ListItem\",\"position\":1,\"name\":\"Startseite\",\"item\":\"https:\/\/www.blackfridaydeals.ch\/fr\/\"},{\"@type\":\"ListItem\",\"position\":2,\"name\":\"Black Friday \u00e0 Gen\u00e8ve\"}]},{\"@type\":\"WebSite\",\"@id\":\"https:\/\/www.blackfridaydeals.ch\/fr\/#website\",\"url\":\"https:\/\/www.blackfridaydeals.ch\/fr\/\",\"name\":\"blackfridaydeals.ch\",\"description\":\"Toutes les offres du Black Friday 2025 en Suisse\",\"publisher\":{\"@id\":\"https:\/\/www.blackfridaydeals.ch\/fr\/#organization\"},\"alternateName\":\"Black Friday Deals\",\"potentialAction\":[{\"@type\":\"SearchAction\",\"target\":{\"@type\":\"EntryPoint\",\"urlTemplate\":\"https:\/\/www.blackfridaydeals.ch\/fr\/?s={search_term_string}\"},\"query-input\":\"required name=search_term_string\"}],\"inLanguage\":\"fr-CH\"},{\"@type\":\"Organization\",\"@id\":\"https:\/\/www.blackfridaydeals.ch\/fr\/#organization\",\"name\":\"blackfridaydeals.ch\",\"alternateName\":\"Black Friday Deals\",\"url\":\"https:\/\/www.blackfridaydeals.ch\/fr\/\",\"logo\":{\"@type\":\"ImageObject\",\"inLanguage\":\"fr-CH\",\"@id\":\"https:\/\/www.blackfridaydeals.ch\/fr\/#\/schema\/logo\/image\/\",\"url\":\"https:\/\/www.blackfridaydeals.ch\/wp-content\/uploads\/2023\/03\/app-icon-white-bg-jpg.jpg\",\"contentUrl\":\"https:\/\/www.blackfridaydeals.ch\/wp-content\/uploads\/2023\/03\/app-icon-white-bg-jpg.jpg\",\"width\":512,\"height\":512,\"caption\":\"blackfridaydeals.ch\"},\"image\":{\"@id\":\"https:\/\/www.blackfridaydeals.ch\/fr\/#\/schema\/logo\/image\/\"},\"sameAs\":[\"https:\/\/www.facebook.com\/blackfridaydealsch\/\",\"https:\/\/twitter.com\/blackfridaych\",\"https:\/\/www.youtube.com\/channel\/UCNKXHacMw8AS34mBgzVx3FQ\",\"https:\/\/www.instagram.com\/blackfridaydeals.ch\/\"]}]}<\/script>\n<!-- \/ Yoast SEO plugin. -->","yoast_head_json":{"title":"Black Friday Gen\u00e8ve | les meilleures offres | 27 novembre 2026","description":"Votre guide complet pour le Black Friday \u00e0 Gen\u00e8ve : d\u00e9couvrez les meilleures offres, astuces et pr\u00e9visions.","robots":{"index":"index","follow":"follow","max-snippet":"max-snippet:-1","max-image-preview":"max-image-preview:large","max-video-preview":"max-video-preview:-1"},"canonical":"https:\/\/www.blackfridaydeals.ch\/fr\/black-friday-geneve\/","og_locale":"fr_FR","og_type":"article","og_title":"Black Friday Gen\u00e8ve | les meilleures offres | 27 novembre 2026","og_description":"Votre guide complet pour le Black Friday \u00e0 Gen\u00e8ve : d\u00e9couvrez les meilleures offres, astuces et pr\u00e9visions.","og_url":"https:\/\/www.blackfridaydeals.ch\/fr\/black-friday-geneve\/","og_site_name":"blackfridaydeals.ch","article_publisher":"https:\/\/www.facebook.com\/blackfridaydealsch\/","article_modified_time":"2026-02-16T15:04:46+00:00","og_image":[{"width":1107,"height":1455,"url":"https:\/\/www.blackfridaydeals.ch\/wp-content\/uploads\/2016\/04\/Black-Friday-Suisse.png","type":"image\/png"}],"twitter_card":"summary_large_image","twitter_site":"@blackfridaych","twitter_misc":{"Est. reading time":"6 minutes"},"schema":{"@context":"https:\/\/schema.org","@graph":[{"@type":"WebPage","@id":"https:\/\/www.blackfridaydeals.ch\/fr\/black-friday-geneve\/","url":"https:\/\/www.blackfridaydeals.ch\/fr\/black-friday-geneve\/","name":"Black Friday Gen\u00e8ve | les meilleures offres | 27 novembre 2026","isPartOf":{"@id":"https:\/\/www.blackfridaydeals.ch\/fr\/#website"},"datePublished":"2020-11-17T15:00:04+00:00","dateModified":"2026-02-16T15:04:46+00:00","description":"Votre guide complet pour le Black Friday \u00e0 Gen\u00e8ve : d\u00e9couvrez les meilleures offres, astuces et pr\u00e9visions.","breadcrumb":{"@id":"https:\/\/www.blackfridaydeals.ch\/fr\/black-friday-geneve\/#breadcrumb"},"inLanguage":"fr-CH","potentialAction":[{"@type":"ReadAction","target":["https:\/\/www.blackfridaydeals.ch\/fr\/black-friday-geneve\/"]}]},{"@type":"BreadcrumbList","@id":"https:\/\/www.blackfridaydeals.ch\/fr\/black-friday-geneve\/#breadcrumb","itemListElement":[{"@type":"ListItem","position":1,"name":"Startseite","item":"https:\/\/www.blackfridaydeals.ch\/fr\/"},{"@type":"ListItem","position":2,"name":"Black Friday \u00e0 Gen\u00e8ve"}]},{"@type":"WebSite","@id":"https:\/\/www.blackfridaydeals.ch\/fr\/#website","url":"https:\/\/www.blackfridaydeals.ch\/fr\/","name":"blackfridaydeals.ch","description":"Toutes les offres du Black Friday 2025 en Suisse","publisher":{"@id":"https:\/\/www.blackfridaydeals.ch\/fr\/#organization"},"alternateName":"Black Friday Deals","potentialAction":[{"@type":"SearchAction","target":{"@type":"EntryPoint","urlTemplate":"https:\/\/www.blackfridaydeals.ch\/fr\/?s={search_term_string}"},"query-input":"required name=search_term_string"}],"inLanguage":"fr-CH"},{"@type":"Organization","@id":"https:\/\/www.blackfridaydeals.ch\/fr\/#organization","name":"blackfridaydeals.ch","alternateName":"Black Friday Deals","url":"https:\/\/www.blackfridaydeals.ch\/fr\/","logo":{"@type":"ImageObject","inLanguage":"fr-CH","@id":"https:\/\/www.blackfridaydeals.ch\/fr\/#\/schema\/logo\/image\/","url":"https:\/\/www.blackfridaydeals.ch\/wp-content\/uploads\/2023\/03\/app-icon-white-bg-jpg.jpg","contentUrl":"https:\/\/www.blackfridaydeals.ch\/wp-content\/uploads\/2023\/03\/app-icon-white-bg-jpg.jpg","width":512,"height":512,"caption":"blackfridaydeals.ch"},"image":{"@id":"https:\/\/www.blackfridaydeals.ch\/fr\/#\/schema\/logo\/image\/"},"sameAs":["https:\/\/www.facebook.com\/blackfridaydealsch\/","https:\/\/twitter.com\/blackfridaych","https:\/\/www.youtube.com\/channel\/UCNKXHacMw8AS34mBgzVx3FQ","https:\/\/www.instagram.com\/blackfridaydeals.ch\/"]}]}},"_links":{"self":[{"href":"https:\/\/www.blackfridaydeals.ch\/fr\/wp-json\/wp\/v2\/pages\/1570"}],"collection":[{"href":"https:\/\/www.blackfridaydeals.ch\/fr\/wp-json\/wp\/v2\/pages"}],"about":[{"href":"https:\/\/www.blackfridaydeals.ch\/fr\/wp-json\/wp\/v2\/types\/page"}],"author":[{"embeddable":true,"href":"https:\/\/www.blackfridaydeals.ch\/fr\/wp-json\/wp\/v2\/users\/40"}],"replies":[{"embeddable":true,"href":"https:\/\/www.blackfridaydeals.ch\/fr\/wp-json\/wp\/v2\/comments?post=1570"}],"version-history":[{"count":21,"href":"https:\/\/www.blackfridaydeals.ch\/fr\/wp-json\/wp\/v2\/pages\/1570\/revisions"}],"predecessor-version":[{"id":109996,"href":"https:\/\/www.blackfridaydeals.ch\/fr\/wp-json\/wp\/v2\/pages\/1570\/revisions\/109996"}],"wp:featuredmedia":[{"embeddable":true,"href":"https:\/\/www.blackfridaydeals.ch\/fr\/wp-json\/wp\/v2\/media\/1452"}],"wp:attachment":[{"href":"https:\/\/www.blackfridaydeals.ch\/fr\/wp-json\/wp\/v2\/media?parent=1570"}],"curies":[{"name":"wp","href":"https:\/\/api.w.org\/{rel}","templated":true}]}}