{"id":14211,"date":"2019-01-15T12:23:20","date_gmt":"2019-01-15T11:23:20","guid":{"rendered":"https:\/\/www.blackfridaydeals.ch\/?page_id=14211"},"modified":"2025-02-07T13:51:26","modified_gmt":"2025-02-07T12:51:26","slug":"le-black-friday-en-france","status":"publish","type":"page","link":"https:\/\/www.blackfridaydeals.ch\/fr\/le-black-friday-en-france\/","title":{"rendered":"Le Black Friday en France"},"content":{"rendered":"<p>M\u00eame si on ne f\u00eate pas Thanksgiving, le Black Friday, cette folle journ\u00e9e qui vient tout droit des USA, est le jour des promotions avant les soldes en France. De plus en plus de magasins et boutiques adh\u00e8rent \u00e0 cet \u00e9v\u00e9nement sp\u00e9cial pour liquider leur stocks avant la p\u00e9riode de No\u00ebl.<\/p>\n<h2>Quelle est la date du Black Friday en 2026 ?<\/h2>\n<p><img decoding=\"async\" class=\"alignright wp-image-14212 size-medium\" src=\"https:\/\/www.blackfridaydeals.ch\/wp-content\/uploads\/2019\/01\/Black-Friday-France-295x300.jpg\" alt=\"Black Friday France\" width=\"295\" height=\"300\" srcset=\"https:\/\/www.blackfridaydeals.ch\/wp-content\/uploads\/2019\/01\/Black-Friday-France-295x300.jpg 295w, https:\/\/www.blackfridaydeals.ch\/wp-content\/uploads\/2019\/01\/Black-Friday-France.jpg 708w\" sizes=\"(max-width: 295px) 100vw, 295px\" \/>Cette ann\u00e9e, le Black Friday aura lieu le 27 novembre 2026 comme aux Etats-Unis. C\u2019est le moment opportun pour b\u00e9n\u00e9ficier pleinement de ces promotions et passer un No\u00ebl moins dispensieux, juste avant les Soldes d\u2019hiver.<\/p>\n<p>Mais certaines grandes surfaces, et \u00e9galement des sites Internet (<a href=\"https:\/\/www.blackfridaydeals.ch\/fr\/shops\/amazon-fr\/\">Amazon<\/a>, Fnac, La redoute\u2026), commencent \u00e0 int\u00e9grer cette journ\u00e9e de promotions pour faire plaisir aux autres, mais aussi \u00e0 soi.<\/p>\n<h2>Comment profiter et acheter moins cher avec le Black Friday ?<\/h2>\n<p>En 2014, un sondage a r\u00e9v\u00e9l\u00e9 que les fran\u00e7ais sont de plus en plus motiv\u00e9s par cette nouvelle forme de marketing, ainsi, rel\u00e8ve-t-on que 29,4 % des Fran\u00e7ais y ont particip\u00e9 effectivement , autrement dit 14,98 millions d\u2019habitants. Un premi\u00e8re lors de cette journ\u00e9e \u00ab Test \u00bb<\/p>\n<p>Les consommateurs en France \u00e9taient s\u00e9duits par les r\u00e9ductions qu\u2019offre le Black Friday qui peuvent atteindre jusqu\u2019\u00e0 85 % sur diff\u00e9rents produits propos\u00e9s par les magasins ou sur Internet, ce qui est un chiffre plut\u00f4t b\u00e9n\u00e9fique pour les \u00e9conomies. Durant ce Black Friday, les v\u00eatements \u00e9taient les plus sollicit\u00e9s ; viennent ensuite le multim\u00e9dia, les jouets, les parfums, la d\u00e9coration de maison, l\u2019\u00e9lectrom\u00e9nager, l\u2019alimentation, les jeux vid\u00e9os et les chocolats.<\/p>\n<p>Pour plus d&#8217;informations sur le Black Friday en France, visitez la page <a rel=\"noopener noreferrer\" href=\"https:\/\/www.blackfriday-france.com\/\" target=\"_blank\">blackfriday-france.com<\/a><\/p>\n<h2>Liste des magasins fran\u00e7ais qui font le Black Friday<\/h2>\n<p>En France, les grands surfaces, comme Auchan ou G\u00e9ant Casino, saisissent le Black Friday pour r\u00e9aliser de bonnes affaires fructueuses, et font aussi profiter leurs clients, principalement pour l\u2019achat de l\u2019alimentation, et aussi dans le multim\u00e9dia.<\/p>\n<p>La FNAC ou Darty, dans le domaine du multim\u00e9dia ou de l\u2019\u00e9lectrom\u00e9nager y participent aussi. D\u2019autres grandes enseignes, comme Apple, ou La Redoute, sp\u00e9cialiste de l\u2019habillage mais aussi de la d\u00e9coration de maisons, adh\u00e8rent aussi \u00e0 cet \u00e9v\u00e9nement Black Friday.<\/p>\n<p>Enfin, les internautes sont certainement all\u00e9s sur diff\u00e9rents sites de ventes en ligne, comme la Rue du Commerce, Amazon ou Cdiscount, o\u00f9 par le biais des annonces sur la page d\u2019accueil, ils vantent leurs promotions durant cette journ\u00e9e discount.<\/p>\n<p>Certains sites, accessibles seulement lors de cet \u00e9v\u00e9nement <a href=\"https:\/\/www.blackfridaydeals.ch\/fr\/\">Black Friday<\/a>, sont souvent les sites Web les plus appr\u00e9ci\u00e9s pour ceux qui n\u2019aiment pas le bain de foule dans les magasins. Bien peinard, chez, eux, ils pourront trouver ce qu\u2019ils cherchent pr\u00e9cis\u00e9ment. A ne pas manquer, si on veut vraiment s\u2019approvisionner \u00e0 bon march\u00e9 !<\/p>\n","protected":false},"excerpt":{"rendered":"<p>M\u00eame si on ne f\u00eate pas Thanksgiving, le Black Friday, cette folle journ\u00e9e qui vient tout droit des USA, est le jour des promotions avant les soldes en France. De plus en plus de magasins et boutiques adh\u00e8rent \u00e0 cet \u00e9v\u00e9nement sp\u00e9cial pour liquider leur stocks avant la p\u00e9riode de No\u00ebl. Quelle est la date [&hellip;]<\/p>\n","protected":false},"author":40,"featured_media":14212,"parent":0,"menu_order":0,"comment_status":"closed","ping_status":"closed","template":"","meta":[],"yoast_head":"<!-- This site is optimized with the Yoast SEO plugin v20.5 - https:\/\/yoast.com\/wordpress\/plugins\/seo\/ -->\n<title>Le Black Friday en France - blackfridaydeals.ch<\/title>\n<meta name=\"description\" content=\"M\u00eame si on ne f\u00eate pas Thanksgiving, le Black Friday, cette folle journ\u00e9e qui vient tout droit des USA, est le jour des promotions avant les soldes en\" \/>\n<meta name=\"robots\" content=\"index, follow, max-snippet:-1, max-image-preview:large, max-video-preview:-1\" \/>\n<link rel=\"canonical\" href=\"https:\/\/www.blackfridaydeals.ch\/fr\/le-black-friday-en-france\/\" \/>\n<meta property=\"og:locale\" content=\"fr_FR\" \/>\n<meta property=\"og:type\" content=\"article\" \/>\n<meta property=\"og:title\" content=\"Le Black Friday en France - blackfridaydeals.ch\" \/>\n<meta property=\"og:description\" content=\"M\u00eame si on ne f\u00eate pas Thanksgiving, le Black Friday, cette folle journ\u00e9e qui vient tout droit des USA, est le jour des promotions avant les soldes en\" \/>\n<meta property=\"og:url\" content=\"https:\/\/www.blackfridaydeals.ch\/fr\/le-black-friday-en-france\/\" \/>\n<meta property=\"og:site_name\" content=\"blackfridaydeals.ch\" \/>\n<meta property=\"article:publisher\" content=\"https:\/\/www.facebook.com\/blackfridaydealsch\/\" \/>\n<meta property=\"article:modified_time\" content=\"2025-02-07T12:51:26+00:00\" \/>\n<meta property=\"og:image\" content=\"https:\/\/www.blackfridaydeals.ch\/wp-content\/uploads\/2019\/01\/Black-Friday-France.jpg\" \/>\n\t<meta property=\"og:image:width\" content=\"708\" \/>\n\t<meta property=\"og:image:height\" content=\"720\" \/>\n\t<meta property=\"og:image:type\" content=\"image\/jpeg\" \/>\n<meta name=\"twitter:card\" content=\"summary_large_image\" \/>\n<meta name=\"twitter:site\" content=\"@blackfridaych\" \/>\n<meta name=\"twitter:label1\" content=\"Est. reading time\" \/>\n\t<meta name=\"twitter:data1\" content=\"3 minutes\" \/>\n<script type=\"application\/ld+json\" class=\"yoast-schema-graph\">{\"@context\":\"https:\/\/schema.org\",\"@graph\":[{\"@type\":\"WebPage\",\"@id\":\"https:\/\/www.blackfridaydeals.ch\/fr\/le-black-friday-en-france\/\",\"url\":\"https:\/\/www.blackfridaydeals.ch\/fr\/le-black-friday-en-france\/\",\"name\":\"Le Black Friday en France - blackfridaydeals.ch\",\"isPartOf\":{\"@id\":\"https:\/\/www.blackfridaydeals.ch\/fr\/#website\"},\"datePublished\":\"2019-01-15T11:23:20+00:00\",\"dateModified\":\"2025-02-07T12:51:26+00:00\",\"description\":\"M\u00eame si on ne f\u00eate pas Thanksgiving, le Black Friday, cette folle journ\u00e9e qui vient tout droit des USA, est le jour des promotions avant les soldes en\",\"breadcrumb\":{\"@id\":\"https:\/\/www.blackfridaydeals.ch\/fr\/le-black-friday-en-france\/#breadcrumb\"},\"inLanguage\":\"fr-CH\",\"potentialAction\":[{\"@type\":\"ReadAction\",\"target\":[\"https:\/\/www.blackfridaydeals.ch\/fr\/le-black-friday-en-france\/\"]}]},{\"@type\":\"BreadcrumbList\",\"@id\":\"https:\/\/www.blackfridaydeals.ch\/fr\/le-black-friday-en-france\/#breadcrumb\",\"itemListElement\":[{\"@type\":\"ListItem\",\"position\":1,\"name\":\"Startseite\",\"item\":\"https:\/\/www.blackfridaydeals.ch\/fr\/\"},{\"@type\":\"ListItem\",\"position\":2,\"name\":\"Le Black Friday en France\"}]},{\"@type\":\"WebSite\",\"@id\":\"https:\/\/www.blackfridaydeals.ch\/fr\/#website\",\"url\":\"https:\/\/www.blackfridaydeals.ch\/fr\/\",\"name\":\"blackfridaydeals.ch\",\"description\":\"Toutes les offres du Black Friday 2025 en Suisse\",\"publisher\":{\"@id\":\"https:\/\/www.blackfridaydeals.ch\/fr\/#organization\"},\"alternateName\":\"Black Friday Deals\",\"potentialAction\":[{\"@type\":\"SearchAction\",\"target\":{\"@type\":\"EntryPoint\",\"urlTemplate\":\"https:\/\/www.blackfridaydeals.ch\/fr\/?s={search_term_string}\"},\"query-input\":\"required name=search_term_string\"}],\"inLanguage\":\"fr-CH\"},{\"@type\":\"Organization\",\"@id\":\"https:\/\/www.blackfridaydeals.ch\/fr\/#organization\",\"name\":\"blackfridaydeals.ch\",\"alternateName\":\"Black Friday Deals\",\"url\":\"https:\/\/www.blackfridaydeals.ch\/fr\/\",\"logo\":{\"@type\":\"ImageObject\",\"inLanguage\":\"fr-CH\",\"@id\":\"https:\/\/www.blackfridaydeals.ch\/fr\/#\/schema\/logo\/image\/\",\"url\":\"https:\/\/www.blackfridaydeals.ch\/wp-content\/uploads\/2023\/03\/app-icon-white-bg-jpg.jpg\",\"contentUrl\":\"https:\/\/www.blackfridaydeals.ch\/wp-content\/uploads\/2023\/03\/app-icon-white-bg-jpg.jpg\",\"width\":512,\"height\":512,\"caption\":\"blackfridaydeals.ch\"},\"image\":{\"@id\":\"https:\/\/www.blackfridaydeals.ch\/fr\/#\/schema\/logo\/image\/\"},\"sameAs\":[\"https:\/\/www.facebook.com\/blackfridaydealsch\/\",\"https:\/\/twitter.com\/blackfridaych\",\"https:\/\/www.youtube.com\/channel\/UCNKXHacMw8AS34mBgzVx3FQ\",\"https:\/\/www.instagram.com\/blackfridaydeals.ch\/\"]}]}<\/script>\n<!-- \/ Yoast SEO plugin. -->","yoast_head_json":{"title":"Le Black Friday en France - blackfridaydeals.ch","description":"M\u00eame si on ne f\u00eate pas Thanksgiving, le Black Friday, cette folle journ\u00e9e qui vient tout droit des USA, est le jour des promotions avant les soldes en","robots":{"index":"index","follow":"follow","max-snippet":"max-snippet:-1","max-image-preview":"max-image-preview:large","max-video-preview":"max-video-preview:-1"},"canonical":"https:\/\/www.blackfridaydeals.ch\/fr\/le-black-friday-en-france\/","og_locale":"fr_FR","og_type":"article","og_title":"Le Black Friday en France - blackfridaydeals.ch","og_description":"M\u00eame si on ne f\u00eate pas Thanksgiving, le Black Friday, cette folle journ\u00e9e qui vient tout droit des USA, est le jour des promotions avant les soldes en","og_url":"https:\/\/www.blackfridaydeals.ch\/fr\/le-black-friday-en-france\/","og_site_name":"blackfridaydeals.ch","article_publisher":"https:\/\/www.facebook.com\/blackfridaydealsch\/","article_modified_time":"2025-02-07T12:51:26+00:00","og_image":[{"width":708,"height":720,"url":"https:\/\/www.blackfridaydeals.ch\/wp-content\/uploads\/2019\/01\/Black-Friday-France.jpg","type":"image\/jpeg"}],"twitter_card":"summary_large_image","twitter_site":"@blackfridaych","twitter_misc":{"Est. reading time":"3 minutes"},"schema":{"@context":"https:\/\/schema.org","@graph":[{"@type":"WebPage","@id":"https:\/\/www.blackfridaydeals.ch\/fr\/le-black-friday-en-france\/","url":"https:\/\/www.blackfridaydeals.ch\/fr\/le-black-friday-en-france\/","name":"Le Black Friday en France - blackfridaydeals.ch","isPartOf":{"@id":"https:\/\/www.blackfridaydeals.ch\/fr\/#website"},"datePublished":"2019-01-15T11:23:20+00:00","dateModified":"2025-02-07T12:51:26+00:00","description":"M\u00eame si on ne f\u00eate pas Thanksgiving, le Black Friday, cette folle journ\u00e9e qui vient tout droit des USA, est le jour des promotions avant les soldes en","breadcrumb":{"@id":"https:\/\/www.blackfridaydeals.ch\/fr\/le-black-friday-en-france\/#breadcrumb"},"inLanguage":"fr-CH","potentialAction":[{"@type":"ReadAction","target":["https:\/\/www.blackfridaydeals.ch\/fr\/le-black-friday-en-france\/"]}]},{"@type":"BreadcrumbList","@id":"https:\/\/www.blackfridaydeals.ch\/fr\/le-black-friday-en-france\/#breadcrumb","itemListElement":[{"@type":"ListItem","position":1,"name":"Startseite","item":"https:\/\/www.blackfridaydeals.ch\/fr\/"},{"@type":"ListItem","position":2,"name":"Le Black Friday en France"}]},{"@type":"WebSite","@id":"https:\/\/www.blackfridaydeals.ch\/fr\/#website","url":"https:\/\/www.blackfridaydeals.ch\/fr\/","name":"blackfridaydeals.ch","description":"Toutes les offres du Black Friday 2025 en Suisse","publisher":{"@id":"https:\/\/www.blackfridaydeals.ch\/fr\/#organization"},"alternateName":"Black Friday Deals","potentialAction":[{"@type":"SearchAction","target":{"@type":"EntryPoint","urlTemplate":"https:\/\/www.blackfridaydeals.ch\/fr\/?s={search_term_string}"},"query-input":"required name=search_term_string"}],"inLanguage":"fr-CH"},{"@type":"Organization","@id":"https:\/\/www.blackfridaydeals.ch\/fr\/#organization","name":"blackfridaydeals.ch","alternateName":"Black Friday Deals","url":"https:\/\/www.blackfridaydeals.ch\/fr\/","logo":{"@type":"ImageObject","inLanguage":"fr-CH","@id":"https:\/\/www.blackfridaydeals.ch\/fr\/#\/schema\/logo\/image\/","url":"https:\/\/www.blackfridaydeals.ch\/wp-content\/uploads\/2023\/03\/app-icon-white-bg-jpg.jpg","contentUrl":"https:\/\/www.blackfridaydeals.ch\/wp-content\/uploads\/2023\/03\/app-icon-white-bg-jpg.jpg","width":512,"height":512,"caption":"blackfridaydeals.ch"},"image":{"@id":"https:\/\/www.blackfridaydeals.ch\/fr\/#\/schema\/logo\/image\/"},"sameAs":["https:\/\/www.facebook.com\/blackfridaydealsch\/","https:\/\/twitter.com\/blackfridaych","https:\/\/www.youtube.com\/channel\/UCNKXHacMw8AS34mBgzVx3FQ","https:\/\/www.instagram.com\/blackfridaydeals.ch\/"]}]}},"_links":{"self":[{"href":"https:\/\/www.blackfridaydeals.ch\/fr\/wp-json\/wp\/v2\/pages\/14211"}],"collection":[{"href":"https:\/\/www.blackfridaydeals.ch\/fr\/wp-json\/wp\/v2\/pages"}],"about":[{"href":"https:\/\/www.blackfridaydeals.ch\/fr\/wp-json\/wp\/v2\/types\/page"}],"author":[{"embeddable":true,"href":"https:\/\/www.blackfridaydeals.ch\/fr\/wp-json\/wp\/v2\/users\/40"}],"replies":[{"embeddable":true,"href":"https:\/\/www.blackfridaydeals.ch\/fr\/wp-json\/wp\/v2\/comments?post=14211"}],"version-history":[{"count":5,"href":"https:\/\/www.blackfridaydeals.ch\/fr\/wp-json\/wp\/v2\/pages\/14211\/revisions"}],"predecessor-version":[{"id":74584,"href":"https:\/\/www.blackfridaydeals.ch\/fr\/wp-json\/wp\/v2\/pages\/14211\/revisions\/74584"}],"wp:featuredmedia":[{"embeddable":true,"href":"https:\/\/www.blackfridaydeals.ch\/fr\/wp-json\/wp\/v2\/media\/14212"}],"wp:attachment":[{"href":"https:\/\/www.blackfridaydeals.ch\/fr\/wp-json\/wp\/v2\/media?parent=14211"}],"curies":[{"name":"wp","href":"https:\/\/api.w.org\/{rel}","templated":true}]}}